{"id":38389,"date":"2023-12-04T10:44:25","date_gmt":"2023-12-04T16:44:25","guid":{"rendered":"https:\/\/encartes.mx\/?page_id=38389"},"modified":"2023-12-05T16:15:15","modified_gmt":"2023-12-05T22:15:15","slug":"politicas-de-seccion","status":"publish","type":"page","link":"https:\/\/encartes.mx\/pt\/politicas-de-seccion\/","title":{"rendered":"Pol\u00edticas de se\u00e7\u00e3o"},"content":{"rendered":"<h1 class=\"wp-block-heading\">Pol\u00edticas de se\u00e7\u00e3o<\/h1>\n\n\n\n<p><strong>SIMP\u00d3SIOS INTERDISCIPLINARES<\/strong><\/p>\n\n\n\n<p><p style=\"text-align:justify;\">Esta \u00e9 uma se\u00e7\u00e3o de ensaios acad\u00eamicos que incentiva o debate respeitoso, por\u00e9m cr\u00edtico, sobre um t\u00f3pico espec\u00edfico solicitado pela revista. Um especialista \u00e9 convidado a publicar um artigo, ensaio te\u00f3rico ou metodol\u00f3gico que ser\u00e1 central para o dossi\u00ea. Um n\u00famero de quatro a seis especialistas de diferentes disciplinas ou perspectivas regionais sobre o tema \u00e9 convidado a comentar, discutir, debater ou ampliar o ensaio do autor principal. A se\u00e7\u00e3o Col\u00f3quios Interdisciplinares prop\u00f5e uma nova forma de avalia\u00e7\u00e3o e revis\u00e3o por pares, com discuss\u00e3o e debate acad\u00eamico p\u00fablico (n\u00e3o cego) para o ensaio principal e arbitragem duplamente cega para os textos de coment\u00e1rios. Os Colloquia s\u00e3o dossi\u00eas centrais e s\u00e3o publicados alternadamente com os Anthropological Themes.<\/p><\/p>\n\n\n\n<p>&nbsp; - Revisado por pares<\/p>\n\n\n\n<p>&nbsp; - Dispon\u00edvel no&nbsp;<a href=\"https:\/\/encartes.mx\/pt\/\">Inser\u00e7\u00f5es do WordPress<\/a><\/p>\n\n\n\n<p>&nbsp; - Dispon\u00edvel no&nbsp;<a href=\"https:\/\/revista.encartes.mx\/index.php\/encartes\/about\">Sistemas de inser\u00e7\u00f5es de peri\u00f3dicos abertos<\/a><\/p>\n\n\n\n<ul class=\"wp-block-list\"><li>A reda\u00e7\u00e3o principal n\u00e3o deve exceder 54.000 caracteres com espa\u00e7os e deve conter:<ol><li>t\u00edtulo em ingl\u00eas e espanhol;<\/li><li>resumo em ingl\u00eas e espanhol que n\u00e3o exceda 800 caracteres com espa\u00e7os;<\/li><li>m\u00ednimo de cinco palavras-chave em ingl\u00eas e espanhol;<\/li><li>notas, cita\u00e7\u00f5es, tabelas, gr\u00e1ficos e refer\u00eancias bibliogr\u00e1ficas que atendam aos requisitos da revista.<\/li><\/ol><\/li><\/ul>\n\n\n\n<ul class=\"wp-block-list\"><li>As reda\u00e7\u00f5es dos coment\u00e1rios n\u00e3o devem exceder 54.000 caracteres com espa\u00e7os e devem conter:<ol><li>t\u00edtulo em ingl\u00eas e espanhol;<\/li><li>notas, cita\u00e7\u00f5es, tabelas, gr\u00e1ficos e refer\u00eancias bibliogr\u00e1ficas que atendam aos requisitos da revista.<\/li><\/ol><\/li><\/ul>\n\n\n\n<ul class=\"wp-block-list\"><li>Todos os textos devem ser enviados em Times New Roman, 12 pontos, espa\u00e7o duplo.<\/li><li>A submiss\u00e3o consistir\u00e1 em dois arquivos com o manuscrito do texto ou produto a ser publicado: 1) um com os dados do autor, incluindo: nome do autor, institui\u00e7\u00e3o em que colabora, breve biografia (biodata de no m\u00e1ximo 10 linhas), endere\u00e7o, telefone, e-mail do autor e n\u00famero ORCID (caso n\u00e3o o tenha, registre-se no seguinte link: https:\/\/orcid.org\/signin). No caso de coautoria, os detalhes de todos os autores devem ser enviados; 2) outro an\u00f4nimo: sem o nome ou refer\u00eancia espec\u00edfica do(s) autor(es), e evitando a cita\u00e7\u00e3o ou refer\u00eancias a trabalhos de sua autoria, de modo que os autores n\u00e3o sejam reconhec\u00edveis para a revis\u00e3o por pares duplo-cega.<\/li><\/ul>\n\n\n\n<p><strong>T\u00d3PICOS<\/strong><\/p>\n\n\n\n<p>\u00c9 uma se\u00e7\u00e3o tem\u00e1tica coordenada por um respons\u00e1vel acad\u00eamico e ser\u00e1 publicada em altern\u00e2ncia com os Col\u00f3quios Interdisciplinares. Consistir\u00e1 de quatro a seis artigos, no m\u00e1ximo, escritos por especialistas no assunto espec\u00edfico da edi\u00e7\u00e3o. Todos os artigos ser\u00e3o submetidos a uma avalia\u00e7\u00e3o duplo-cega.<\/p>\n\n\n\n<p>&nbsp; - Revisado por pares<\/p>\n\n\n\n<p>&nbsp; - Dispon\u00edvel no&nbsp;<a href=\"https:\/\/encartes.mx\/pt\/\">Inser\u00e7\u00f5es do WordPress<\/a><\/p>\n\n\n\n<p>&nbsp; - Dispon\u00edvel no&nbsp;<a href=\"https:\/\/revista.encartes.mx\/index.php\/encartes\/about\">Sistemas de inser\u00e7\u00f5es de peri\u00f3dicos abertos<\/a><\/p>\n\n\n\n<ul class=\"wp-block-list\"><li>Todos os itens dessa se\u00e7\u00e3o devem ter:<ol><li>T\u00edtulo em ingl\u00eas e espanhol;<\/li><li>Um resumo, com no m\u00e1ximo 800 caracteres com espa\u00e7os, descrevendo a proposta central, a metodologia de pesquisa utilizada e os argumentos centrais do artigo;<\/li><li>Palavras-chave em ingl\u00eas e espanhol (no m\u00ednimo cinco);<\/li><li>Notas, cita\u00e7\u00f5es, tabelas, gr\u00e1ficos e refer\u00eancias bibliogr\u00e1ficas que atendam aos requisitos da revista.<\/li><\/ol><\/li><\/ul>\n\n\n\n<ul class=\"wp-block-list\"><li>Os artigos n\u00e3o devem exceder 54.000 caracteres com espa\u00e7os e devem ser enviados em Times New Roman 12 pontos com espa\u00e7amento duplo.<\/li><li>A submiss\u00e3o consistir\u00e1 em dois arquivos do texto ou produto a ser publicado: 1) um com os detalhes do autor, incluindo: nome do autor, institui\u00e7\u00e3o em que colabora, breve esbo\u00e7o biogr\u00e1fico (biografia de no m\u00e1ximo 10 linhas), endere\u00e7o, n\u00famero de telefone, endere\u00e7o de e-mail do autor e n\u00famero ORCID (caso n\u00e3o o tenha, registre-se no seguinte link: https:\/\/orcid.org\/signin). No caso de coautoria, os detalhes de todos os autores devem ser enviados; 2) outro an\u00f4nimo: sem o nome ou refer\u00eancia espec\u00edfica do(s) autor(es), e evitando a cita\u00e7\u00e3o ou refer\u00eancias a trabalhos de sua autoria, de modo que os autores n\u00e3o sejam reconhec\u00edveis para a revis\u00e3o por pares duplo-cega.<\/li><\/ul>\n\n\n\n<p><strong>REALIDADES SOCIOCULTURAIS<\/strong><\/p>\n\n\n\n<p>Esta \u00e9 uma se\u00e7\u00e3o que inclui artigos originais n\u00e3o associados a um tema central. Seu conte\u00fado \u00e9 diverso e independente das propostas tem\u00e1ticas e dos col\u00f3quios. Todos os trabalhos ser\u00e3o submetidos a uma avalia\u00e7\u00e3o duplo-cega.<\/p>\n\n\n\n<p>&nbsp; - Revisado por pares<\/p>\n\n\n\n<p>&nbsp; - Dispon\u00edvel no&nbsp;<a href=\"https:\/\/encartes.mx\/pt\/\">Inser\u00e7\u00f5es do WordPress<\/a><\/p>\n\n\n\n<p>&nbsp; - Dispon\u00edvel no&nbsp;<a href=\"https:\/\/revista.encartes.mx\/index.php\/encartes\/about\">Sistemas de inser\u00e7\u00f5es de peri\u00f3dicos abertos<\/a><\/p>\n\n\n\n<ul class=\"wp-block-list\"><li>Os artigos desta se\u00e7\u00e3o devem conter:<ol><li>T\u00edtulo em ingl\u00eas e espanhol;<\/li><li>Resumo em ingl\u00eas e espanhol, n\u00e3o excedendo 800 caracteres com espa\u00e7os, descrevendo a proposta central, a metodologia de pesquisa utilizada e os argumentos centrais do artigo;<\/li><li>Palavras-chave em ingl\u00eas e espanhol (no m\u00ednimo cinco);<\/li><li>Notas, cita\u00e7\u00f5es, tabelas, gr\u00e1ficos e refer\u00eancias bibliogr\u00e1ficas que atendam aos requisitos da revista.<\/li><\/ol><\/li><\/ul>\n\n\n\n<ul class=\"wp-block-list\"><li>Os artigos n\u00e3o devem exceder 54.000 caracteres com espa\u00e7os e devem ser enviados em Times New Roman 12 pontos com espa\u00e7amento duplo.<\/li><li>A submiss\u00e3o consistir\u00e1 em dois arquivos do texto ou produto a ser publicado: 1) um com os detalhes do autor, incluindo: nome do autor, institui\u00e7\u00e3o em que colabora, breve esbo\u00e7o biogr\u00e1fico (biografia de no m\u00e1ximo 10 linhas), endere\u00e7o, n\u00famero de telefone, endere\u00e7o de e-mail do autor e n\u00famero ORCID (caso n\u00e3o o tenha, registre-se no seguinte link: https:\/\/orcid.org\/signin). No caso de coautoria, os detalhes de todos os autores devem ser enviados; 2) outro an\u00f4nimo: sem o nome ou refer\u00eancia espec\u00edfica do(s) autor(es), e evitando a cita\u00e7\u00e3o ou refer\u00eancias a trabalhos de sua autoria, de modo que os autores n\u00e3o sejam reconhec\u00edveis para a revis\u00e3o por pares duplo-cega.<\/li><\/ul>\n\n\n\n<p><strong>INSER\u00c7\u00d5ES MULTIM\u00cdDIA<\/strong><\/p>\n\n\n\n<p>Esta se\u00e7\u00e3o solicita a publica\u00e7\u00e3o de diferentes produtos de pesquisa em ci\u00eancias socioculturais em formatos multim\u00eddia. S\u00e3o aceitos: document\u00e1rios em formato audiovisual, ensaios fotogr\u00e1ficos, podcasts de resultados de pesquisa, registros audiovisuais de performances e mapas ou linhas do tempo digitais interativas. As inscri\u00e7\u00f5es devem ser compostas por duas partes: um manuscrito que contextualize o produto em um projeto de pesquisa acad\u00eamica e a produ\u00e7\u00e3o multim\u00eddia editada.<\/p>\n\n\n\n<p>Todos os produtos multim\u00eddia aceitos para publica\u00e7\u00e3o exigir\u00e3o uma carta assinada de cess\u00e3o de direitos para que o documento seja publicado pela pr\u00f3pria m\u00eddia da revista (site, flickr, Youtube etc.).<\/p>\n\n\n\n<p>Todos os trabalhos recebidos ser\u00e3o submetidos a uma avalia\u00e7\u00e3o duplo-cega. Portanto, os materiais ser\u00e3o enviados em duas vers\u00f5es, uma com os cr\u00e9ditos completos (para publica\u00e7\u00e3o futura) e outra sem o nome ou refer\u00eancia espec\u00edfica do(s) autor(es). O material ser\u00e1 revisado pela Equipe de Coordena\u00e7\u00e3o Editorial, que verificar\u00e1 se ele est\u00e1 de acordo com os requisitos.<\/p>\n\n\n\n<p><strong>Manuscrito<\/strong><\/p>\n\n\n\n<p>Todos os produtos multim\u00eddia desta se\u00e7\u00e3o ser\u00e3o acompanhados de um manuscrito no qual \u00e9 desenvolvida a contextualiza\u00e7\u00e3o da pesquisa em que foi realizada, descrevendo seus aspectos formais: t\u00edtulo, resumo, palavras-chave, objetivos, justificativa, desenvolvimento te\u00f3rico, metodologia e uma descri\u00e7\u00e3o de sua implementa\u00e7\u00e3o e an\u00e1lise.<\/p>\n\n\n\n<p>O tamanho do manuscrito deve ter entre 20.000 e 25.000 caracteres com espa\u00e7o (Times New Roman 12, espa\u00e7o duplo). Esse texto deve atender aos requisitos da revista em termos de notas, cita\u00e7\u00f5es, tabelas, gr\u00e1ficos e refer\u00eancias bibliogr\u00e1ficas.<\/p>\n\n\n\n<p>No caso de document\u00e1rios, podcasts e registros audiovisuais de apresenta\u00e7\u00f5es, o manuscrito tamb\u00e9m deve incluir uma ficha t\u00e9cnica com as seguintes informa\u00e7\u00f5es:<\/p>\n\n\n\n<p>Os nomes dos diretores e da equipe principal de produ\u00e7\u00e3o, os anos de produ\u00e7\u00e3o, o formato e a dura\u00e7\u00e3o do material.<\/p>\n\n\n\n<p>O link em que o filme em v\u00eddeo, ensaio fotogr\u00e1fico ou \u00e1udio est\u00e1 hospedado no YouTube, Vimeo, Google Drive ou outro servi\u00e7o de armazenamento on-line que permita acesso \u00e0 Equipe de Coordena\u00e7\u00e3o Editorial.<\/p>\n\n\n\n<ul class=\"wp-block-list\"><li>Dispon\u00edvel no&nbsp;<a href=\"https:\/\/encartes.mx\/pt\/\">Inser\u00e7\u00f5es do WordPress<\/a><\/li><li>Dispon\u00edvel no&nbsp;<a href=\"https:\/\/revista.encartes.mx\/index.php\/encartes\/about\">Sistemas de inser\u00e7\u00f5es de peri\u00f3dicos abertos<\/a><\/li><\/ul>\n\n\n\n<p><strong>Modalidades de produtos multim\u00eddia<\/strong><\/p>\n\n\n\n<p><em>Document\u00e1rios e registros audiovisuais de apresenta\u00e7\u00f5es<\/em><\/p>\n\n\n\n<p>Os document\u00e1rios devem ser enviados editados em formato audiovisual. Eles podem ser hist\u00f3ricos, tem\u00e1ticos ou etnogr\u00e1ficos. Devem ter dura\u00e7\u00e3o m\u00e1xima de 40 minutos e estar nos seguintes formatos: MPEG2 ou 4, AVI, MOV ou MP4. A resolu\u00e7\u00e3o deve ser de pelo menos 1280 x 720. Devem ser hospedados no YouTube, Vimeo, Google Drive ou outro servi\u00e7o de armazenamento on-line que permita acesso \u00e0 Equipe de Coordena\u00e7\u00e3o Editorial.<\/p>\n\n\n\n<p><em>Ensaios fotogr\u00e1ficos<\/em><\/p>\n\n\n\n<p>Os ensaios fotogr\u00e1ficos devem ter entre 20 e 50 fotografias com uma resolu\u00e7\u00e3o de 300 dpi. Eles ser\u00e3o entregues como slides com t\u00edtulo e cr\u00e9ditos (<a href=\"https:\/\/docs.google.com\/presentation\/d\/1EOQlALAtG5cY4ZSCqOYTzXqhOZRiBRaE\/edit?usp=sharing&amp;ouid=106848474054859662979&amp;rtpof=true&amp;sd=true\">Fa\u00e7a o download do modelo de slide aqui<\/a>). Cada fotografia ou s\u00e9rie de fotografias deve ser acompanhada de uma ficha t\u00e9cnica que inclua: autor, local, data, situa\u00e7\u00e3o e atores. As legendas podem incluir legendas, trechos do di\u00e1rio de campo, cita\u00e7\u00f5es de entrevistas ou qualquer outro texto que complemente o sentido cultural ou forne\u00e7a mais informa\u00e7\u00f5es sobre o que as fotografias mostram.<\/p>\n\n\n\n<p><em>Podcasts<\/em><\/p>\n\n\n\n<p>O podcasting \u00e9 atualmente a produ\u00e7\u00e3o sonora mais popular em plataformas digitais e oferece uma excelente maneira de registrar os resultados de pesquisas de forma f\u00e1cil e agrad\u00e1vel, sem perder o rigor cient\u00edfico. Ele permite a inser\u00e7\u00e3o de uma introdu\u00e7\u00e3o com os objetivos e a metodologia utilizada e at\u00e9 mesmo o di\u00e1logo com propostas te\u00f3ricas com a voz do autor, acrescentando uma sele\u00e7\u00e3o de entrevistas com o material de campo oral que foi gravado ou criando ambientes sonoros com grava\u00e7\u00f5es que permitem contextualizar as descri\u00e7\u00f5es narradas. Por fim, como qualquer artigo, pode ser intercalado com interpreta\u00e7\u00e3o e an\u00e1lise acad\u00eamica e at\u00e9 mesmo inserir uma conclus\u00e3o com a voz do pesquisador. O formato de podcast acad\u00eamico possibilitar\u00e1 a recupera\u00e7\u00e3o e a transmiss\u00e3o da oralidade da pesquisa. Epis\u00f3dios de cerca de meia hora ou s\u00e9ries de \u00e1udio mais curtas com cap\u00edtulos em torno de um tema s\u00e3o aceit\u00e1veis. O arquivo de \u00e1udio deve ter qualidade de \u00e1udio e estar hospedado no Google Drive ou em outro servi\u00e7o de armazenamento on-line acess\u00edvel \u00e0 Equipe de Coordena\u00e7\u00e3o Editorial.<\/p>\n\n\n\n<ul class=\"wp-block-list\"><li>Qualquer document\u00e1rio audiovisual, galeria fotogr\u00e1fica ou testemunho em \u00e1udio, mapa interativo, etc. nesta se\u00e7\u00e3o ser\u00e1 acompanhado por um texto de&nbsp;<strong>contextualiza\u00e7\u00e3o da pesquisa<\/strong>(na forma de um protocolo de pesquisa) de 20.000 a 25.000 caracteres com espa\u00e7o (Times New Roman, 12 pontos, espa\u00e7o duplo). Esse texto deve estar de acordo com as exig\u00eancias da revista em termos de notas, cita\u00e7\u00f5es, tabelas, gr\u00e1ficos e refer\u00eancias bibliogr\u00e1ficas.<\/li><li>A submiss\u00e3o incluir\u00e1 dois arquivos do manuscrito ou produto a ser publicado: 1) um com os dados do autor, incluindo: nome do autor, institui\u00e7\u00e3o em que colabora, breve biografia (biografia de no m\u00e1ximo 10 linhas), endere\u00e7o, telefone, e-mail do autor e n\u00famero ORCID (caso n\u00e3o o tenha, registre-se no seguinte link: https:\/\/orcid.org\/signin). No caso de coautoria, os detalhes de todos os autores devem ser enviados; 2) outro an\u00f4nimo: sem o nome ou refer\u00eancia espec\u00edfica do(s) autor(es), e evitando a cita\u00e7\u00e3o ou refer\u00eancias a trabalhos de sua autoria, de modo que os autores n\u00e3o sejam reconhec\u00edveis para a revis\u00e3o por pares duplo-cega.<\/li><li>Em todos os casos em que os materiais audiovisuais ou gr\u00e1ficos forem referenciados positivamente, a assinatura de um&nbsp;<strong>carta de cess\u00e3o de direitos<\/strong>para que o documento seja publicado pela pr\u00f3pria m\u00eddia da revista (site, flickr, vimeo, etc.).<\/li><li>Os materiais ser\u00e3o enviados em duas vers\u00f5es, uma com os cr\u00e9ditos completos (para publica\u00e7\u00e3o futura) e outra sem o nome ou a refer\u00eancia espec\u00edfica do(s) autor(es). O material ser\u00e1 entregue ao editor da se\u00e7\u00e3o, que verificar\u00e1 se ele atende aos requisitos. Em seguida, ele ser\u00e1 repassado para o&nbsp;<strong>Equipe de Coordena\u00e7\u00e3o Editorial<\/strong>.<\/li><li>O&nbsp;<strong>etnografias visuais\/relat\u00f3rios multim\u00eddia<\/strong>deve ter dura\u00e7\u00e3o m\u00e1xima de 30 minutos e estar nos seguintes formatos: .MPEG2 ou 4, .AVI, .MOV ou .MP4. A resolu\u00e7\u00e3o deve ser de pelo menos 1280 x 720. A contextualiza\u00e7\u00e3o deve incluir:<ol><li>O&nbsp;<strong>Detalhes t\u00e9cnicos<\/strong>&nbsp;O v\u00eddeo completo, incluindo os nomes dos diretores e da equipe principal de produ\u00e7\u00e3o, os anos de produ\u00e7\u00e3o, o formato e a dura\u00e7\u00e3o do material. O arquivo t\u00e9cnico n\u00e3o ser\u00e1 inclu\u00eddo na contagem de palavras;<\/li><li>O&nbsp;<strong>link para o filme de v\u00eddeo<\/strong>&nbsp;no Youtube ou no Vimeo.<\/li><\/ol><\/li><\/ul>\n\n\n\n<ul class=\"wp-block-list\"><li>O\u00a0<strong>ensaios fotogr\u00e1ficos<\/strong>devem ter entre 20 e 50 fotografias com resolu\u00e7\u00e3o de 300 dpi acompanhadas de fichas t\u00e9cnicas (autor, local, data, situa\u00e7\u00e3o e atores). As respectivas legendas devem incluir os t\u00edtulos das fotos e trechos do di\u00e1rio de campo, cita\u00e7\u00f5es de entrevistas ou qualquer outro\u00a0<strong>texto que pode direcionar a leitura da imagem<\/strong>\u00a0no sentido em que o autor deseja conduzi-lo.<\/li><li>O\u00a0<strong>grava\u00e7\u00f5es audiovisuais de apresenta\u00e7\u00f5es<\/strong>independentemente de sua dura\u00e7\u00e3o, devem incluir em sua contextualiza\u00e7\u00e3o:<ol><li>O\u00a0<strong>Detalhes t\u00e9cnicos<\/strong>\u00a0O v\u00eddeo completo, incluindo os nomes dos diretores e da equipe principal de produ\u00e7\u00e3o, os anos de produ\u00e7\u00e3o, o formato e a dura\u00e7\u00e3o do material. O arquivo t\u00e9cnico n\u00e3o ser\u00e1 inclu\u00eddo na contagem de palavras;<\/li><li>O\u00a0<strong>link para o viodeofilme<\/strong>\u00a0no Youtube ou no Vimeo.<\/li><\/ol><\/li><\/ul>\n\n\n\n<ul class=\"wp-block-list\"><li>O&nbsp;<strong>hist\u00f3rias de vida, poesia e arquivos orais<\/strong>devem incluir em sua contextualiza\u00e7\u00e3o um&nbsp;<strong>Detalhes t\u00e9cnicos&nbsp;<\/strong>indicando o t\u00edtulo do trabalho, o nome do autor, o local e a hora do registro. A ficha t\u00e9cnica n\u00e3o ser\u00e1 inclu\u00edda na contagem de caracteres.<\/li><\/ul>\n\n\n\n<p><strong>ENTREVISTAS<\/strong><\/p>\n\n\n\n<p>Esta se\u00e7\u00e3o \u00e9 composta por entrevistas com pesquisadores e atores sociais que, na opini\u00e3o da equipe de coordena\u00e7\u00e3o editorial, s\u00e3o de interesse da comunidade acad\u00eamica. A publica\u00e7\u00e3o desta se\u00e7\u00e3o ser\u00e1 ocasional. A extens\u00e3o das entrevistas escritas deve ser de no m\u00ednimo 5 p\u00e1ginas e no m\u00e1ximo 10. Se forem entrevistas em v\u00eddeo, devem ter entre 20 e 30 minutos de dura\u00e7\u00e3o. Todas as entrevistas devem ser acompanhadas de um texto que apresente o hist\u00f3rico acad\u00eamico ou social do entrevistado que seja relevante para o estudo ou a compreens\u00e3o de um t\u00f3pico espec\u00edfico. No caso de entrevistas multim\u00eddia, o arquivo t\u00e9cnico do envio deve ser inclu\u00eddo.<\/p>\n\n\n\n<ul class=\"wp-block-list\"><li>Dispon\u00edvel no&nbsp;<a href=\"https:\/\/encartes.mx\/pt\/\">Inser\u00e7\u00f5es do WordPress<\/a><\/li><li>A submiss\u00e3o consistir\u00e1 em dois arquivos do texto ou produto a ser publicado: 1) um com os detalhes do autor, incluindo: nome do autor, institui\u00e7\u00e3o em que colabora, breve esbo\u00e7o biogr\u00e1fico (biografia de no m\u00e1ximo 10 linhas), endere\u00e7o, n\u00famero de telefone, endere\u00e7o de e-mail do autor e n\u00famero ORCID (caso n\u00e3o o tenha, registre-se no seguinte link: https:\/\/orcid.org\/signin). No caso de coautoria, os detalhes de todos os autores devem ser enviados; 2) outro an\u00f4nimo: sem o nome ou refer\u00eancia espec\u00edfica do(s) autor(es), e evitando a cita\u00e7\u00e3o ou refer\u00eancias a trabalhos de sua autoria, de modo que os autores n\u00e3o sejam reconhec\u00edveis para a revis\u00e3o por pares duplo-cega.<\/li><\/ul>\n\n\n\n<p><strong>DISCREP\u00c2NCIA<\/strong><\/p>\n\n\n\n<p>Nesta se\u00e7\u00e3o de publica\u00e7\u00e3o ocasional, a Equipe de Coordena\u00e7\u00e3o Editorial propor\u00e1 um tema de debate atual e de interesse p\u00fablico, em torno do qual os principais acad\u00eamicos especializados no assunto ser\u00e3o convidados a responder a uma s\u00e9rie de perguntas que lhes permitir\u00e3o expor sua posi\u00e7\u00e3o sobre situa\u00e7\u00f5es e realidades atuais que s\u00e3o centrais para as reflex\u00f5es, debates e posi\u00e7\u00f5es assumidas por antrop\u00f3logos e cientistas sociais. Essa se\u00e7\u00e3o consistir\u00e1 em:<\/p>\n\n\n\n<ul class=\"wp-block-list\"><li>Uma introdu\u00e7\u00e3o ao t\u00f3pico escrita por um membro da Equipe ou por um pesquisador convidado;<\/li><li>Perguntas para convocar o debate;<\/li><li>As respostas dos acad\u00eamicos convidados est\u00e3o em um espa\u00e7o curto - cerca de meia p\u00e1gina para cada um deles.<\/li><li>Eventualmente, respostas ou coment\u00e1rios que os leitores trazem para o debate.<\/li><li>Dispon\u00edvel no&nbsp;<a href=\"https:\/\/encartes.mx\/pt\/\">Inser\u00e7\u00f5es do WordPress<\/a><\/li><li>A submiss\u00e3o consistir\u00e1 em dois arquivos do texto ou produto a ser publicado: 1) um com os detalhes do autor, incluindo: nome do autor, institui\u00e7\u00e3o em que colabora, breve esbo\u00e7o biogr\u00e1fico (biografia de no m\u00e1ximo 10 linhas), endere\u00e7o, n\u00famero de telefone, endere\u00e7o de e-mail do autor e n\u00famero ORCID (caso n\u00e3o o tenha, registre-se no seguinte link: https:\/\/orcid.org\/signin). No caso de coautoria, os detalhes de todos os autores devem ser enviados; 2) outro an\u00f4nimo: sem o nome ou refer\u00eancia espec\u00edfica do(s) autor(es), e evitando a cita\u00e7\u00e3o ou refer\u00eancias a trabalhos de sua autoria, de modo que os autores n\u00e3o sejam reconhec\u00edveis para a revis\u00e3o por pares duplo-cega.<\/li><\/ul>\n\n\n\n<p><strong>RESENHAS CR\u00cdTICAS<\/strong><\/p>\n\n\n\n<p>Esta se\u00e7\u00e3o inclui ensaios curtos e cr\u00edticos de interesse para as ci\u00eancias sociais e resenhas de obras completas de um autor ou de uma corrente relevante para a revista, bem como resenhas de livros, artigos, v\u00eddeos etnogr\u00e1ficos, filmes antropol\u00f3gicos, exposi\u00e7\u00f5es de arte, teses de p\u00f3s-gradua\u00e7\u00e3o e performances. N\u00e3o ser\u00e3o aceitas resenhas de livros publicados h\u00e1 mais de dois anos.<\/p>\n\n\n\n<ul class=\"wp-block-list\"><li>As resenhas devem incluir o registro bibliogr\u00e1fico completo e a imagem da capa da publica\u00e7\u00e3o resenhada em formato JPG ou TIFF, com resolu\u00e7\u00e3o m\u00ednima de 300 dpi.<\/li><li>Os artigos n\u00e3o devem exceder 20.000 caracteres com espa\u00e7os e devem ser enviados em Times New Roman 12 pontos com espa\u00e7amento duplo.<\/li><li>Dispon\u00edvel no&nbsp;<a href=\"https:\/\/encartes.mx\/pt\/\">Inser\u00e7\u00f5es do WordPress<\/a><\/li><li>A submiss\u00e3o consistir\u00e1 em dois arquivos do texto ou produto a ser publicado: 1) um com os detalhes do autor, incluindo: nome do autor, institui\u00e7\u00e3o em que colabora, breve esbo\u00e7o biogr\u00e1fico (biografia de no m\u00e1ximo 10 linhas), endere\u00e7o, n\u00famero de telefone, endere\u00e7o de e-mail do autor e n\u00famero ORCID (caso n\u00e3o o tenha, registre-se no seguinte link: https:\/\/orcid.org\/signin). No caso de coautoria, os detalhes de todos os autores devem ser enviados; 2) outro an\u00f4nimo: sem o nome ou refer\u00eancia espec\u00edfica do(s) autor(es), e evitando a cita\u00e7\u00e3o ou refer\u00eancias a trabalhos de sua autoria, de modo que os autores n\u00e3o sejam reconhec\u00edveis para a revis\u00e3o por pares duplo-cega.<\/li><\/ul>","protected":false},"excerpt":{"rendered":"<p>Pol\u00edticas de secci\u00f3n COLOQUIOS INTERDISCIPLINARIOS Es una secci\u00f3n de ensayos acad\u00e9micos que propicia el debate respetuoso pero cr\u00edtico en torno a un tema espec\u00edfico convocado por la revista. Se invita a un especialista a publicar un art\u00edculo, ensayo te\u00f3rico o metodol\u00f3gico que ser\u00e1 central del dossier. Se invita a un n\u00famero de entre cuatro y [&hellip;]<\/p>\n","protected":false},"author":10,"featured_media":0,"parent":0,"menu_order":0,"comment_status":"closed","ping_status":"closed","template":"","meta":{"_acf_changed":false,"footnotes":""},"coauthors":[1175],"class_list":["post-38389","page","type-page","status-publish","hentry"],"acf":[],"yoast_head":"<!-- This site is optimized with the Yoast SEO plugin v22.2 - https:\/\/yoast.com\/wordpress\/plugins\/seo\/ -->\n<title>Pol\u00edticas de secci\u00f3n &#8211; Encartes<\/title>\n<meta name=\"robots\" content=\"index, follow, max-snippet:-1, max-image-preview:large, max-video-preview:-1\" \/>\n<link rel=\"canonical\" href=\"https:\/\/encartes.mx\/pt\/politicas-de-seccion\/\" \/>\n<meta property=\"og:locale\" content=\"pt_BR\" \/>\n<meta property=\"og:type\" content=\"article\" \/>\n<meta property=\"og:title\" content=\"Pol\u00edticas de secci\u00f3n &#8211; Encartes\" \/>\n<meta property=\"og:description\" content=\"Pol\u00edticas de secci\u00f3n COLOQUIOS INTERDISCIPLINARIOS Es una secci\u00f3n de ensayos acad\u00e9micos que propicia el debate respetuoso pero cr\u00edtico en torno a un tema espec\u00edfico convocado por la revista. Se invita a un especialista a publicar un art\u00edculo, ensayo te\u00f3rico o metodol\u00f3gico que ser\u00e1 central del dossier. Se invita a un n\u00famero de entre cuatro y [&hellip;]\" \/>\n<meta property=\"og:url\" content=\"https:\/\/encartes.mx\/pt\/politicas-de-seccion\/\" \/>\n<meta property=\"og:site_name\" content=\"Encartes\" \/>\n<meta property=\"article:modified_time\" content=\"2023-12-05T22:15:15+00:00\" \/>\n<meta name=\"twitter:card\" content=\"summary_large_image\" \/>\n<meta name=\"twitter:label1\" content=\"Est. tempo de leitura\" \/>\n\t<meta name=\"twitter:data1\" content=\"13 minutos\" \/>\n\t<meta name=\"twitter:label2\" content=\"Written by\" \/>\n\t<meta name=\"twitter:data2\" content=\"escire\" \/>\n<script type=\"application\/ld+json\" class=\"yoast-schema-graph\">{\"@context\":\"https:\/\/schema.org\",\"@graph\":[{\"@type\":\"WebPage\",\"@id\":\"https:\/\/encartes.mx\/politicas-de-seccion\/\",\"url\":\"https:\/\/encartes.mx\/politicas-de-seccion\/\",\"name\":\"Pol\u00edticas de secci\u00f3n &#8211; Encartes\",\"isPartOf\":{\"@id\":\"https:\/\/encartes.mx\/#website\"},\"datePublished\":\"2023-12-04T16:44:25+00:00\",\"dateModified\":\"2023-12-05T22:15:15+00:00\",\"breadcrumb\":{\"@id\":\"https:\/\/encartes.mx\/politicas-de-seccion\/#breadcrumb\"},\"inLanguage\":\"pt-BR\",\"potentialAction\":[{\"@type\":\"ReadAction\",\"target\":[\"https:\/\/encartes.mx\/politicas-de-seccion\/\"]}]},{\"@type\":\"BreadcrumbList\",\"@id\":\"https:\/\/encartes.mx\/politicas-de-seccion\/#breadcrumb\",\"itemListElement\":[{\"@type\":\"ListItem\",\"position\":1,\"name\":\"Home\",\"item\":\"https:\/\/encartes.mx\/\"},{\"@type\":\"ListItem\",\"position\":2,\"name\":\"Pol\u00edticas de secci\u00f3n\"}]},{\"@type\":\"WebSite\",\"@id\":\"https:\/\/encartes.mx\/#website\",\"url\":\"https:\/\/encartes.mx\/\",\"name\":\"Encartes\",\"description\":\"Revista digital multimedia\",\"publisher\":{\"@id\":\"https:\/\/encartes.mx\/#organization\"},\"potentialAction\":[{\"@type\":\"SearchAction\",\"target\":{\"@type\":\"EntryPoint\",\"urlTemplate\":\"https:\/\/encartes.mx\/?s={search_term_string}\"},\"query-input\":\"required name=search_term_string\"}],\"inLanguage\":\"pt-BR\"},{\"@type\":\"Organization\",\"@id\":\"https:\/\/encartes.mx\/#organization\",\"name\":\"Encartes Antropol\u00f3gicos\",\"url\":\"https:\/\/encartes.mx\/\",\"logo\":{\"@type\":\"ImageObject\",\"inLanguage\":\"pt-BR\",\"@id\":\"https:\/\/encartes.mx\/#\/schema\/logo\/image\/\",\"url\":\"https:\/\/encartes.mx\/wp-content\/uploads\/2017\/04\/Logo-04.png\",\"contentUrl\":\"https:\/\/encartes.mx\/wp-content\/uploads\/2017\/04\/Logo-04.png\",\"width\":338,\"height\":306,\"caption\":\"Encartes Antropol\u00f3gicos\"},\"image\":{\"@id\":\"https:\/\/encartes.mx\/#\/schema\/logo\/image\/\"}}]}<\/script>\n<!-- \/ Yoast SEO plugin. -->","yoast_head_json":{"title":"Pol\u00edticas de secci\u00f3n &#8211; Encartes","robots":{"index":"index","follow":"follow","max-snippet":"max-snippet:-1","max-image-preview":"max-image-preview:large","max-video-preview":"max-video-preview:-1"},"canonical":"https:\/\/encartes.mx\/pt\/politicas-de-seccion\/","og_locale":"pt_BR","og_type":"article","og_title":"Pol\u00edticas de secci\u00f3n &#8211; Encartes","og_description":"Pol\u00edticas de secci\u00f3n COLOQUIOS INTERDISCIPLINARIOS Es una secci\u00f3n de ensayos acad\u00e9micos que propicia el debate respetuoso pero cr\u00edtico en torno a un tema espec\u00edfico convocado por la revista. Se invita a un especialista a publicar un art\u00edculo, ensayo te\u00f3rico o metodol\u00f3gico que ser\u00e1 central del dossier. Se invita a un n\u00famero de entre cuatro y [&hellip;]","og_url":"https:\/\/encartes.mx\/pt\/politicas-de-seccion\/","og_site_name":"Encartes","article_modified_time":"2023-12-05T22:15:15+00:00","twitter_card":"summary_large_image","twitter_misc":{"Est. tempo de leitura":"13 minutos","Written by":"escire"},"schema":{"@context":"https:\/\/schema.org","@graph":[{"@type":"WebPage","@id":"https:\/\/encartes.mx\/politicas-de-seccion\/","url":"https:\/\/encartes.mx\/politicas-de-seccion\/","name":"Pol\u00edticas de secci\u00f3n &#8211; Encartes","isPartOf":{"@id":"https:\/\/encartes.mx\/#website"},"datePublished":"2023-12-04T16:44:25+00:00","dateModified":"2023-12-05T22:15:15+00:00","breadcrumb":{"@id":"https:\/\/encartes.mx\/politicas-de-seccion\/#breadcrumb"},"inLanguage":"pt-BR","potentialAction":[{"@type":"ReadAction","target":["https:\/\/encartes.mx\/politicas-de-seccion\/"]}]},{"@type":"BreadcrumbList","@id":"https:\/\/encartes.mx\/politicas-de-seccion\/#breadcrumb","itemListElement":[{"@type":"ListItem","position":1,"name":"Home","item":"https:\/\/encartes.mx\/"},{"@type":"ListItem","position":2,"name":"Pol\u00edticas de secci\u00f3n"}]},{"@type":"WebSite","@id":"https:\/\/encartes.mx\/#website","url":"https:\/\/encartes.mx\/","name":"Encartes","description":"Revista multim\u00eddia digital","publisher":{"@id":"https:\/\/encartes.mx\/#organization"},"potentialAction":[{"@type":"SearchAction","target":{"@type":"EntryPoint","urlTemplate":"https:\/\/encartes.mx\/?s={search_term_string}"},"query-input":"required name=search_term_string"}],"inLanguage":"pt-BR"},{"@type":"Organization","@id":"https:\/\/encartes.mx\/#organization","name":"Inser\u00e7\u00f5es antropol\u00f3gicas","url":"https:\/\/encartes.mx\/","logo":{"@type":"ImageObject","inLanguage":"pt-BR","@id":"https:\/\/encartes.mx\/#\/schema\/logo\/image\/","url":"https:\/\/encartes.mx\/wp-content\/uploads\/2017\/04\/Logo-04.png","contentUrl":"https:\/\/encartes.mx\/wp-content\/uploads\/2017\/04\/Logo-04.png","width":338,"height":306,"caption":"Encartes Antropol\u00f3gicos"},"image":{"@id":"https:\/\/encartes.mx\/#\/schema\/logo\/image\/"}}]}},"jetpack_sharing_enabled":true,"_links":{"self":[{"href":"https:\/\/encartes.mx\/pt\/wp-json\/wp\/v2\/pages\/38389","targetHints":{"allow":["GET"]}}],"collection":[{"href":"https:\/\/encartes.mx\/pt\/wp-json\/wp\/v2\/pages"}],"about":[{"href":"https:\/\/encartes.mx\/pt\/wp-json\/wp\/v2\/types\/page"}],"author":[{"embeddable":true,"href":"https:\/\/encartes.mx\/pt\/wp-json\/wp\/v2\/users\/10"}],"replies":[{"embeddable":true,"href":"https:\/\/encartes.mx\/pt\/wp-json\/wp\/v2\/comments?post=38389"}],"version-history":[{"count":22,"href":"https:\/\/encartes.mx\/pt\/wp-json\/wp\/v2\/pages\/38389\/revisions"}],"predecessor-version":[{"id":38435,"href":"https:\/\/encartes.mx\/pt\/wp-json\/wp\/v2\/pages\/38389\/revisions\/38435"}],"wp:attachment":[{"href":"https:\/\/encartes.mx\/pt\/wp-json\/wp\/v2\/media?parent=38389"}],"wp:term":[{"taxonomy":"author","embeddable":true,"href":"https:\/\/encartes.mx\/pt\/wp-json\/wp\/v2\/coauthors?post=38389"}],"curies":[{"name":"wp","href":"https:\/\/api.w.org\/{rel}","templated":true}]}}