{"id":28816,"date":"2017-02-26T23:26:29","date_gmt":"2017-02-26T23:26:29","guid":{"rendered":"https:\/\/encartesantropologicos.mx\/wordpress\/?page_id=28816"},"modified":"2023-11-27T10:45:29","modified_gmt":"2023-11-27T16:45:29","slug":"politicas-editoriales","status":"publish","type":"page","link":"https:\/\/encartes.mx\/pt\/politicas-editoriales\/","title":{"rendered":"Pol\u00edticas editoriais"},"content":{"rendered":"<h1 class=\"wp-block-heading\"><strong>Diretrizes gerais<\/strong><\/h1>\n\n\n\n<p>Como parte do processo de envio, os autores s\u00e3o obrigados a verificar se seu envio est\u00e1 em conformidade com todos os elementos mostrados abaixo. Os<strong> Equipe de Coordena\u00e7\u00e3o Editorial<\/strong> analisar\u00e1 o material e, se ele n\u00e3o atender aos requisitos, o produto ser\u00e1 devolvido aos autores. Os requisitos s\u00e3o:<\/p>\n\n\n\n<ul class=\"wp-block-list\"><li>A submiss\u00e3o deve ser in\u00e9dita, n\u00e3o ter sido publicada anteriormente ou ter sido submetida \u00e0 considera\u00e7\u00e3o de qualquer outra revista. Neste \u00faltimo caso, uma explica\u00e7\u00e3o ser\u00e1 fornecida nos Coment\u00e1rios ao Editor.<\/li><li>O envio deve consistir em dois arquivos do texto ou produto a ser publicado: <ol><li>um <strong>com detalhes do autor<\/strong> incluindo: o nome do autor, a institui\u00e7\u00e3o na qual ele colabora, um breve esbo\u00e7o biogr\u00e1fico (biografia de no m\u00e1ximo 10 linhas), endere\u00e7o, n\u00famero de telefone, endere\u00e7o de e-mail do autor e n\u00famero <span style=\"font-variant:small-caps\">orcid<\/span> (Se voc\u00ea n\u00e3o tiver um, registre-se usando o link a seguir: <a href=\"https:\/\/orcid.org\/signin\">https:\/\/orcid.org\/signin<\/a>). No caso de coautoria, os detalhes de todos os autores devem ser enviados;<\/li><li>outro <strong>an\u00f4nimo<\/strong>sem o nome ou refer\u00eancia espec\u00edfica do(s) autor(es) e evitando cita\u00e7\u00f5es ou refer\u00eancias a trabalhos de sua autoria, de modo que os autores n\u00e3o sejam reconhec\u00edveis para a revis\u00e3o por pares duplo-cega. <\/li><\/ol><\/li><li>O arquivo deve estar no formato OpenOffice, Microsoft Word, RTF ou WordPerfect.<\/li><li>A revista publicar\u00e1 somente textos e produtos em espanhol. Todos os artigos incluir\u00e3o um t\u00edtulo em espanhol e ingl\u00eas, notas, cita\u00e7\u00f5es, tabelas, gr\u00e1ficos e refer\u00eancias bibliogr\u00e1ficas. Dependendo da se\u00e7\u00e3o, o artigo tamb\u00e9m deve ser acompanhado de um resumo e palavras-chave (m\u00ednimo de cinco) em espanhol e ingl\u00eas.<\/li><li>O texto deve estar em espa\u00e7o duplo e em Times New Roman 12 pontos. O it\u00e1lico deve ser usado em vez de sublinhado (exceto para URLs). As notas de rodap\u00e9 devem aparecer na parte inferior da p\u00e1gina e n\u00e3o no final.<\/li><li>O texto deve ser apresentado de acordo com os requisitos de extens\u00e3o, estilo e bibliografia da se\u00e7\u00e3o para a qual foi enviado.<\/li><li>Sempre que poss\u00edvel, s\u00e3o fornecidos URLs para refer\u00eancias.<\/li><li>As cita\u00e7\u00f5es no texto devem ser feitas no formato (S\u00e1mano, 1982:181).<\/li><li>As refer\u00eancias bibliogr\u00e1ficas ter\u00e3o as informa\u00e7\u00f5es completas em ordem alfab\u00e9tica, como segue: <ul><li>Chodrow, Nancy (1984). <em>O exerc\u00edcio da maternidade. <\/em>Barcelona: Gedisa.<\/li><li>Hall, Stuart (1990). \"Culture Identity and Diaspora\", em Jonathan Rutherford, <em>Identidade, comunidade, cultura, diferen\u00e7a. <\/em>Londres: Lawrence &amp; Wishart, pp. 222-237.<\/li><li>Wade, Peter (2014). \"Ra\u00e7a, ci\u00eancia, sociedade. <em>Interdisciplinar<\/em>vol. 2, no. 4, pp.35-62. <\/li><\/ul><\/li><li>Se o artigo incluir ilustra\u00e7\u00f5es, figuras, tabelas, quadros e gr\u00e1ficos, o autor deve indicar o local exato onde eles devem aparecer na p\u00e1gina da seguinte forma: (insira tabela 1 ou gr\u00e1fico X). O arquivo original em Excel dos gr\u00e1ficos deve ser enviado para que possam ser manipulados na edi\u00e7\u00e3o.<\/li><li>Se o autor desejar acompanhar seu texto com fotografias, mapas, planos, figuras ou placas, dever\u00e1 certificar-se de que possui a autoriza\u00e7\u00e3o do criador para o uso de seu trabalho. Os arquivos devem ser enviados em formato .jpg ou .tiff em uma resolu\u00e7\u00e3o m\u00ednima de 300 dpi e devem ser acompanhados de um t\u00edtulo e fonte na parte inferior da foto (autor, local, data).<\/li><li>Todos os produtos audiovisuais devem ser enviados em formato .MPEG2 ou 4, .AVI, .MOV ou .MP4 e devem ter uma resolu\u00e7\u00e3o de 1280 x 720. O produto audiovisual ou o texto aceito ser\u00e1 publicado pela pr\u00f3pria m\u00eddia da revista (site, flickr, vimeo, etc.).<\/li><li>Caso o produto seja avaliado positivamente na revis\u00e3o, a revista fornecer\u00e1 uma carta de cess\u00e3o de direitos a ser assinada pelo autor. Em caso de coautoria, todos os autores devem assinar o documento.<\/li><\/ul>\n\n\n\n<h1 class=\"wp-block-heading\"><strong>Diretrizes por se\u00e7\u00e3o<\/strong><\/h1>\n\n\n\n<p>Al\u00e9m dos requisitos acima, os artigos devem atender aos crit\u00e9rios espec\u00edficos da se\u00e7\u00e3o:<\/p>\n\n\n\n<h2 class=\"wp-block-heading\"><strong>Tem\u00e1ticas<\/strong><\/h2>\n\n\n\n<p>\u00c9 uma se\u00e7\u00e3o tem\u00e1tica coordenada por um respons\u00e1vel acad\u00eamico e ser\u00e1 publicada em altern\u00e2ncia com os Col\u00f3quios Interdisciplinares. Consistir\u00e1 em um m\u00e1ximo de cinco artigos, escritos por especialistas no assunto espec\u00edfico da edi\u00e7\u00e3o. Todos os artigos ser\u00e3o submetidos a uma avalia\u00e7\u00e3o duplo-cega.<\/p>\n\n\n\n<ul class=\"wp-block-list\"><li>Cada artigo desta se\u00e7\u00e3o ter\u00e1:\n<ol>\n<li>T\u00edtulo em ingl\u00eas e espanhol;<\/li>\n<li>Um resumo, com no m\u00e1ximo 800 caracteres com espa\u00e7os, descrevendo a proposta central, a metodologia de pesquisa utilizada e os argumentos centrais do artigo;<\/li>\n<li>Palavras-chave em ingl\u00eas e espanhol (no m\u00ednimo cinco);<\/li>\n<li>Notas, cita\u00e7\u00f5es, tabelas, gr\u00e1ficos e refer\u00eancias bibliogr\u00e1ficas que atendam aos requisitos da revista.<\/li>\n<\/ol>\n<\/li><li>Os artigos n\u00e3o devem exceder 54.000 caracteres com espa\u00e7os e devem ser enviados em Times New Roman 12 pontos com espa\u00e7amento duplo.<\/li><\/ul>\n\n\n\n<h2 class=\"wp-block-heading\"><strong>Col\u00f3quios interdisciplinares<\/strong><\/h2>\n\n\n\n<p>\u00c9 uma se\u00e7\u00e3o<em>&nbsp;<\/em>de ensaios acad\u00eamicos debatendo um tema espec\u00edfico convocado pela revista. Um especialista ser\u00e1 convidado a publicar um artigo, ensaio te\u00f3rico ou metodol\u00f3gico, e v\u00e1rios especialistas de diferentes disciplinas ou perspectivas sobre o tema (entre quatro e seis) ser\u00e3o convidados a comentar, discutir, debater ou ampliar o ensaio do autor principal. A se\u00e7\u00e3o Col\u00f3quios Interdisciplinares prop\u00f5e uma nova forma de avalia\u00e7\u00e3o e julgamento, provocada por discuss\u00f5es e debates acad\u00eamicos p\u00fablicos (n\u00e3o cegos). Os Col\u00f3quios ser\u00e3o publicados alternadamente com os Temas Antropol\u00f3gicos.<\/p>\n\n\n\n<ul class=\"wp-block-list\"><li>O <strong>teste central<\/strong> n\u00e3o deve exceder 54.000 caracteres com espa\u00e7os e deve conter: <ol><li>t\u00edtulo em ingl\u00eas e espanhol;<\/li><li>resumo em ingl\u00eas e espanhol que n\u00e3o exceda 800 caracteres com espa\u00e7os;<\/li><li>m\u00ednimo de cinco palavras-chave em ingl\u00eas e espanhol;<\/li><li>notas, cita\u00e7\u00f5es, tabelas, gr\u00e1ficos e refer\u00eancias bibliogr\u00e1ficas que atendam aos requisitos da revista. <\/li><\/ol><\/li><li>O <strong>ensaios de coment\u00e1rios<\/strong> n\u00e3o deve exceder 54.000 caracteres com espa\u00e7os e deve conter: <ol><li>t\u00edtulo em ingl\u00eas e espanhol;<\/li><li>resumo em ingl\u00eas e espanhol que n\u00e3o exceda 800 caracteres com espa\u00e7os;<\/li><li>m\u00ednimo de cinco palavras-chave em ingl\u00eas e espanhol;<\/li><li>notas, cita\u00e7\u00f5es, tabelas, gr\u00e1ficos e refer\u00eancias bibliogr\u00e1ficas que atendam aos requisitos da revista. <\/li><\/ol><\/li><li>Todos os textos devem ser enviados em Times Roman, 12 pontos, espa\u00e7o duplo.<\/li><\/ul>\n\n\n\n<h2 class=\"wp-block-heading\"><strong>Realidades s\u00f3cio-culturais<\/strong><\/h2>\n\n\n\n<p>Esta \u00e9 uma se\u00e7\u00e3o que inclui artigos originais n\u00e3o associados a um tema central. Seu conte\u00fado \u00e9 diverso e independente das propostas tem\u00e1ticas e dos col\u00f3quios. Todos os trabalhos ser\u00e3o submetidos a uma avalia\u00e7\u00e3o duplo-cega.<\/p>\n\n\n\n<ul class=\"wp-block-list\"><li>Os artigos desta se\u00e7\u00e3o devem conter:\n<ol>\n<li>T\u00edtulo em ingl\u00eas e espanhol;<\/li>\n<li>O resumo n\u00e3o deve exceder 800 caracteres com espa\u00e7os que descrevam a proposi\u00e7\u00e3o central, a metodologia da pesquisa em quest\u00e3o e os argumentos centrais do artigo;<\/li>\n<li>palavras-chave em ingl\u00eas e espanhol (no m\u00ednimo cinco);<\/li>\n<li>notas, cita\u00e7\u00f5es, tabelas, gr\u00e1ficos e refer\u00eancias bibliogr\u00e1ficas que atendam aos requisitos da revista.<\/li>\n<\/ol>\n<\/li><li>Os artigos n\u00e3o devem exceder 54.000 caracteres com espa\u00e7os e devem ser enviados em Times New Roman 12 pontos com espa\u00e7amento duplo.<\/li><\/ul>\n\n\n\n<h2 class=\"wp-block-heading\"><strong>Discrepancias<\/strong><\/h2>\n\n\n\n<p>Nesta se\u00e7\u00e3o de publica\u00e7\u00e3o ocasional, o <strong>Equipe de Coordena\u00e7\u00e3o Editorial<\/strong> propor\u00e1 um t\u00f3pico atual de debate de interesse p\u00fablico, em torno do qual os principais acad\u00eamicos especializados no assunto ser\u00e3o convidados a responder a uma s\u00e9rie de perguntas que lhes permitir\u00e3o expor sua posi\u00e7\u00e3o sobre situa\u00e7\u00f5es e realidades atuais que s\u00e3o centrais para as reflex\u00f5es, debates e posi\u00e7\u00f5es tomadas por antrop\u00f3logos e cientistas sociais. Essa se\u00e7\u00e3o consistir\u00e1 em:<\/p>\n\n\n\n<ul class=\"wp-block-list\"><li>A <strong>introdu\u00e7\u00e3o<\/strong> sobre o t\u00f3pico escrito por um membro da Equipe ou por um pesquisador convidado;<\/li><li>O <strong>perguntas<\/strong> para convocar o debate;<\/li><li>O <strong>respostas<\/strong> As contribui\u00e7\u00f5es dos acad\u00eamicos convidados em um espa\u00e7o curto - cerca de meia p\u00e1gina para cada um deles.<\/li><li>Eventualmente, respostas ou coment\u00e1rios que os leitores trazem para o debate.<\/li><\/ul>\n\n\n\n<h2 class=\"wp-block-heading\"><strong>Rese\u00f1as cr\u00edticas<\/strong><\/h2>\n\n\n\n<p>Esta se\u00e7\u00e3o inclui ensaios curtos e cr\u00edticos de interesse para as ci\u00eancias sociais e resenhas de obras completas de um autor ou de uma corrente relevante para a revista, bem como resenhas de livros, artigos, v\u00eddeos etnogr\u00e1ficos, filmes antropol\u00f3gicos, exposi\u00e7\u00f5es de arte, teses de gradua\u00e7\u00e3o e&nbsp;<em>desempenho<\/em>. N\u00e3o ser\u00e3o aceitas resenhas de livros que tenham sido publicados h\u00e1 mais de dois anos.<\/p>\n\n\n\n<ul class=\"wp-block-list\"><li>As revis\u00f5es devem incluir <strong>o registro bibliogr\u00e1fico<\/strong> completo e o <strong>IMAGEM DA CAPA<\/strong> da publica\u00e7\u00e3o analisada em formato JPG ou TIFF, com resolu\u00e7\u00e3o m\u00ednima de 300 dpi.<\/li><li>Os artigos n\u00e3o devem exceder 20.000 caracteres com espa\u00e7os e devem ser enviados em Times New Roman 12 pontos com espa\u00e7amento duplo.<\/li><\/ul>\n\n\n\n<h2 class=\"wp-block-heading\"><strong>Encartes multimedia<\/strong><\/h2>\n\n\n\n<p>Esta se\u00e7\u00e3o solicita a publica\u00e7\u00e3o de diferentes produtos de pesquisa em ci\u00eancias socioculturais em formatos multim\u00eddia. S\u00e3o aceitos: document\u00e1rios em formato audiovisual, ensaios fotogr\u00e1ficos, podcasts de resultados de pesquisa, registros audiovisuais de performances e mapas ou linhas do tempo digitais interativas. As inscri\u00e7\u00f5es devem ser compostas por duas partes: um manuscrito que contextualize o produto em um projeto de pesquisa acad\u00eamica e a produ\u00e7\u00e3o multim\u00eddia editada.<\/p>\n\n\n\n<p>Todos os produtos multim\u00eddia aceitos para publica\u00e7\u00e3o exigir\u00e3o uma carta assinada de cess\u00e3o de direitos para que o documento seja publicado pela pr\u00f3pria m\u00eddia da revista (site, flickr, Youtube etc.).<\/p>\n\n\n\n<p>Todos os trabalhos recebidos ser\u00e3o submetidos a uma avalia\u00e7\u00e3o duplo-cega. Portanto, os materiais ser\u00e3o enviados em duas vers\u00f5es, uma com os cr\u00e9ditos completos (para publica\u00e7\u00e3o futura) e outra sem o nome ou refer\u00eancia espec\u00edfica do(s) autor(es). O material ser\u00e1 revisado pela Equipe de Coordena\u00e7\u00e3o Editorial, que verificar\u00e1 se ele est\u00e1 de acordo com os requisitos.<\/p>\n\n\n\n<p class=\"abstract\" style=\"font-size:26px\"><strong>Manuscrito<\/strong><\/p>\n\n\n\n<p class=\"abstract\">Todos os produtos multim\u00eddia desta se\u00e7\u00e3o ser\u00e3o acompanhados de um manuscrito no qual \u00e9 desenvolvida a contextualiza\u00e7\u00e3o da pesquisa em que foi realizada, descrevendo seus aspectos formais: t\u00edtulo, resumo, palavras-chave, objetivos, justificativa, desenvolvimento te\u00f3rico, metodologia e uma descri\u00e7\u00e3o de sua implementa\u00e7\u00e3o e an\u00e1lise.<\/p>\n\n\n\n<p>O tamanho do manuscrito deve ter entre 20.000 e 25.000 caracteres com espa\u00e7o (Times New Roman 12, espa\u00e7o duplo). Esse texto deve atender aos requisitos da revista em termos de notas, cita\u00e7\u00f5es, tabelas, gr\u00e1ficos e refer\u00eancias bibliogr\u00e1ficas.<\/p>\n\n\n\n<p>No caso de document\u00e1rios, podcasts e registros audiovisuais de apresenta\u00e7\u00f5es, o manuscrito tamb\u00e9m deve incluir uma ficha t\u00e9cnica com as seguintes informa\u00e7\u00f5es:<\/p>\n\n\n\n<ul class=\"wp-block-list\"><li>Os nomes dos diretores e da equipe principal de produ\u00e7\u00e3o, os anos de produ\u00e7\u00e3o, o formato e a dura\u00e7\u00e3o do material.<\/li><li>O link em que o filme em v\u00eddeo, ensaio fotogr\u00e1fico ou \u00e1udio est\u00e1 hospedado no YouTube, Vimeo, Google Drive ou outro servi\u00e7o de armazenamento on-line que permita acesso \u00e0 Equipe de Coordena\u00e7\u00e3o Editorial.<\/li><\/ul>\n\n\n\n<p style=\"font-size:26px\"><strong>Modalidades de produtos multim\u00eddia<\/strong><\/p>\n\n\n\n<p class=\"abstract\"><em>Document\u00e1rios e registros audiovisuais de apresenta\u00e7\u00f5es<\/em><\/p>\n\n\n\n<p class=\"abstract\">Os document\u00e1rios devem ser enviados editados em formato audiovisual. Eles podem ser hist\u00f3ricos, tem\u00e1ticos ou etnogr\u00e1ficos. Devem ter dura\u00e7\u00e3o m\u00e1xima de 40 minutos e estar nos seguintes formatos: MPEG2 ou 4, AVI, MOV ou MP4. A resolu\u00e7\u00e3o deve ser de pelo menos 1280 x 720. Devem ser hospedados no YouTube, Vimeo, Google Drive ou outro servi\u00e7o de armazenamento on-line que permita acesso \u00e0 Equipe de Coordena\u00e7\u00e3o Editorial.<\/p>\n\n\n\n<p class=\"abstract\"><em>Ensaios fotogr\u00e1ficos<\/em><\/p>\n\n\n\n<p class=\"abstract\">Os ensaios fotogr\u00e1ficos devem ter entre 20 e 50 fotografias com uma resolu\u00e7\u00e3o de 300 dpi. Eles ser\u00e3o entregues como slides com t\u00edtulo e cr\u00e9ditos (<a href=\"https:\/\/docs.google.com\/presentation\/d\/1EOQlALAtG5cY4ZSCqOYTzXqhOZRiBRaE\/edit?usp=sharing&amp;ouid=106848474054859662979&amp;rtpof=true&amp;sd=true\">Fa\u00e7a o download do modelo de slide aqui<\/a>). Cada fotografia ou s\u00e9rie de fotografias deve ser acompanhada de uma ficha t\u00e9cnica que inclua: autor, local, data, situa\u00e7\u00e3o e atores. As legendas podem incluir legendas, trechos do di\u00e1rio de campo, cita\u00e7\u00f5es de entrevistas ou qualquer outro texto que complemente o sentido cultural ou forne\u00e7a mais informa\u00e7\u00f5es sobre o que as fotografias mostram.<\/p>\n\n\n\n<p class=\"abstract\"><em>Podcasts<\/em><\/p>\n\n\n\n<p class=\"abstract\">O podcasting \u00e9 atualmente a produ\u00e7\u00e3o de \u00e1udio mais popular em plataformas digitais e oferece um excelente meio de registrar os resultados de pesquisas de forma f\u00e1cil e agrad\u00e1vel, sem perder o rigor cient\u00edfico. Ele permite inserir uma introdu\u00e7\u00e3o com os objetivos e a metodologia utilizada e at\u00e9 mesmo dialogar com propostas te\u00f3ricas na voz do autor, adicionar uma sele\u00e7\u00e3o de entrevistas com o material de campo oral que foi gravado ou criar ambientes sonoros com grava\u00e7\u00f5es que permitem contextualizar as descri\u00e7\u00f5es narradas. Por fim, como qualquer artigo, pode ser intercalado com interpreta\u00e7\u00e3o e an\u00e1lise acad\u00eamica e at\u00e9 mesmo inserir uma conclus\u00e3o com a voz do pesquisador. O formato de podcast acad\u00eamico possibilitar\u00e1 a recupera\u00e7\u00e3o e a transmiss\u00e3o da oralidade da pesquisa. Epis\u00f3dios de cerca de meia hora ou s\u00e9ries de \u00e1udio mais curtas com cap\u00edtulos em torno de um tema s\u00e3o aceit\u00e1veis. O arquivo de \u00e1udio deve ter qualidade de \u00e1udio e estar hospedado no Google Drive ou em outro servi\u00e7o de armazenamento on-line acess\u00edvel \u00e0 Equipe de Coordena\u00e7\u00e3o Editorial.<\/p>\n\n\n\n<h2 class=\"wp-block-heading\"><strong>Entrevistas<\/strong><\/h2>\n\n\n\n<p>Esta se\u00e7\u00e3o \u00e9 composta por entrevistas com pesquisadores e atores sociais que, na opini\u00e3o da equipe de coordena\u00e7\u00e3o editorial, s\u00e3o de interesse da comunidade acad\u00eamica. A publica\u00e7\u00e3o desta se\u00e7\u00e3o ser\u00e1 ocasional. A extens\u00e3o das entrevistas escritas deve ser de no m\u00ednimo 5 p\u00e1ginas e no m\u00e1ximo 10. Se forem entrevistas em v\u00eddeo, devem ter entre 20 e 30 minutos de dura\u00e7\u00e3o. Todas as entrevistas devem ser acompanhadas de um texto que apresente o hist\u00f3rico acad\u00eamico ou social do entrevistado que seja relevante para o estudo ou a compreens\u00e3o de um t\u00f3pico espec\u00edfico. No caso de entrevistas multim\u00eddia, o arquivo t\u00e9cnico do envio deve ser inclu\u00eddo.<\/p>\n\n\n\n<h1 class=\"wp-block-heading\" id=\"derechos-autor\"><strong>Aviso de direitos autorais <\/strong><\/h1>\n\n\n\n<p><span class=\"has-inline-color has-primary-color\">A Encartes \u00e9 uma revista comprometida com o conhecimento aberto e<\/span><span style=\"color:#0071a1\" class=\"has-inline-color\"> <\/span><span class=\"has-inline-color has-primary-color\">portanto, promove a dissemina\u00e7\u00e3o de seu conte\u00fado por meio de licen\u00e7as Creative Commons. Os autores mant\u00eam o direito de publicar seus trabalhos sem qualquer restri\u00e7\u00e3o e concedem \u00e0 revista e ao CIESAS sua divulga\u00e7\u00e3o impressa e eletr\u00f4nica, seja como<\/span> o direito de primeira publica\u00e7\u00e3o com o trabalho registrado sob a Licen\u00e7a Internacional Creative Commons Attribution-NonCommercial 4.0, que permite que terceiros utilizem o trabalho publicado, desde que mencionem a autoria do trabalho e a primeira publica\u00e7\u00e3o nesta revista.<\/p>\n\n\n\n<p>Os autores podem fazer outros acordos contratuais independentes e adicionais para a distribui\u00e7\u00e3o n\u00e3o exclusiva da vers\u00e3o do artigo publicado nesta revista (por exemplo, inclus\u00e3o em um reposit\u00f3rio institucional ou publica\u00e7\u00e3o em um livro), desde que indiquem claramente que o trabalho foi publicado pela primeira vez nesta revista.<\/p>\n\n\n\n<h1 class=\"wp-block-heading\" id=\"acceso\">Pol\u00edtica de acesso aberto<\/h1>\n\n\n\n<p class=\"translation-block\">Todos os artigos publicados (postprints) est\u00e3o armazenados<span class=\"has-inline-color\"> e<\/span> dispon\u00edveis para download gratuito em sua vers\u00e3o mais atualizada no site do <em>Encartes<\/em>, no reposit\u00f3rio institucional do CIESAS e no <a href=\"https:\/\/archive.org\/details\/@encartes_antropol_gicos\" target=\"_self\">Internet Archive<\/a>. O usu\u00e1rio deve reconhecer os cr\u00e9ditos do trabalho.<\/p>\n\n\n\n<p><em>Encartes <\/em>n\u00e3o cobra custos de processamento e\/ou publica\u00e7\u00e3o de artigos (APC) e, salvo indica\u00e7\u00e3o em contr\u00e1rio, todo o conte\u00fado deste site est\u00e1 licenciado sob uma Licen\u00e7a Internacional Creative Commons Attribution-NonCommercial 4.0. Esta revista oferece acesso aberto ao seu conte\u00fado, com base no princ\u00edpio de que fornecer ao p\u00fablico acesso gratuito \u00e0 pesquisa ajuda a aumentar o interc\u00e2mbio global de conhecimento.<\/p>\n\n\n\n<h2 class=\"wp-block-heading\" id=\"revision\">Processo de revis\u00e3o por pares<\/h2>\n\n\n\n<p>Uma vez recebido o documento original, ele passar\u00e1 por: 1) um programa de detec\u00e7\u00e3o de pl\u00e1gio; 2) uma leitura de pertin\u00eancia realizada por um dos membros da Equipe de Coordena\u00e7\u00e3o Editorial; 3) ser\u00e1 enviado a dois revisores, preferencialmente especialistas externos \u00e0s institui\u00e7\u00f5es editoriais, garantindo-se a confidencialidade e o anonimato para que seja regido pelo procedimento conhecido como duplo-cego. Em caso de controv\u00e9rsia entre os dois pareceres, ser\u00e1 solicitada uma terceira avalia\u00e7\u00e3o. Os autores ser\u00e3o informados dos resultados da avalia\u00e7\u00e3o em um prazo inferior a seis meses; se um artigo n\u00e3o for aceito, o autor ser\u00e1 informado dos motivos dessa decis\u00e3o.<\/p>\n\n\n\n<p>O resultado de cada uma das avalia\u00e7\u00f5es pode ser: 1) rejeitado; 2) aceita\u00e7\u00e3o sujeita a grandes altera\u00e7\u00f5es; 3) aceita\u00e7\u00e3o sujeita a pequenas altera\u00e7\u00f5es; 4) aceito sem altera\u00e7\u00f5es.<\/p>\n\n\n\n<p>Ap\u00f3s a aprova\u00e7\u00e3o do artigo, o autor deve assinar uma carta de cess\u00e3o de direitos sobre seu trabalho, na qual ele autoriza&nbsp;<strong><em>Encartes<\/em><\/strong> sua divulga\u00e7\u00e3o eletr\u00f4nica.<\/p>\n\n\n\n<p>Os artigos ser\u00e3o publicados em um ano ap\u00f3s a aceita\u00e7\u00e3o do texto.<\/p>\n\n\n\n<p><strong>Formul\u00e1rios de avalia\u00e7\u00e3o<\/strong><\/p>\n\n\n\n<ul class=\"wp-block-list\"><li><a href=\"https:\/\/www.encartesantropologicos.mx\/wordpress\/wp-content\/uploads\/2018\/05\/dictamen-texto.docx\">Artigos das se\u00e7\u00f5es Realidades tem\u00e1ticas e socioculturais<\/a><\/li><li><a href=\"https:\/\/www.encartesantropologicos.mx\/wordpress\/wp-content\/uploads\/2018\/05\/dictamen-multimedia.docx\">Ensaios multim\u00eddia<\/a><\/li><li>Coment\u00e1rios - Col\u00f3quios Interdisciplinares<\/li><\/ul>\n\n\n\n<h1 class=\"wp-block-heading\" id=\"codigo\">C\u00f3digo de \u00e9tica e pr\u00e1ticas recomendadas<\/h1>\n\n\n\n<p><span class=\"has-inline-color has-primary-color\"><em><strong>Encartes<\/strong><\/em> mant\u00e9m c\u00f3digos de \u00e9tica para revisores, autores e editores com base nos c\u00f3digos do Committee on Publication Ethics (COPE), dispon\u00edveis em<\/span><span style=\"color:#0071a1\" class=\"has-inline-color\"> <a href=\"https:\/\/publicationethics.org\/\">https:\/\/publicationethics.org\/<\/a>.<\/span><\/p>\n\n\n\n<p>As decis\u00f5es editoriais n\u00e3o ser\u00e3o afetadas pela origem do manuscrito ou por caracter\u00edsticas do autor, como nacionalidade, g\u00eanero, orienta\u00e7\u00e3o sexual, etnia, ra\u00e7a, cren\u00e7as religiosas ou filosofia pol\u00edtica dos autores.<\/p>\n\n\n\n<p>A decis\u00e3o de publicar um artigo \u00e9 independente da pol\u00edtica governamental ou de outros \u00f3rg\u00e3os externos \u00e0 revista.<\/p>\n\n\n\n<p><strong>Responsabilidades dos editores<\/strong><\/p>\n\n\n\n<p>1. devem assumir a responsabilidade pelo que \u00e9 publicado em sua revista. Devem procurar maneiras de melhorar a revista, atender \u00e0s necessidades e d\u00favidas dos autores, evitar que outras necessidades n\u00e3o acad\u00eamicas comprometam os padr\u00f5es \u00e9ticos da revista, estar dispostos a publicar corre\u00e7\u00f5es, esclarecimentos, retifica\u00e7\u00f5es e desculpas, se necess\u00e1rio.<\/p>\n\n\n\n<p>2. manter acess\u00edvel a descri\u00e7\u00e3o do processo de avalia\u00e7\u00e3o e o guia de procedimentos para o envio de um artigo para avalia\u00e7\u00e3o.<\/p>\n\n\n\n<p>3. Eles garantir\u00e3o a confidencialidade dos autores dos manuscritos desde o momento em que forem recebidos at\u00e9 o final de sua avalia\u00e7\u00e3o.<\/p>\n\n\n\n<p>4. Proteger a propriedade intelectual e os direitos autorais dos manuscritos.<\/p>\n\n\n\n<p>5. Usar ferramentas adequadas, como software antipl\u00e1gio (por exemplo, Turnitin), para detectar m\u00e1 conduta cient\u00edfica por parte dos autores.<\/p>\n\n\n\n<p>6. Pe\u00e7a aos revisores que comentem sobre a m\u00e1 conduta dos autores.<\/p>\n\n\n\n<p>7. Informar o autor sobre o andamento da avalia\u00e7\u00e3o.<\/p>\n\n\n\n<p>8. Envie aos autores os coment\u00e1rios dos revisores na \u00edntegra, exceto quando forem ofensivos ou difamat\u00f3rios.<\/p>\n\n\n\n<p>9. Eles informar\u00e3o o autor sobre o est\u00e1gio em que o artigo se encontra no processo editorial.<\/p>\n\n\n\n<p>10. Eles n\u00e3o usar\u00e3o ou divulgar\u00e3o informa\u00e7\u00f5es de artigos antes da publica\u00e7\u00e3o sem o consentimento pr\u00e9vio do autor.<\/p>\n\n\n\n<p><strong>Responsabilidades dos membros da Equipe de Coordena\u00e7\u00e3o Editorial<\/strong><\/p>\n\n\n\n<p>1. A decis\u00e3o de aceitar ou rejeitar um artigo ser\u00e1 baseada em sua qualidade, clareza, originalidade e relev\u00e2ncia para publica\u00e7\u00e3o na revista.<\/p>\n\n\n\n<p>2. Os membros do Comit\u00ea estabelecer\u00e3o os par\u00e2metros editoriais e os revisar\u00e3o com frequ\u00eancia para manter a qualidade da revista.<\/p>\n\n\n\n<p>3. Os novos membros do Conselho Editorial n\u00e3o podem reverter as decis\u00f5es de publica\u00e7\u00e3o tomadas antes de ingressar no Conselho Editorial, a menos que o manuscrito em quest\u00e3o apresente problemas s\u00e9rios.<\/p>\n\n\n\n<p>4. Eles n\u00e3o revelar\u00e3o a identidade dos autores at\u00e9 que os artigos sejam publicados.<\/p>\n\n\n\n<p>5. Os nomes dos avaliadores devem ser mantidos an\u00f4nimos.<\/p>\n\n\n\n<p>6. Garantir que os manuscritos sejam revisados por revisores apropriados.<\/p>\n\n\n\n<p>7. Garantir que o processo de avalia\u00e7\u00e3o seja objetivo, claro e transparente.<\/p>\n\n\n\n<p>8. Resolver quaisquer disputas que surjam durante o processo de avalia\u00e7\u00e3o.<\/p>\n\n\n\n<p>9. Emitir corre\u00e7\u00f5es, esclarecimentos, retifica\u00e7\u00f5es e desculpas, se necess\u00e1rio.<\/p>\n\n\n\n<p>10. Se detectarem m\u00e1 conduta cient\u00edfica por parte dos autores, eles informar\u00e3o imediatamente os editores.<\/p>\n\n\n\n<p>11. Publicar como lidaram com disputas ou casos de autores que n\u00e3o cumpriram as disposi\u00e7\u00f5es deste c\u00f3digo de conduta.<\/p>\n\n\n\n<p><strong>Responsabilidades dos autores<\/strong><\/p>\n\n\n\n<p>1. Os autores devem garantir que:<\/p>\n\n\n\n<p>Seu manuscrito n\u00e3o foi publicado e n\u00e3o est\u00e1 sendo avaliado em outras publica\u00e7\u00f5es.<\/p>\n\n\n\n<p>As informa\u00e7\u00f5es contidas no manuscrito foram coletadas de forma \u00e9tica.<\/p>\n\n\n\n<p>O artigo apresentado \u00e9 original e as refer\u00eancias e dados de outros trabalhos foram devidamente citados.<\/p>\n\n\n\n<p>2. reconhecer como coautores aqueles que participaram significativamente do conte\u00fado do artigo.<\/p>\n\n\n\n<p>3. Eles devem dar o devido cr\u00e9dito aos tradutores de todo ou parte do artigo.<\/p>\n\n\n\n<p>4. Indique no manuscrito as fontes de apoio financeiro para a pesquisa.<\/p>\n\n\n\n<p>5. Eles seguir\u00e3o as diretrizes para envio de artigos, publicadas no site da revista e definidas pelo Comit\u00ea Editorial.<\/p>\n\n\n\n<p>6. Siga as indica\u00e7\u00f5es das fases da avalia\u00e7\u00e3o e observe os prazos para corre\u00e7\u00f5es e verifica\u00e7\u00f5es cruzadas.<\/p>\n\n\n\n<p>7. Eles devem se certificar de que possuem as autoriza\u00e7\u00f5es para reproduzir e imprimir material que n\u00e3o seja de sua propriedade ou autoria (gr\u00e1ficos, mapas, diagramas, fotografias etc.).<\/p>\n\n\n\n<p>8. Assinar uma carta autorizando a revista a editar, publicar e distribuir seu artigo em m\u00eddia impressa e eletr\u00f4nica.<\/p>\n\n\n\n<p><strong>Responsabilidades dos avaliadores<\/strong><\/p>\n\n\n\n<p>1. se o manuscrito que foi solicitado a revisar estiver sujeito a um conflito de interesses, ele dever\u00e1 declarar isso imediatamente.<\/p>\n\n\n\n<p>2. informar o editor se considerar que n\u00e3o est\u00e1 qualificado para realizar a avalia\u00e7\u00e3o.<\/p>\n\n\n\n<p>3. Comunicar aos editores se detectarem m\u00e1 conduta cient\u00edfica no manuscrito.<\/p>\n\n\n\n<p>4. Eles expressar\u00e3o seus coment\u00e1rios de forma clara, objetiva e respeitosa no formato de avalia\u00e7\u00e3o fornecido pela revista.<\/p>\n\n\n\n<p>5. Eles devem realizar a avalia\u00e7\u00e3o e notificar o resultado em at\u00e9 30 dias corridos.<\/p>\n\n\n\n<p>6. Tratar o resultado da avalia\u00e7\u00e3o com confidencialidade.<\/p>\n\n\n\n<p>7. Eles n\u00e3o usar\u00e3o ou divulgar\u00e3o as informa\u00e7\u00f5es contidas no manuscrito antes da publica\u00e7\u00e3o.<\/p>\n\n\n\n<p><strong>Elas s\u00e3o consideradas neglig\u00eancia cient\u00edfica:<\/strong><\/p>\n\n\n\n<p><em>Falta de \u00e9tica no processo de publica\u00e7\u00e3o<\/em><\/p>\n\n\n\n<p>- Autoria fict\u00edcia: aparecer como autor ou coautor de uma pesquisa que n\u00e3o foi realizada.<\/p>\n\n\n\n<p>- Publica\u00e7\u00e3o duplicada: publica\u00e7\u00e3o total ou parcial de um artigo j\u00e1 publicado.<\/p>\n\n\n\n<p>- Publica\u00e7\u00e3o fragmentada: divis\u00e3o de um documento para publica\u00e7\u00e3o como artigos separados.<\/p>\n\n\n\n<p>- Publica\u00e7\u00e3o inflacionada: adi\u00e7\u00e3o de dados a um artigo publicado anteriormente para publica\u00e7\u00e3o como um novo artigo.<\/p>\n\n\n\n<p>- Auto-pl\u00e1gio: repetir o mesmo conte\u00fado escrito anteriormente pelo autor com a inten\u00e7\u00e3o de public\u00e1-lo como um novo artigo.<\/p>\n\n\n\n<p><em>Fraude cient\u00edfica<\/em><\/p>\n\n\n\n<p>- Inven\u00e7\u00e3o: elaborar todos ou parte dos dados.<\/p>\n\n\n\n<p>- Falsifica\u00e7\u00e3o e manipula\u00e7\u00e3o de dados: falsifica\u00e7\u00e3o de dados ou m\u00e9todos para cumprir a hip\u00f3tese.<\/p>\n\n\n\n<p>- Pl\u00e1gio: pegar ideias ou frases sem citar a fonte original.<\/p>\n\n\n\n<p>Cita\u00e7\u00f5es bibliogr\u00e1ficas incorretas: omiss\u00e3o de cita\u00e7\u00f5es relevantes. Inclus\u00e3o de cita\u00e7\u00f5es que n\u00e3o foram consultadas. Autocita\u00e7\u00e3o excessiva.<\/p>\n\n\n\n<p>- Vi\u00e9s de publica\u00e7\u00e3o: for\u00e7ar dados para obter resultados positivos e alta signific\u00e2ncia estat\u00edstica.<\/p>\n\n\n\n<p>- Publicidade: resultados prematuros (n\u00e3o verificados).<\/p>\n\n\n\n<p><strong>Processo para identificar e abordar alega\u00e7\u00f5es de m\u00e1 conduta em pesquisa<\/strong><\/p>\n\n\n\n<p class=\"translation-block\"><span class=\"has-inline-color has-primary-color\">No caso de ser detectada m\u00e1 conduta, a san\u00e7\u00e3o ou resolu\u00e7\u00e3o ser\u00e1 orientada pelos c\u00f3digos e <\/span><span class=\"has-inline-color\"><a href=\"https:\/\/publicationethics.org\/resources\/flowcharts\" target=\"_self\">fluxogramas do COPE<\/a>.<\/span>.<\/p>\n\n\n\n<p>Os manuscritos que se envolverem nessas pr\u00e1ticas n\u00e3o ser\u00e3o avaliados. O editor escrever\u00e1 para o autor, explicando que o artigo foi rejeitado, a posi\u00e7\u00e3o da revista sobre esses casos e o comportamento futuro esperado. Ele tamb\u00e9m informar\u00e1 o revisor.<\/p>\n\n\n\n<p>Se for constatado que frases mais curtas foram copiadas e que n\u00e3o h\u00e1 indica\u00e7\u00e3o de que os dados de outros foram apresentados como trabalho do pr\u00f3prio autor, o editor escrever\u00e1 para o autor e pedir\u00e1 que ele modifique essas partes ou indique as cita\u00e7\u00f5es claramente. Ele tamb\u00e9m informar\u00e1 o revisor. Se o autor se recusar a corrigir o manuscrito, o artigo ser\u00e1 rejeitado, a posi\u00e7\u00e3o da revista sobre esses casos e o comportamento futuro esperado ser\u00e3o explicados.<\/p>\n\n\n\n<p>A revista <em><strong>Encartes<\/strong><\/em> adere \u00e0 produ\u00e7\u00e3o \u00e9tica de conhecimento. A revista est\u00e1 aberta a receber reclama\u00e7\u00f5es de m\u00e1 conduta em pesquisa, pl\u00e1gio, manipula\u00e7\u00e3o de cita\u00e7\u00f5es e fabrica\u00e7\u00e3o de dados, entre outros. A reclama\u00e7\u00e3o ser\u00e1 recebida pelo editor e repassada \u00e0 Equipe Editorial, que nomear\u00e1 um comit\u00ea para realizar uma investiga\u00e7\u00e3o minuciosa e verificar a reclama\u00e7\u00e3o. No caso de pl\u00e1gio, ele ser\u00e1 regido pelo sistema jur\u00eddico mexicano. Os resultados desse parecer ser\u00e3o informados tanto ao autor quanto ao r\u00e9u. Caso a acusa\u00e7\u00e3o prossiga, ser\u00e3o tomadas as medidas necess\u00e1rias para sancionar o acusado ou fazer repara\u00e7\u00f5es. Caso a Equipe decida que a reclama\u00e7\u00e3o n\u00e3o \u00e9 admiss\u00edvel, o reclamante tamb\u00e9m ser\u00e1 notificado no prazo m\u00e1ximo de um m\u00eas. No caso de o(s) editor(es) do<em> Encartes<\/em> tomar conhecimento de qualquer alega\u00e7\u00e3o de m\u00e1 conduta de pesquisa relacionada a um artigo publicado em seu peri\u00f3dico, o editor seguir\u00e1 os procedimentos de <a href=\"https:\/\/publicationethics.org\/files\/Spanish%20%281%29.pdf\">Diretrizes do Comit\u00ea de \u00c9tica em Publica\u00e7\u00f5es - COPE<\/a> (ou equivalente) ao lidar com alega\u00e7\u00f5es.<\/p>\n\n\n\n<h1 class=\"wp-block-heading\" id=\"reglamento\">Regras de procedimento do<em> Encartes<\/em><\/h1>\n\n\n\n<p><strong><u>Artigo I. Descri\u00e7\u00e3o geral<\/u><\/strong><\/p>\n\n\n\n<p>\u00danico.<strong><em> Encartes<\/em> <\/strong>\u00e9 uma publica\u00e7\u00e3o semestral plural e interdisciplinar financiada pelas institui\u00e7\u00f5es acad\u00eamicas que assinaram seu acordo de co-edi\u00e7\u00e3o: CIESAS, El COLEF, ITESO e El COLSAN. Em <em><strong>Encartes<\/strong> <\/em>A confer\u00eancia \u00e9 um f\u00f3rum para a divulga\u00e7\u00e3o de avan\u00e7os e resultados de pesquisas sobre t\u00f3picos e problemas de interesse dos cientistas sociais.<\/p>\n\n\n\n<p><strong><u>Artigo II. Estrutura da revista<\/u><\/strong><\/p>\n\n\n\n<p>A revista cont\u00e9m sete se\u00e7\u00f5es principais:<\/p>\n\n\n\n<p><strong>1. col\u00f3quios interdisciplinares<\/strong><\/p>\n\n\n\n<p>Esta \u00e9 uma se\u00e7\u00e3o de ensaios acad\u00eamicos que discutem um t\u00f3pico espec\u00edfico convocado pela revista. Um especialista ser\u00e1 convidado a publicar um artigo, ensaio te\u00f3rico ou metodol\u00f3gico, e v\u00e1rios especialistas de diferentes disciplinas ou perspectivas sobre o t\u00f3pico (entre quatro e seis) ser\u00e3o convidados a comentar, discutir, debater ou ampliar o ensaio do autor principal. A se\u00e7\u00e3o Col\u00f3quios Interdisciplinares prop\u00f5e uma nova forma de avalia\u00e7\u00e3o e julgamento, introduzida por discuss\u00e3o e debate acad\u00eamico p\u00fablico (n\u00e3o cego) para o ensaio principal. Os coment\u00e1rios ser\u00e3o avaliados de forma duplamente cega. Os Colloquia ser\u00e3o publicados alternadamente com a se\u00e7\u00e3o Anthropological Themes.<\/p>\n\n\n\n<p><strong>2. temas<\/strong><\/p>\n\n\n\n<p>\u00c9 uma se\u00e7\u00e3o tem\u00e1tica coordenada por um respons\u00e1vel acad\u00eamico e ser\u00e1 publicada em altern\u00e2ncia com os Col\u00f3quios Interdisciplinares. Consistir\u00e1 em um m\u00e1ximo de cinco artigos, escritos por especialistas no tema espec\u00edfico da edi\u00e7\u00e3o. Todos os artigos ser\u00e3o submetidos a uma avalia\u00e7\u00e3o duplo-cega.&nbsp;<\/p>\n\n\n\n<p><strong>3. Realidades socioculturais<\/strong><\/p>\n\n\n\n<p>Esta \u00e9 uma se\u00e7\u00e3o que inclui artigos originais n\u00e3o associados a um tema central. Seu conte\u00fado \u00e9 diverso e independente das propostas tem\u00e1ticas e dos col\u00f3quios. Todos os trabalhos ser\u00e3o submetidos a uma avalia\u00e7\u00e3o duplo-cega.<\/p>\n\n\n\n<p><strong>4. Entrevistas<\/strong><\/p>\n\n\n\n<p>Esta se\u00e7\u00e3o consiste em entrevistas com pesquisadores e atores sociais que, na opini\u00e3o do comit\u00ea editorial, s\u00e3o de interesse para a comunidade acad\u00eamica. As entrevistas podem ser produtos audiovisuais ou transcri\u00e7\u00f5es. A publica\u00e7\u00e3o desta se\u00e7\u00e3o ser\u00e1 ocasional.<\/p>\n\n\n\n<p><strong>5. Discrep\u00e2ncia<\/strong><\/p>\n\n\n\n<p>Esta se\u00e7\u00e3o da revista incluir\u00e1 textos cr\u00edticos que abordam problemas e dilemas antropol\u00f3gicos diante de situa\u00e7\u00f5es e realidades atuais que s\u00e3o centrais para as reflex\u00f5es, debates e posi\u00e7\u00f5es dos antrop\u00f3logos. Esta se\u00e7\u00e3o ser\u00e1 publicada ocasionalmente.<\/p>\n\n\n\n<p><strong>6. Revis\u00f5es cr\u00edticas<\/strong><\/p>\n\n\n\n<p>Esta se\u00e7\u00e3o inclui ensaios curtos e cr\u00edticos de interesse para as ci\u00eancias sociais e resenhas de obras completas de um autor ou de uma corrente relevante para a revista, bem como resenhas de livros, artigos, v\u00eddeos etnogr\u00e1ficos, filmes antropol\u00f3gicos, exposi\u00e7\u00f5es de arte, teses de gradua\u00e7\u00e3o e&nbsp;<em>desempenho<\/em>.<\/p>\n\n\n\n<p><strong>7. Inser\u00e7\u00f5es multim\u00eddia<\/strong><\/p>\n\n\n\n<p>Esta se\u00e7\u00e3o estar\u00e1 aberta para a publica\u00e7\u00e3o de diferentes produtos de pesquisas em andamento. Ela ser\u00e1 publicada ocasionalmente, de acordo com a disponibilidade do material recebido que for considerado relevante. Ser\u00e3o aceitas etnografias visuais\/relat\u00f3rios multim\u00eddia com forte apoio de trabalho de campo e uso de estruturas de ci\u00eancias sociais, ensaios fotogr\u00e1ficos, v\u00eddeos documentais\/etnogr\u00e1ficos, poesia, hist\u00f3rias de vida e arquivos orais. Todos os trabalhos ser\u00e3o submetidos a uma avalia\u00e7\u00e3o duplamente cega.<\/p>\n\n\n\n<p><strong><u>Artigo III. Organiza\u00e7\u00e3o e \u00f3rg\u00e3os decis\u00f3rios<\/u><\/strong><\/p>\n\n\n\n<p>\u00danico. Para assegurar o funcionamento da revista, o cumprimento de seus prop\u00f3sitos e garantir sua periodicidade, ser\u00e1 formado um Comit\u00ea Editorial (CE), um editor ser\u00e1 nomeado e um Corpo Consultivo Acad\u00eamico (CAA) ser\u00e1 formado.<\/p>\n\n\n\n<p><strong><u>Artigo IV. Objetivos do Conselho Editorial<\/u><\/strong><\/p>\n\n\n\n<p>\u00danico. O Comit\u00ea Editorial (CE) \u00e9 um \u00f3rg\u00e3o acad\u00eamico respons\u00e1vel por:<\/p>\n\n\n\n<p>a) garantir a qualidade cient\u00edfica dos artigos publicados<\/p>\n\n\n\n<p>b) garantir que a revista cumpra os requisitos que deve atender como uma publica\u00e7\u00e3o acad\u00eamica<\/p>\n\n\n\n<p>c) estabelecer a pol\u00edtica editorial e garantir sua periodicidade.<\/p>\n\n\n\n<p><strong><u>&nbsp;Artigo V. Fun\u00e7\u00f5es do Conselho Editorial<\/u><\/strong><\/p>\n\n\n\n<p>\u00danico. As fun\u00e7\u00f5es do CE:<\/p>\n\n\n\n<p>a) definir o conte\u00fado de cada edi\u00e7\u00e3o da revista<\/p>\n\n\n\n<p>b) receber propostas de artigos para publica\u00e7\u00e3o<\/p>\n\n\n\n<p>c) analisar e aprovar as propostas tem\u00e1ticas para a se\u00e7\u00e3o Conhecimento e Raz\u00f5es<\/p>\n\n\n\n<p>(d) realizar uma leitura relevante de todos os artigos<\/p>\n\n\n\n<p>e) nomear os examinadores dos artigos submetidos \u00e0 aprecia\u00e7\u00e3o<\/p>\n\n\n\n<p>(f) com base nos pareceres, determinar se os artigos s\u00e3o adequados para publica\u00e7\u00e3o<\/p>\n\n\n\n<p>g) receber a segunda vers\u00e3o dos artigos adotados, na qual as altera\u00e7\u00f5es sugeridas s\u00e3o abordadas, e verificar sua atualiza\u00e7\u00e3o<\/p>\n\n\n\n<p>h) no caso de uma disputa entre o autor e os revisores, avaliar as sugest\u00f5es ou condi\u00e7\u00f5es feitas nas revis\u00f5es, levando em conta o ponto de vista do autor.<\/p>\n\n\n\n<p>(i) avaliar textos que n\u00e3o s\u00e3o apresentados para parecer externo<\/p>\n\n\n\n<p>j) sugerir pol\u00edticas para a edi\u00e7\u00e3o, divulga\u00e7\u00e3o e marketing da revista<\/p>\n\n\n\n<p>(k) manter a AAC informada sobre o progresso do peri\u00f3dico e incorporar as opini\u00f5es de seus membros em suas discuss\u00f5es<\/p>\n\n\n\n<p>(l) supervisionar os rel\u00e9s na FAC.<\/p>\n\n\n\n<p>(m) Resolu\u00e7\u00e3o de situa\u00e7\u00f5es n\u00e3o previstas nos regulamentos<\/p>\n\n\n\n<p><strong><u>Artigo VI. \u00d3rg\u00e3o Consultivo Acad\u00eamico<\/u><\/strong><\/p>\n\n\n\n<p>1. A revista ter\u00e1 um Conselho Consultivo Acad\u00eamico (CAA) composto por especialistas que pertenceram ao CE e especialistas estrangeiros convidados.<\/p>\n\n\n\n<p>2. Os especialistas que conclu\u00edrem seu mandato no CE se tornar\u00e3o membros da FAC.<\/p>\n\n\n\n<p>3. O CE propor\u00e1 \u00e0 Dire\u00e7\u00e3o Geral do CIESAS nomes de especialistas de institui\u00e7\u00f5es acad\u00eamicas estrangeiras a serem convidados para o FAC. Ser\u00e1 buscada a participa\u00e7\u00e3o de pesquisadores de diferentes especialidades, com um equil\u00edbrio em termos de regi\u00f5es de origem, especialmente da Europa, Am\u00e9rica do Norte e Am\u00e9rica Latina. Quando apropriado, especialistas de outros continentes poder\u00e3o ser inclu\u00eddos.<\/p>\n\n\n\n<p>4. O n\u00famero de membros da AAC n\u00e3o dever\u00e1 exceder 28. \u00c0 medida que os membros que conclu\u00edrem seus mandatos no CE forem integrados, aqueles com maior antiguidade nesse \u00f3rg\u00e3o dever\u00e3o ocupar seus lugares, sempre garantindo que haja um n\u00famero de oito especialistas estrangeiros cuja dura\u00e7\u00e3o nesse \u00f3rg\u00e3o dever\u00e1 ser determinada pelo CE.<\/p>\n\n\n\n<p>5. A fun\u00e7\u00e3o do AAC \u00e9 monitorar a administra\u00e7\u00e3o da revista, fazer parte do portf\u00f3lio de \u00e1rbitros e sugerir a expans\u00e3o do portf\u00f3lio de \u00e1rbitros.<\/p>\n\n\n\n<p>6. O CE enviar\u00e1 \u00e0 AAC informa\u00e7\u00f5es sobre suas reuni\u00f5es e decis\u00f5es, receber\u00e1 suas opini\u00f5es e as incorporar\u00e1 em suas discuss\u00f5es.<\/p>\n\n\n\n<p><strong><u>Artigo VII. Poderes do editor da revista.<\/u><\/strong><\/p>\n\n\n\n<p>1. O editor da revista \u00e9 respons\u00e1vel por garantir que a revista seja publicada de acordo com os crit\u00e9rios e prop\u00f3sitos estabelecidos, que seja publicada na forma e com a periodicidade determinadas; para isso, respeitar\u00e1 os acordos do CE e ser\u00e1 assistido pela Subdiretoria de Divulga\u00e7\u00e3o e Publica\u00e7\u00f5es do CIESAS e sua Dire\u00e7\u00e3o Geral.<\/p>\n\n\n\n<p>&nbsp;2. O diretor do peri\u00f3dico ser\u00e1 nomeado pela Dire\u00e7\u00e3o Geral com base nos seguintes requisitos:<\/p>\n\n\n\n<p>(a) ser um pesquisador do CIESAS<\/p>\n\n\n\n<p>b) tenham uma reputa\u00e7\u00e3o reconhecida por suas contribui\u00e7\u00f5es para o campo de conhecimento de sua especialidade, por seus amplos v\u00ednculos com a comunidade cient\u00edfica, bem como por sua prud\u00eancia e discri\u00e7\u00e3o<\/p>\n\n\n\n<p>&nbsp;3. Para desempenhar suas fun\u00e7\u00f5es, o editor da revista ter\u00e1 os seguintes poderes:<\/p>\n\n\n\n<p>&nbsp;a) coordenar e monitorar o processo editorial de cada edi\u00e7\u00e3o da revista<\/p>\n\n\n\n<p>b) organizar a agenda de trabalho para as sess\u00f5es do CE<\/p>\n\n\n\n<p>(c) relat\u00f3rio sobre os originais submetidos \u00e0 considera\u00e7\u00e3o da CE<\/p>\n\n\n\n<p>d) sugerir e promover os melhores mecanismos para a divulga\u00e7\u00e3o da revista.<\/p>\n\n\n\n<p>4. Para o melhor desempenho de suas fun\u00e7\u00f5es, ele ser\u00e1 auxiliado por duas pessoas que dar\u00e3o suporte ao trabalho relacionado \u00e0 revista em geral: a pessoa respons\u00e1vel pelas fun\u00e7\u00f5es editoriais (editor) e a pessoa respons\u00e1vel pelo gerenciamento normal da revista (assistente).<\/p>\n\n\n\n<p><strong><u>&nbsp;Artigo VIII. Diretrizes editoriais<\/u><\/strong><\/p>\n\n\n\n<p>1. somente artigos originais e resenhas que n\u00e3o tenham sido publicados e que n\u00e3o tenham sido enviados para revis\u00e3o simult\u00e2nea em outras m\u00eddias ser\u00e3o considerados para poss\u00edvel publica\u00e7\u00e3o. Artigos originais escritos em espanhol, ingl\u00eas, franc\u00eas e portugu\u00eas s\u00e3o aceitos, mas somente ser\u00e3o publicados em espanhol.&nbsp;<\/p>\n\n\n\n<p>2. As regras de apresenta\u00e7\u00e3o que os artigos e resenhas devem cumprir para serem recebidos est\u00e3o definidas nas \"Instru\u00e7\u00f5es para autores\" publicadas em&nbsp;<em><strong>Encartes<\/strong> <\/em>e no site da revista. Isso se refere aos requisitos de tamanho do artigo, apresenta\u00e7\u00e3o formal, informa\u00e7\u00f5es obrigat\u00f3rias e cita\u00e7\u00e3o.<\/p>\n\n\n\n<p>3. A publica\u00e7\u00e3o dos artigos \u00e9 gratuita, e n\u00e3o h\u00e1 previs\u00e3o de remunera\u00e7\u00e3o financeira para o autor.<\/p>\n\n\n\n<p>4. O procedimento para submeter propostas tem\u00e1ticas ao CE consiste em enviar por escrito uma apresenta\u00e7\u00e3o breve e bem fundamentada do tema a ser trabalhado e sua relev\u00e2ncia no debate antropol\u00f3gico, bem como um \u00edndice provis\u00f3rio.<\/p>\n\n\n\n<p>5. A revista acusar\u00e1 o recebimento dos originais mediante recibo. A aceita\u00e7\u00e3o de cada contribui\u00e7\u00e3o depender\u00e1 de uma leitura de relev\u00e2ncia e dos pareceres confidenciais feitos por especialistas sob o procedimento conhecido como duplo-cego. Com base nessa avalia\u00e7\u00e3o, o CE decidir\u00e1 sobre a publica\u00e7\u00e3o e informar\u00e1 os autores em um prazo inferior a um ano.<\/p>\n\n\n\n<p>6. Ap\u00f3s a aprova\u00e7\u00e3o do artigo, o autor deve assinar uma carta de cess\u00e3o de direitos sobre seu trabalho, na qual autoriza o CIESAS a divulg\u00e1-lo por meio impresso e eletr\u00f4nico. Se um artigo n\u00e3o for aceito, o autor ser\u00e1 informado das raz\u00f5es dessa decis\u00e3o.<\/p>\n\n\n\n<p>7. Para a escolha do design da capa de cada edi\u00e7\u00e3o da revista, ser\u00e3o consultados o coordenador da proposta tem\u00e1tica da se\u00e7\u00e3o Saberes y razones, o CE e os respons\u00e1veis pela Subdirecci\u00f3n de Difusi\u00f3n y Publicaciones. A proposta que obtiver o maior consenso ser\u00e1 aprovada. O design b\u00e1sico com o qual a revista \u00e9 identificada n\u00e3o poder\u00e1 ser alterado.<\/p>\n\n\n\n<p>8. O discurso gr\u00e1fico de cada edi\u00e7\u00e3o da revista ser\u00e1 moldado de acordo com a se\u00e7\u00e3o Saberes e raz\u00f5es e ser\u00e1 de responsabilidade da equipe editorial. As propostas dos coordenadores de edi\u00e7\u00f5es ser\u00e3o aceitas se o material for enviado dentro do prazo e atender aos requisitos t\u00e9cnicos de qualidade e \u00e0s permiss\u00f5es legais para publica\u00e7\u00e3o.<\/p>\n\n\n\n<p><strong><u>Artigo IX. Procedimentos para decis\u00e3o sobre originais.<\/u><\/strong><\/p>\n\n\n\n<p>1. O CE nomear\u00e1 os examinadores dos originais submetidos \u00e0 sua aprecia\u00e7\u00e3o.<\/p>\n\n\n\n<p>2. Para o cumprimento de suas fun\u00e7\u00f5es, o CE dever\u00e1 ter uma carteira de \u00e1rbitros especializados nas disciplinas mencionadas nos originais.<\/p>\n\n\n\n<p>3. Os revisores n\u00e3o devem pertencer \u00e0 mesma institui\u00e7\u00e3o ou \u00e1rea de trabalho que o autor do original a ser avaliado, nem ser seu supervisor de tese.<\/p>\n\n\n\n<p>4. Ser\u00e3o necess\u00e1rios dois pareceres positivos para aprovar a publica\u00e7\u00e3o de qualquer original.<\/p>\n\n\n\n<p>5. Em caso de pareceres conflitantes, o CE dever\u00e1 solicitar um terceiro parecer para resolver a disputa.<\/p>\n\n\n\n<p>6. Se, na opini\u00e3o do CE, um parecer n\u00e3o for satisfat\u00f3rio, um novo parecer dever\u00e1 ser solicitado.<\/p>\n\n\n\n<p>7. Os pareceres solicitados devem considerar os seguintes pontos:<\/p>\n\n\n\n<p>a) Rigor cient\u00edfico<\/p>\n\n\n\n<p>(b) contribui\u00e7\u00e3o para a disciplina ou linha de pesquisa em quest\u00e3o<\/p>\n\n\n\n<p>c) Qualidade, tanto na estrutura quanto na apresenta\u00e7\u00e3o.<\/p>\n\n\n\n<p>8. Os pareceres devem definir claramente a aprova\u00e7\u00e3o, condicionamento ou reprova\u00e7\u00e3o dos originais e devem ser entregues no prazo m\u00e1ximo de tr\u00eas semanas ap\u00f3s o recebimento do material.<\/p>\n\n\n\n<p>9. Uma vez que as vers\u00f5es p\u00fablicas dos pareceres tenham sido entregues ao autor, ele dever\u00e1 apresentar a segunda vers\u00e3o de seu texto, incorporando quaisquer corre\u00e7\u00f5es, sugest\u00f5es ou observa\u00e7\u00f5es feitas nos pareceres.<\/p>\n\n\n\n<p>10. No caso de serem estabelecidas condi\u00e7\u00f5es importantes no texto avaliado, o CE solicitar\u00e1 que seja feita uma compara\u00e7\u00e3o do n\u00edvel de incorpora\u00e7\u00e3o feito pelo autor na segunda vers\u00e3o do original. Para facilitar essa tarefa, o autor deve fornecer ao CE uma declara\u00e7\u00e3o fundamentada indicando quais pontos do parecer foram mantidos e quais foram omitidos.<\/p>\n\n\n\n<p>11. As decis\u00f5es do CE devem ser tomadas preferencialmente por consenso e, quando apropriado, por maioria simples. Em caso de empate, o Editor ter\u00e1 o voto de qualidade.<\/p>\n\n\n\n<p><strong>Fontes<\/strong><\/p>\n\n\n\n<p>Comit\u00ea de \u00c9tica em Publica\u00e7\u00f5es (cope), 2017, \"Diretrizes\". Dispon\u00edvel on-line: .<\/p>\n\n\n\n<p>Quituisaca-Samaniego, Lilia, 2017, \"Algunos elementos de mala conducta cient\u00edfica\", em <em>Resumo num\u00e9rico<\/em>No. 4. Dispon\u00edvel on-line: . doi: 10.13140\/RG.2.2.16893.77285.<\/p>","protected":false},"excerpt":{"rendered":"<p>Directrices generales Como parte del proceso de env\u00edo, los autores\/as est\u00e1n obligados a comprobar que su env\u00edo cumpla todos los elementos que se muestran a continuaci\u00f3n. El Equipo de coordinaci\u00f3n editorial revisar\u00e1 el material y en caso de que no los cumpla con les requisitos, se devolver\u00e1 el producto a los autores\/as. Los requisitos son: [&hellip;]<\/p>\n","protected":false},"author":4,"featured_media":0,"parent":0,"menu_order":0,"comment_status":"closed","ping_status":"closed","template":"","meta":{"_acf_changed":false,"footnotes":""},"coauthors":[551],"class_list":["post-28816","page","type-page","status-publish","hentry"],"acf":[],"yoast_head":"<!-- This site is optimized with the Yoast SEO plugin v22.2 - https:\/\/yoast.com\/wordpress\/plugins\/seo\/ -->\n<title>Pol\u00edticas editoriales &#8211; Encartes<\/title>\n<meta name=\"robots\" content=\"index, follow, max-snippet:-1, max-image-preview:large, max-video-preview:-1\" \/>\n<link rel=\"canonical\" href=\"https:\/\/encartes.mx\/pt\/politicas-editoriales\/\" \/>\n<meta property=\"og:locale\" content=\"pt_BR\" \/>\n<meta property=\"og:type\" content=\"article\" \/>\n<meta property=\"og:title\" content=\"Pol\u00edticas editoriales &#8211; Encartes\" \/>\n<meta property=\"og:description\" content=\"Directrices generales Como parte del proceso de env\u00edo, los autores\/as est\u00e1n obligados a comprobar que su env\u00edo cumpla todos los elementos que se muestran a continuaci\u00f3n. El Equipo de coordinaci\u00f3n editorial revisar\u00e1 el material y en caso de que no los cumpla con les requisitos, se devolver\u00e1 el producto a los autores\/as. Los requisitos son: [&hellip;]\" \/>\n<meta property=\"og:url\" content=\"https:\/\/encartes.mx\/pt\/politicas-editoriales\/\" \/>\n<meta property=\"og:site_name\" content=\"Encartes\" \/>\n<meta property=\"article:modified_time\" content=\"2023-11-27T16:45:29+00:00\" \/>\n<meta name=\"twitter:card\" content=\"summary_large_image\" \/>\n<meta name=\"twitter:label1\" content=\"Est. tempo de leitura\" \/>\n\t<meta name=\"twitter:data1\" content=\"26 minutos\" \/>\n\t<meta name=\"twitter:label2\" content=\"Written by\" \/>\n\t<meta name=\"twitter:data2\" content=\"Arthur Ventura\" \/>\n<script type=\"application\/ld+json\" class=\"yoast-schema-graph\">{\"@context\":\"https:\/\/schema.org\",\"@graph\":[{\"@type\":\"WebPage\",\"@id\":\"https:\/\/encartes.mx\/politicas-editoriales\/\",\"url\":\"https:\/\/encartes.mx\/politicas-editoriales\/\",\"name\":\"Pol\u00edticas editoriales &#8211; Encartes\",\"isPartOf\":{\"@id\":\"https:\/\/encartes.mx\/#website\"},\"datePublished\":\"2017-02-26T23:26:29+00:00\",\"dateModified\":\"2023-11-27T16:45:29+00:00\",\"breadcrumb\":{\"@id\":\"https:\/\/encartes.mx\/politicas-editoriales\/#breadcrumb\"},\"inLanguage\":\"pt-BR\",\"potentialAction\":[{\"@type\":\"ReadAction\",\"target\":[\"https:\/\/encartes.mx\/politicas-editoriales\/\"]}]},{\"@type\":\"BreadcrumbList\",\"@id\":\"https:\/\/encartes.mx\/politicas-editoriales\/#breadcrumb\",\"itemListElement\":[{\"@type\":\"ListItem\",\"position\":1,\"name\":\"Home\",\"item\":\"https:\/\/encartes.mx\/\"},{\"@type\":\"ListItem\",\"position\":2,\"name\":\"Pol\u00edticas editoriales\"}]},{\"@type\":\"WebSite\",\"@id\":\"https:\/\/encartes.mx\/#website\",\"url\":\"https:\/\/encartes.mx\/\",\"name\":\"Encartes\",\"description\":\"Revista digital multimedia\",\"publisher\":{\"@id\":\"https:\/\/encartes.mx\/#organization\"},\"potentialAction\":[{\"@type\":\"SearchAction\",\"target\":{\"@type\":\"EntryPoint\",\"urlTemplate\":\"https:\/\/encartes.mx\/?s={search_term_string}\"},\"query-input\":\"required name=search_term_string\"}],\"inLanguage\":\"pt-BR\"},{\"@type\":\"Organization\",\"@id\":\"https:\/\/encartes.mx\/#organization\",\"name\":\"Encartes Antropol\u00f3gicos\",\"url\":\"https:\/\/encartes.mx\/\",\"logo\":{\"@type\":\"ImageObject\",\"inLanguage\":\"pt-BR\",\"@id\":\"https:\/\/encartes.mx\/#\/schema\/logo\/image\/\",\"url\":\"https:\/\/encartes.mx\/wp-content\/uploads\/2017\/04\/Logo-04.png\",\"contentUrl\":\"https:\/\/encartes.mx\/wp-content\/uploads\/2017\/04\/Logo-04.png\",\"width\":338,\"height\":306,\"caption\":\"Encartes Antropol\u00f3gicos\"},\"image\":{\"@id\":\"https:\/\/encartes.mx\/#\/schema\/logo\/image\/\"}}]}<\/script>\n<!-- \/ Yoast SEO plugin. -->","yoast_head_json":{"title":"Pol\u00edticas editoriales &#8211; Encartes","robots":{"index":"index","follow":"follow","max-snippet":"max-snippet:-1","max-image-preview":"max-image-preview:large","max-video-preview":"max-video-preview:-1"},"canonical":"https:\/\/encartes.mx\/pt\/politicas-editoriales\/","og_locale":"pt_BR","og_type":"article","og_title":"Pol\u00edticas editoriales &#8211; Encartes","og_description":"Directrices generales Como parte del proceso de env\u00edo, los autores\/as est\u00e1n obligados a comprobar que su env\u00edo cumpla todos los elementos que se muestran a continuaci\u00f3n. El Equipo de coordinaci\u00f3n editorial revisar\u00e1 el material y en caso de que no los cumpla con les requisitos, se devolver\u00e1 el producto a los autores\/as. Los requisitos son: [&hellip;]","og_url":"https:\/\/encartes.mx\/pt\/politicas-editoriales\/","og_site_name":"Encartes","article_modified_time":"2023-11-27T16:45:29+00:00","twitter_card":"summary_large_image","twitter_misc":{"Est. tempo de leitura":"26 minutos","Written by":"Arthur Ventura"},"schema":{"@context":"https:\/\/schema.org","@graph":[{"@type":"WebPage","@id":"https:\/\/encartes.mx\/politicas-editoriales\/","url":"https:\/\/encartes.mx\/politicas-editoriales\/","name":"Pol\u00edticas editoriales &#8211; Encartes","isPartOf":{"@id":"https:\/\/encartes.mx\/#website"},"datePublished":"2017-02-26T23:26:29+00:00","dateModified":"2023-11-27T16:45:29+00:00","breadcrumb":{"@id":"https:\/\/encartes.mx\/politicas-editoriales\/#breadcrumb"},"inLanguage":"pt-BR","potentialAction":[{"@type":"ReadAction","target":["https:\/\/encartes.mx\/politicas-editoriales\/"]}]},{"@type":"BreadcrumbList","@id":"https:\/\/encartes.mx\/politicas-editoriales\/#breadcrumb","itemListElement":[{"@type":"ListItem","position":1,"name":"Home","item":"https:\/\/encartes.mx\/"},{"@type":"ListItem","position":2,"name":"Pol\u00edticas editoriales"}]},{"@type":"WebSite","@id":"https:\/\/encartes.mx\/#website","url":"https:\/\/encartes.mx\/","name":"Encartes","description":"Revista multim\u00eddia digital","publisher":{"@id":"https:\/\/encartes.mx\/#organization"},"potentialAction":[{"@type":"SearchAction","target":{"@type":"EntryPoint","urlTemplate":"https:\/\/encartes.mx\/?s={search_term_string}"},"query-input":"required name=search_term_string"}],"inLanguage":"pt-BR"},{"@type":"Organization","@id":"https:\/\/encartes.mx\/#organization","name":"Inser\u00e7\u00f5es antropol\u00f3gicas","url":"https:\/\/encartes.mx\/","logo":{"@type":"ImageObject","inLanguage":"pt-BR","@id":"https:\/\/encartes.mx\/#\/schema\/logo\/image\/","url":"https:\/\/encartes.mx\/wp-content\/uploads\/2017\/04\/Logo-04.png","contentUrl":"https:\/\/encartes.mx\/wp-content\/uploads\/2017\/04\/Logo-04.png","width":338,"height":306,"caption":"Encartes Antropol\u00f3gicos"},"image":{"@id":"https:\/\/encartes.mx\/#\/schema\/logo\/image\/"}}]}},"jetpack_sharing_enabled":true,"_links":{"self":[{"href":"https:\/\/encartes.mx\/pt\/wp-json\/wp\/v2\/pages\/28816","targetHints":{"allow":["GET"]}}],"collection":[{"href":"https:\/\/encartes.mx\/pt\/wp-json\/wp\/v2\/pages"}],"about":[{"href":"https:\/\/encartes.mx\/pt\/wp-json\/wp\/v2\/types\/page"}],"author":[{"embeddable":true,"href":"https:\/\/encartes.mx\/pt\/wp-json\/wp\/v2\/users\/4"}],"replies":[{"embeddable":true,"href":"https:\/\/encartes.mx\/pt\/wp-json\/wp\/v2\/comments?post=28816"}],"version-history":[{"count":44,"href":"https:\/\/encartes.mx\/pt\/wp-json\/wp\/v2\/pages\/28816\/revisions"}],"predecessor-version":[{"id":38169,"href":"https:\/\/encartes.mx\/pt\/wp-json\/wp\/v2\/pages\/28816\/revisions\/38169"}],"wp:attachment":[{"href":"https:\/\/encartes.mx\/pt\/wp-json\/wp\/v2\/media?parent=28816"}],"wp:term":[{"taxonomy":"author","embeddable":true,"href":"https:\/\/encartes.mx\/pt\/wp-json\/wp\/v2\/coauthors?post=28816"}],"curies":[{"name":"wp","href":"https:\/\/api.w.org\/{rel}","templated":true}]}}