{"version":"1.0","provider_name":"Encartes","provider_url":"https:\/\/encartes.mx\/pt\/","author_name":"Arthur Ventura","author_url":"https:\/\/encartes.mx\/pt\/author\/arthur\/","title":"Trabajadoras dom\u00e9sticas ind\u00edgenas y empleadores en el M\u00e9xico contempor\u00e1neo: cambios, continuidades y convergencias &#8211; Encartes","type":"rich","width":600,"height":338,"html":"<blockquote class=\"wp-embedded-content\" data-secret=\"jKDPWcNtgn\"><a href=\"https:\/\/encartes.mx\/pt\/trabajadoras-domesticas-monterrey\/\">Trabalhadores dom\u00e9sticos ind\u00edgenas e empregadores no M\u00e9xico contempor\u00e2neo: mudan\u00e7as, continuidades e converg\u00eancias<\/a><\/blockquote><iframe sandbox=\"allow-scripts\" security=\"restricted\" src=\"https:\/\/encartes.mx\/pt\/trabajadoras-domesticas-monterrey\/embed\/#?secret=jKDPWcNtgn\" width=\"600\" height=\"338\" title=\"&quot;Trabalhadores dom\u00e9sticos ind\u00edgenas e empregadores no M\u00e9xico contempor\u00e2neo: mudan\u00e7as, continuidades e converg\u00eancias&quot; - Inser\u00e7\u00f5es\" data-secret=\"jKDPWcNtgn\" frameborder=\"0\" marginwidth=\"0\" marginheight=\"0\" scrolling=\"no\" class=\"wp-embedded-content\"><\/iframe><script>\n\/*! This file is auto-generated *\/\n!function(d,l){\"use strict\";l.querySelector&&d.addEventListener&&\"undefined\"!=typeof URL&&(d.wp=d.wp||{},d.wp.receiveEmbedMessage||(d.wp.receiveEmbedMessage=function(e){var t=e.data;if((t||t.secret||t.message||t.value)&&!\/[^a-zA-Z0-9]\/.test(t.secret)){for(var s,r,n,a=l.querySelectorAll('iframe[data-secret=\"'+t.secret+'\"]'),o=l.querySelectorAll('blockquote[data-secret=\"'+t.secret+'\"]'),c=new RegExp(\"^https?:$\",\"i\"),i=0;i<o.length;i++)o[i].style.display=\"none\";for(i=0;i<a.length;i++)s=a[i],e.source===s.contentWindow&&(s.removeAttribute(\"style\"),\"height\"===t.message?(1e3<(r=parseInt(t.value,10))?r=1e3:~~r<200&&(r=200),s.height=r):\"link\"===t.message&&(r=new URL(s.getAttribute(\"src\")),n=new URL(t.value),c.test(n.protocol))&&n.host===r.host&&l.activeElement===s&&(d.top.location.href=t.value))}},d.addEventListener(\"message\",d.wp.receiveEmbedMessage,!1),l.addEventListener(\"DOMContentLoaded\",function(){for(var e,t,s=l.querySelectorAll(\"iframe.wp-embedded-content\"),r=0;r<s.length;r++)(t=(e=s[r]).getAttribute(\"data-secret\"))||(t=Math.random().toString(36).substring(2,12),e.src+=\"#?secret=\"+t,e.setAttribute(\"data-secret\",t)),e.contentWindow.postMessage({message:\"ready\",secret:t},\"*\")},!1)))}(window,document);\n<\/script>","description":"El libro de S\u00e9verine Durin representa un aporte significativo para analizar y comprender los procesos a trav\u00e9s de los cuales se naturaliza y legitima la desigualdad del lugar de las trabajadoras del hogar ind\u00edgenas en el M\u00e9xico contempor\u00e1neo. Producto de m\u00e1s de diez a\u00f1os de investigaci\u00f3n sobre la situaci\u00f3n de los ind\u00edgenas en el \u00e1rea metropolitana de Monterrey, la autora propone desde una perspectiva antropol\u00f3gica ver con mirada cr\u00edtica y relacional y realizar una contribuci\u00f3n nodal al debate sobre la precariedad y la vulnerabilidad de las trabajadoras del hogar \u201cde planta\u201d, a partir de una mirada que intersecta los clivajes de g\u00e9nero, clase y etnia."}