{"version":"1.0","provider_name":"Encartes","provider_url":"https:\/\/encartes.mx\/pt\/","author_name":"Arthur Ventura","author_url":"https:\/\/encartes.mx\/pt\/author\/arthur\/","title":"Identidades pol\u00edticas y democracia desde las comunidades ind\u00edgenas, aportes a una discusi\u00f3n en la heterogeneidad &#8211; Encartes","type":"rich","width":600,"height":338,"html":"<blockquote class=\"wp-embedded-content\" data-secret=\"SIioF6uHkJ\"><a href=\"https:\/\/encartes.mx\/pt\/esquit-identidades-politicas-autonomia-democracia\/\">Identidades pol\u00edticas e democracia de comunidades ind\u00edgenas, contribui\u00e7\u00f5es para uma discuss\u00e3o sobre heterogeneidade.<\/a><\/blockquote><iframe sandbox=\"allow-scripts\" security=\"restricted\" src=\"https:\/\/encartes.mx\/pt\/esquit-identidades-politicas-autonomia-democracia\/embed\/#?secret=SIioF6uHkJ\" width=\"600\" height=\"338\" title=\"&quot;Identidades pol\u00edticas e democracia de comunidades ind\u00edgenas, contribui\u00e7\u00f5es para uma discuss\u00e3o sobre heterogeneidade&quot; - Inser\u00e7\u00f5es\" data-secret=\"SIioF6uHkJ\" frameborder=\"0\" marginwidth=\"0\" marginheight=\"0\" scrolling=\"no\" class=\"wp-embedded-content\"><\/iframe><script>\n\/*! This file is auto-generated *\/\n!function(d,l){\"use strict\";l.querySelector&&d.addEventListener&&\"undefined\"!=typeof URL&&(d.wp=d.wp||{},d.wp.receiveEmbedMessage||(d.wp.receiveEmbedMessage=function(e){var t=e.data;if((t||t.secret||t.message||t.value)&&!\/[^a-zA-Z0-9]\/.test(t.secret)){for(var s,r,n,a=l.querySelectorAll('iframe[data-secret=\"'+t.secret+'\"]'),o=l.querySelectorAll('blockquote[data-secret=\"'+t.secret+'\"]'),c=new RegExp(\"^https?:$\",\"i\"),i=0;i<o.length;i++)o[i].style.display=\"none\";for(i=0;i<a.length;i++)s=a[i],e.source===s.contentWindow&&(s.removeAttribute(\"style\"),\"height\"===t.message?(1e3<(r=parseInt(t.value,10))?r=1e3:~~r<200&&(r=200),s.height=r):\"link\"===t.message&&(r=new URL(s.getAttribute(\"src\")),n=new URL(t.value),c.test(n.protocol))&&n.host===r.host&&l.activeElement===s&&(d.top.location.href=t.value))}},d.addEventListener(\"message\",d.wp.receiveEmbedMessage,!1),l.addEventListener(\"DOMContentLoaded\",function(){for(var e,t,s=l.querySelectorAll(\"iframe.wp-embedded-content\"),r=0;r<s.length;r++)(t=(e=s[r]).getAttribute(\"data-secret\"))||(t=Math.random().toString(36).substring(2,12),e.src+=\"#?secret=\"+t,e.setAttribute(\"data-secret\",t)),e.contentWindow.postMessage({message:\"ready\",secret:t},\"*\")},!1)))}(window,document);\n<\/script>","description":"El escrito trae a la discusi\u00f3n la historia de las comunidades ind\u00edgenas con el fin de dar a conocer unas perspectivas diferentes con relaci\u00f3n a la justicia social en el sentido universalista. Se plantea que, en lugar de enfatizar solo las identidades culturales, es indispensable abrir la discusi\u00f3n sobre la formaci\u00f3n de las identidades pol\u00edticas desarrolladas por las comunidades y pueblos ind\u00edgenas. Se resalta que la democracia en Am\u00e9rica Latina puede ser pensada a partir de la heterogeneidad de las posiciones pol\u00edticas adoptadas por los pueblos y las comunidades ind\u00edgenas."}