{"id":39049,"date":"2024-09-20T10:51:26","date_gmt":"2024-09-20T16:51:26","guid":{"rendered":"https:\/\/encartes.mx\/?post_type=ensayos-fotograficos&#038;p=39049"},"modified":"2024-09-20T10:51:26","modified_gmt":"2024-09-20T16:51:26","slug":"mancilla-fotos-huasteca-potosina-nahuas-mascaras-agencia-xantolo","status":"publish","type":"ensayos-fotograficos","link":"https:\/\/encartes.mx\/fr\/ensayos-fotograficos\/mancilla-fotos-huasteca-potosina-nahuas-mascaras-agencia-xantolo\/","title":{"rendered":"Photographier un processus rituel : une approche de l'agence des masques Xantolo"},"content":{"rendered":"<p><strong>Pablo Uriel Mancilla Reyna<\/strong><\/p>\n\n\n\n<p><em>Le Coll\u00e8ge de San Luis<\/em><\/p>\n\n\n\n<p>est candidat au doctorat dans le cadre du programme d'\u00e9tudes anthropologiques du Colegio de San Luis. Ses recherches portent sur les rituels, l'anthropologie visuelle, les pratiques religieuses et l'anthropologie de l'art. Il fait partie du Laboratorio de Antropolog\u00eda Visual de El Colegio de San Luis (LAVSAN).<\/p>\n\n\n\n<hr class=\"wp-block-separator has-css-opacity\"\/>\n\n\n\n<div class=\"wp-block-columns alignwide are-vertically-aligned-center is-layout-flex wp-container-core-columns-is-layout-1 wp-block-columns-is-layout-flex\" id=\"img-2\">\n<div class=\"wp-block-column is-vertically-aligned-center is-layout-flow wp-block-column-is-layout-flow\" style=\"flex-basis:66.66%\">\n<figure class=\"wp-block-image size-full\"><img loading=\"lazy\" decoding=\"async\" width=\"2400\" height=\"1800\" src=\"https:\/\/encartes.mx\/wp-content\/uploads\/2024\/09\/resizedImagen-1.-Chapulhuacanito_-lugar-de-chapulines-y-de-mascaras_.jpg\" alt=\"\" class=\"wp-image-39050\" srcset=\"https:\/\/encartes.mx\/wp-content\/uploads\/2024\/09\/resizedImagen-1.-Chapulhuacanito_-lugar-de-chapulines-y-de-mascaras_.jpg 2400w, https:\/\/encartes.mx\/wp-content\/uploads\/2024\/09\/resizedImagen-1.-Chapulhuacanito_-lugar-de-chapulines-y-de-mascaras_-300x225.jpg 300w, https:\/\/encartes.mx\/wp-content\/uploads\/2024\/09\/resizedImagen-1.-Chapulhuacanito_-lugar-de-chapulines-y-de-mascaras_-1024x768.jpg 1024w, https:\/\/encartes.mx\/wp-content\/uploads\/2024\/09\/resizedImagen-1.-Chapulhuacanito_-lugar-de-chapulines-y-de-mascaras_-768x576.jpg 768w, https:\/\/encartes.mx\/wp-content\/uploads\/2024\/09\/resizedImagen-1.-Chapulhuacanito_-lugar-de-chapulines-y-de-mascaras_-1600x1200.jpg 1600w, https:\/\/encartes.mx\/wp-content\/uploads\/2024\/09\/resizedImagen-1.-Chapulhuacanito_-lugar-de-chapulines-y-de-mascaras_-2200x1650.jpg 2200w, https:\/\/encartes.mx\/wp-content\/uploads\/2024\/09\/resizedImagen-1.-Chapulhuacanito_-lugar-de-chapulines-y-de-mascaras_-1536x1152.jpg 1536w, https:\/\/encartes.mx\/wp-content\/uploads\/2024\/09\/resizedImagen-1.-Chapulhuacanito_-lugar-de-chapulines-y-de-mascaras_-2048x1536.jpg 2048w, https:\/\/encartes.mx\/wp-content\/uploads\/2024\/09\/resizedImagen-1.-Chapulhuacanito_-lugar-de-chapulines-y-de-mascaras_-16x12.jpg 16w, https:\/\/encartes.mx\/wp-content\/uploads\/2024\/09\/resizedImagen-1.-Chapulhuacanito_-lugar-de-chapulines-y-de-mascaras_-1200x900.jpg 1200w, https:\/\/encartes.mx\/wp-content\/uploads\/2024\/09\/resizedImagen-1.-Chapulhuacanito_-lugar-de-chapulines-y-de-mascaras_-1980x1485.jpg 1980w\" sizes=\"auto, (max-width: 2400px) 100vw, 2400px\" \/><\/figure>\n<\/div>\n\n\n\n<div class=\"wp-block-column is-vertically-aligned-center is-layout-flow wp-block-column-is-layout-flow\">\n<p><strong><strong>Image 1 : Chapulhuacanito : lieu des sauterelles et des masques.<\/strong><\/strong><\/p>\n\n\n\n<p><em><em>Chapulhuacanito, Tamazunchale, S.L.P. Mexique. Novembre 2022<\/em><\/em><\/p>\n\n\n\n<p>Pendant les jours de la f\u00eate du Xanto, le centre de Chapulhuacanito est d\u00e9cor\u00e9 pour attirer les villageois et les visiteurs.<\/p>\n\n\n\n<blockquote class=\"wp-block-quote is-layout-flow wp-block-quote-is-layout-flow\">\n<p>Cette ann\u00e9e, nous esp\u00e9rons que la d\u00e9l\u00e9gation organisera bien l'\u00e9v\u00e9nement, car le Xantolo est la grande f\u00eate de Chapulhuacanito.<\/p>\n<cite><em>Participant du groupe costum\u00e9 du quartier de San Jos\u00e9<\/em><\/cite><\/blockquote>\n<\/div>\n<\/div>\n\n\n\n<hr class=\"wp-block-separator has-css-opacity\"\/>\n\n\n\n<div class=\"wp-block-columns alignwide is-layout-flex wp-container-core-columns-is-layout-2 wp-block-columns-is-layout-flex\" id=\"img-3\">\n<div class=\"wp-block-column is-vertically-aligned-center is-layout-flow wp-block-column-is-layout-flow\">\n<p style=\"font-size:15px\"><\/p>\n\n\n\n<p><strong>Image 2 : Semences pour la Saint-Jean<\/strong><\/p>\n\n\n\n<p><em><em>Chapulhuacanito, Tamazunchale, S.L.P. Mexique. Novembre 2019<\/em><\/em><\/p>\n\n\n\n<p>La fleur de cempas\u00fachil qui est plac\u00e9e sur les autels domestiques pendant le Xantolo est laiss\u00e9e \u00e0 s\u00e9cher et ses graines seront saupoudr\u00e9es le 24 juin (jour de la Saint-Jean-Baptiste) de l'ann\u00e9e suivante. Ce jour-l\u00e0, les habitants sortent dans la cour de leur maison et saupoudrent les graines qui leur donneront la fleur de Xantolo de l'ann\u00e9e.\u00a0<\/p>\n<\/div>\n\n\n\n<div class=\"wp-block-column is-layout-flow wp-block-column-is-layout-flow\" style=\"flex-basis:66.66%\">\n<figure class=\"wp-block-image size-large\"><img loading=\"lazy\" decoding=\"async\" width=\"1024\" height=\"683\" src=\"https:\/\/encartes.mx\/wp-content\/uploads\/2024\/09\/resizedImagen-2.-Semilla-para-el-dia-de-San-Juan_-1024x683.jpg\" alt=\"\" class=\"wp-image-39051\" srcset=\"https:\/\/encartes.mx\/wp-content\/uploads\/2024\/09\/resizedImagen-2.-Semilla-para-el-dia-de-San-Juan_-1024x683.jpg 1024w, https:\/\/encartes.mx\/wp-content\/uploads\/2024\/09\/resizedImagen-2.-Semilla-para-el-dia-de-San-Juan_-300x200.jpg 300w, https:\/\/encartes.mx\/wp-content\/uploads\/2024\/09\/resizedImagen-2.-Semilla-para-el-dia-de-San-Juan_-768x512.jpg 768w, https:\/\/encartes.mx\/wp-content\/uploads\/2024\/09\/resizedImagen-2.-Semilla-para-el-dia-de-San-Juan_-1600x1067.jpg 1600w, https:\/\/encartes.mx\/wp-content\/uploads\/2024\/09\/resizedImagen-2.-Semilla-para-el-dia-de-San-Juan_-2200x1467.jpg 2200w, https:\/\/encartes.mx\/wp-content\/uploads\/2024\/09\/resizedImagen-2.-Semilla-para-el-dia-de-San-Juan_-1536x1024.jpg 1536w, https:\/\/encartes.mx\/wp-content\/uploads\/2024\/09\/resizedImagen-2.-Semilla-para-el-dia-de-San-Juan_-2048x1365.jpg 2048w, https:\/\/encartes.mx\/wp-content\/uploads\/2024\/09\/resizedImagen-2.-Semilla-para-el-dia-de-San-Juan_-18x12.jpg 18w, https:\/\/encartes.mx\/wp-content\/uploads\/2024\/09\/resizedImagen-2.-Semilla-para-el-dia-de-San-Juan_-1200x800.jpg 1200w, https:\/\/encartes.mx\/wp-content\/uploads\/2024\/09\/resizedImagen-2.-Semilla-para-el-dia-de-San-Juan_-1980x1320.jpg 1980w, https:\/\/encartes.mx\/wp-content\/uploads\/2024\/09\/resizedImagen-2.-Semilla-para-el-dia-de-San-Juan_.jpg 2400w\" sizes=\"auto, (max-width: 1024px) 100vw, 1024px\" \/><\/figure>\n<\/div>\n<\/div>\n\n\n\n<hr class=\"wp-block-separator has-css-opacity\"\/>\n\n\n\n<div class=\"wp-block-columns alignwide are-vertically-aligned-center is-layout-flex wp-container-core-columns-is-layout-3 wp-block-columns-is-layout-flex\" id=\"img-4\">\n<div class=\"wp-block-column is-vertically-aligned-center is-layout-flow wp-block-column-is-layout-flow\" style=\"flex-basis:50%\">\n<figure class=\"wp-block-image size-large\"><img loading=\"lazy\" decoding=\"async\" width=\"1024\" height=\"683\" src=\"https:\/\/encartes.mx\/wp-content\/uploads\/2024\/09\/resizedImagen-3.-Tamales-para-la-ofrenda_-1024x683.jpg\" alt=\"\" class=\"wp-image-39052\" srcset=\"https:\/\/encartes.mx\/wp-content\/uploads\/2024\/09\/resizedImagen-3.-Tamales-para-la-ofrenda_-1024x683.jpg 1024w, https:\/\/encartes.mx\/wp-content\/uploads\/2024\/09\/resizedImagen-3.-Tamales-para-la-ofrenda_-300x200.jpg 300w, https:\/\/encartes.mx\/wp-content\/uploads\/2024\/09\/resizedImagen-3.-Tamales-para-la-ofrenda_-768x512.jpg 768w, https:\/\/encartes.mx\/wp-content\/uploads\/2024\/09\/resizedImagen-3.-Tamales-para-la-ofrenda_-1600x1067.jpg 1600w, https:\/\/encartes.mx\/wp-content\/uploads\/2024\/09\/resizedImagen-3.-Tamales-para-la-ofrenda_-2200x1467.jpg 2200w, https:\/\/encartes.mx\/wp-content\/uploads\/2024\/09\/resizedImagen-3.-Tamales-para-la-ofrenda_-1536x1024.jpg 1536w, https:\/\/encartes.mx\/wp-content\/uploads\/2024\/09\/resizedImagen-3.-Tamales-para-la-ofrenda_-2048x1365.jpg 2048w, https:\/\/encartes.mx\/wp-content\/uploads\/2024\/09\/resizedImagen-3.-Tamales-para-la-ofrenda_-18x12.jpg 18w, https:\/\/encartes.mx\/wp-content\/uploads\/2024\/09\/resizedImagen-3.-Tamales-para-la-ofrenda_-1200x800.jpg 1200w, https:\/\/encartes.mx\/wp-content\/uploads\/2024\/09\/resizedImagen-3.-Tamales-para-la-ofrenda_-1980x1320.jpg 1980w, https:\/\/encartes.mx\/wp-content\/uploads\/2024\/09\/resizedImagen-3.-Tamales-para-la-ofrenda_.jpg 2400w\" sizes=\"auto, (max-width: 1024px) 100vw, 1024px\" \/><\/figure>\n<\/div>\n\n\n\n<div class=\"wp-block-column is-vertically-aligned-center is-layout-flow wp-block-column-is-layout-flow\">\n<p><strong><strong>Image 3 : Tamales pour l'ofrenda<\/strong><\/strong><\/p>\n\n\n\n<p><em>Chapulhuacanito, Tamazunchale, S.L.P. Mexique. octobre 2023<\/em><\/p>\n\n\n\n<p>Pendant la descente des masques et les jours de Xantolo, les femmes s'organisent pour pr\u00e9parer les tamales qu'elles offriront et qui serviront de nourriture aux participants du groupe costum\u00e9, qui viendront les manger lorsqu'ils auront fini de danser dans les rues de la communaut\u00e9.<\/p>\n\n\n\n<p>La fabrication des tamales est l'une des t\u00e2ches les plus importantes et soutient le processus rituel du Xantolo lors de l'offrande et de l'\u00e9change de nourriture.<\/p>\n<\/div>\n<\/div>\n\n\n\n<hr class=\"wp-block-separator has-css-opacity\"\/>\n\n\n\n<div class=\"wp-block-columns alignwide is-layout-flex wp-container-core-columns-is-layout-4 wp-block-columns-is-layout-flex\" id=\"img-5\">\n<div class=\"wp-block-column is-vertically-aligned-center is-layout-flow wp-block-column-is-layout-flow\">\n<p style=\"font-size:15px\"><\/p>\n\n\n\n<p><strong>Image 4 : Autel domestique<\/strong><\/p>\n\n\n\n<p><em>Chapulhuacanito, <\/em>Tamazunchale, S.L.P. Mexique. novembre<em> de 2019<\/em>.<\/p>\n\n\n\n<blockquote class=\"wp-block-quote is-layout-flow wp-block-quote-is-layout-flow\">\n<p>Je t'attends \u00e0 Xantolo pour que tu me prennes en photo avec l'autel que je vais installer dans la maison\", a d\u00e9clar\u00e9 Don Barrag\u00e1n.<\/p>\n<cite><em>Extrait de mon journal de terrain<\/em><\/cite><\/blockquote>\n\n\n\n<p>Un autel domestique est install\u00e9 dans les maisons et d\u00e9di\u00e9 aux membres d\u00e9c\u00e9d\u00e9s de la famille. On y d\u00e9pose de la nourriture et des offrandes, et parfois un masque, en r\u00e9f\u00e9rence \u00e0 leur participation \u00e0 un groupe costum\u00e9.<\/p>\n<\/div>\n\n\n\n<div class=\"wp-block-column is-layout-flow wp-block-column-is-layout-flow\" style=\"flex-basis:50%\">\n<figure class=\"wp-block-image size-large\"><img loading=\"lazy\" decoding=\"async\" width=\"1024\" height=\"683\" src=\"https:\/\/encartes.mx\/wp-content\/uploads\/2024\/09\/resizedImagen-4.-Altar-domestico_-1024x683.jpg\" alt=\"\" class=\"wp-image-39053\" srcset=\"https:\/\/encartes.mx\/wp-content\/uploads\/2024\/09\/resizedImagen-4.-Altar-domestico_-1024x683.jpg 1024w, https:\/\/encartes.mx\/wp-content\/uploads\/2024\/09\/resizedImagen-4.-Altar-domestico_-300x200.jpg 300w, https:\/\/encartes.mx\/wp-content\/uploads\/2024\/09\/resizedImagen-4.-Altar-domestico_-768x512.jpg 768w, https:\/\/encartes.mx\/wp-content\/uploads\/2024\/09\/resizedImagen-4.-Altar-domestico_-1600x1067.jpg 1600w, https:\/\/encartes.mx\/wp-content\/uploads\/2024\/09\/resizedImagen-4.-Altar-domestico_-2200x1467.jpg 2200w, https:\/\/encartes.mx\/wp-content\/uploads\/2024\/09\/resizedImagen-4.-Altar-domestico_-1536x1024.jpg 1536w, https:\/\/encartes.mx\/wp-content\/uploads\/2024\/09\/resizedImagen-4.-Altar-domestico_-2048x1365.jpg 2048w, https:\/\/encartes.mx\/wp-content\/uploads\/2024\/09\/resizedImagen-4.-Altar-domestico_-18x12.jpg 18w, https:\/\/encartes.mx\/wp-content\/uploads\/2024\/09\/resizedImagen-4.-Altar-domestico_-1200x800.jpg 1200w, https:\/\/encartes.mx\/wp-content\/uploads\/2024\/09\/resizedImagen-4.-Altar-domestico_-1980x1320.jpg 1980w, https:\/\/encartes.mx\/wp-content\/uploads\/2024\/09\/resizedImagen-4.-Altar-domestico_.jpg 2400w\" sizes=\"auto, (max-width: 1024px) 100vw, 1024px\" \/><\/figure>\n<\/div>\n<\/div>\n\n\n\n<hr class=\"wp-block-separator has-css-opacity\"\/>\n\n\n\n<div class=\"wp-block-columns alignwide are-vertically-aligned-center is-layout-flex wp-container-core-columns-is-layout-5 wp-block-columns-is-layout-flex\" id=\"img-6\">\n<div class=\"wp-block-column is-vertically-aligned-center is-layout-flow wp-block-column-is-layout-flow\" style=\"flex-basis:66.66%\">\n<figure class=\"wp-block-image size-large\"><img loading=\"lazy\" decoding=\"async\" width=\"1024\" height=\"683\" src=\"https:\/\/encartes.mx\/wp-content\/uploads\/2024\/09\/resizedImagen-5.-No-decir-gracias_-1024x683.jpg\" alt=\"\" class=\"wp-image-39054\" srcset=\"https:\/\/encartes.mx\/wp-content\/uploads\/2024\/09\/resizedImagen-5.-No-decir-gracias_-1024x683.jpg 1024w, https:\/\/encartes.mx\/wp-content\/uploads\/2024\/09\/resizedImagen-5.-No-decir-gracias_-300x200.jpg 300w, https:\/\/encartes.mx\/wp-content\/uploads\/2024\/09\/resizedImagen-5.-No-decir-gracias_-768x512.jpg 768w, https:\/\/encartes.mx\/wp-content\/uploads\/2024\/09\/resizedImagen-5.-No-decir-gracias_-1600x1067.jpg 1600w, https:\/\/encartes.mx\/wp-content\/uploads\/2024\/09\/resizedImagen-5.-No-decir-gracias_-2200x1467.jpg 2200w, https:\/\/encartes.mx\/wp-content\/uploads\/2024\/09\/resizedImagen-5.-No-decir-gracias_-1536x1024.jpg 1536w, https:\/\/encartes.mx\/wp-content\/uploads\/2024\/09\/resizedImagen-5.-No-decir-gracias_-2048x1365.jpg 2048w, https:\/\/encartes.mx\/wp-content\/uploads\/2024\/09\/resizedImagen-5.-No-decir-gracias_-18x12.jpg 18w, https:\/\/encartes.mx\/wp-content\/uploads\/2024\/09\/resizedImagen-5.-No-decir-gracias_-1200x800.jpg 1200w, https:\/\/encartes.mx\/wp-content\/uploads\/2024\/09\/resizedImagen-5.-No-decir-gracias_-1980x1320.jpg 1980w, https:\/\/encartes.mx\/wp-content\/uploads\/2024\/09\/resizedImagen-5.-No-decir-gracias_.jpg 2400w\" sizes=\"auto, (max-width: 1024px) 100vw, 1024px\" \/><\/figure>\n<\/div>\n\n\n\n<div class=\"wp-block-column is-vertically-aligned-center is-layout-flow wp-block-column-is-layout-flow\">\n<p><strong><strong>Image 5 : Ne pas dire merci<\/strong><\/strong><\/p>\n\n\n\n<p><em>Chapulhuacanito, Tamazunchale, S.L.P. Mexique. Novembre 2019<\/em><\/p>\n\n\n\n<p>Dans les offrandes domestiques, les gens placent les aliments qui seront fum\u00e9s puis mang\u00e9s. \u00c0 Chapulhuacanito, pendant les jours de Xantolo, les gens mangent ce qu'ils mettent sur l'autel. Lorsque les gens sont invit\u00e9s \u00e0 ofrendar (consommer la nourriture sur l'autel), ils ne doivent pas dire merci parce que la nourriture a \u00e9t\u00e9 pr\u00e9par\u00e9e pour le d\u00e9funt et qu'un seul est le v\u00e9hicule qui la consomme sous sa forme mat\u00e9rielle.<\/p>\n<\/div>\n<\/div>\n\n\n\n<hr class=\"wp-block-separator has-css-opacity\"\/>\n\n\n\n<div class=\"wp-block-columns alignwide is-layout-flex wp-container-core-columns-is-layout-6 wp-block-columns-is-layout-flex\" id=\"img-7\">\n<div class=\"wp-block-column is-vertically-aligned-center is-layout-flow wp-block-column-is-layout-flow\">\n<p><strong>Image 6 : La descente du diable<\/strong><\/p>\n\n\n\n<p>Chapulhuacanito, Tamazunchale, S.L.P. Mexique. Novembre 2023.<\/p>\n\n\n\n<p>Lors de la premi\u00e8re descente des masques, il est essentiel de descendre les masques de diable avec des cornes courb\u00e9es et des cornes debout. Ceux-ci sont re\u00e7us par un ancien impresario qui, en les prenant, souffle du copal sur le sahumerio.<\/p>\n<\/div>\n\n\n\n<div class=\"wp-block-column is-layout-flow wp-block-column-is-layout-flow\" style=\"flex-basis:66.66%\">\n<figure class=\"wp-block-image size-large\"><img loading=\"lazy\" decoding=\"async\" width=\"1024\" height=\"683\" src=\"https:\/\/encartes.mx\/wp-content\/uploads\/2024\/09\/resizedImagen-6.-La-bajada-del-diablo_-1024x683.jpg\" alt=\"\" class=\"wp-image-39055\" srcset=\"https:\/\/encartes.mx\/wp-content\/uploads\/2024\/09\/resizedImagen-6.-La-bajada-del-diablo_-1024x683.jpg 1024w, https:\/\/encartes.mx\/wp-content\/uploads\/2024\/09\/resizedImagen-6.-La-bajada-del-diablo_-300x200.jpg 300w, https:\/\/encartes.mx\/wp-content\/uploads\/2024\/09\/resizedImagen-6.-La-bajada-del-diablo_-768x512.jpg 768w, https:\/\/encartes.mx\/wp-content\/uploads\/2024\/09\/resizedImagen-6.-La-bajada-del-diablo_-1600x1067.jpg 1600w, https:\/\/encartes.mx\/wp-content\/uploads\/2024\/09\/resizedImagen-6.-La-bajada-del-diablo_-2200x1467.jpg 2200w, https:\/\/encartes.mx\/wp-content\/uploads\/2024\/09\/resizedImagen-6.-La-bajada-del-diablo_-1536x1024.jpg 1536w, https:\/\/encartes.mx\/wp-content\/uploads\/2024\/09\/resizedImagen-6.-La-bajada-del-diablo_-2048x1365.jpg 2048w, https:\/\/encartes.mx\/wp-content\/uploads\/2024\/09\/resizedImagen-6.-La-bajada-del-diablo_-18x12.jpg 18w, https:\/\/encartes.mx\/wp-content\/uploads\/2024\/09\/resizedImagen-6.-La-bajada-del-diablo_-1200x800.jpg 1200w, https:\/\/encartes.mx\/wp-content\/uploads\/2024\/09\/resizedImagen-6.-La-bajada-del-diablo_-1980x1320.jpg 1980w, https:\/\/encartes.mx\/wp-content\/uploads\/2024\/09\/resizedImagen-6.-La-bajada-del-diablo_.jpg 2400w\" sizes=\"auto, (max-width: 1024px) 100vw, 1024px\" \/><\/figure>\n<\/div>\n<\/div>\n\n\n\n<hr class=\"wp-block-separator has-css-opacity\"\/>\n\n\n\n<div class=\"wp-block-columns alignwide are-vertically-aligned-center is-layout-flex wp-container-core-columns-is-layout-7 wp-block-columns-is-layout-flex\" id=\"img-8\">\n<div class=\"wp-block-column is-vertically-aligned-center is-layout-flow wp-block-column-is-layout-flow\" style=\"flex-basis:66.66%\">\n<figure class=\"wp-block-image size-large\"><img loading=\"lazy\" decoding=\"async\" width=\"1024\" height=\"768\" src=\"https:\/\/encartes.mx\/wp-content\/uploads\/2024\/09\/resizedImagen-7.-El-payaso_-1024x768.jpg\" alt=\"\" class=\"wp-image-39056\" srcset=\"https:\/\/encartes.mx\/wp-content\/uploads\/2024\/09\/resizedImagen-7.-El-payaso_-1024x768.jpg 1024w, https:\/\/encartes.mx\/wp-content\/uploads\/2024\/09\/resizedImagen-7.-El-payaso_-300x225.jpg 300w, https:\/\/encartes.mx\/wp-content\/uploads\/2024\/09\/resizedImagen-7.-El-payaso_-768x576.jpg 768w, https:\/\/encartes.mx\/wp-content\/uploads\/2024\/09\/resizedImagen-7.-El-payaso_-1600x1200.jpg 1600w, https:\/\/encartes.mx\/wp-content\/uploads\/2024\/09\/resizedImagen-7.-El-payaso_-2200x1650.jpg 2200w, https:\/\/encartes.mx\/wp-content\/uploads\/2024\/09\/resizedImagen-7.-El-payaso_-1536x1152.jpg 1536w, https:\/\/encartes.mx\/wp-content\/uploads\/2024\/09\/resizedImagen-7.-El-payaso_-2048x1536.jpg 2048w, https:\/\/encartes.mx\/wp-content\/uploads\/2024\/09\/resizedImagen-7.-El-payaso_-16x12.jpg 16w, https:\/\/encartes.mx\/wp-content\/uploads\/2024\/09\/resizedImagen-7.-El-payaso_-1200x900.jpg 1200w, https:\/\/encartes.mx\/wp-content\/uploads\/2024\/09\/resizedImagen-7.-El-payaso_-1980x1485.jpg 1980w, https:\/\/encartes.mx\/wp-content\/uploads\/2024\/09\/resizedImagen-7.-El-payaso_.jpg 2400w\" sizes=\"auto, (max-width: 1024px) 100vw, 1024px\" \/><\/figure>\n<\/div>\n\n\n\n<div class=\"wp-block-column is-vertically-aligned-center is-layout-flow wp-block-column-is-layout-flow\">\n<p><strong>Image 7 : Le clown<\/strong><\/p>\n\n\n\n<p><em>Chapulhuacanito, Tamazunchale, S.L.P. Mexique. Novembre 2022<\/em>.<\/p>\n\n\n\n<p>Outre les masques roses traditionnels du quartier de San Jos\u00e9, il en existe d'autres qui am\u00e8nent les participants \u00e0 cr\u00e9er d'autres types de personnages.<\/p>\n\n\n\n<blockquote class=\"wp-block-quote is-layout-flow wp-block-quote-is-layout-flow\">\n<p>Cette ann\u00e9e, ils ne savent pas en quoi je vais me d\u00e9guiser, et je ne veux le dire \u00e0 personne, car ils le copieraient. <\/p>\n<cite><em>Participant du groupe de quartier de San Jos\u00e9<\/em><\/cite><\/blockquote>\n<\/div>\n<\/div>\n\n\n\n<hr class=\"wp-block-separator has-css-opacity\"\/>\n\n\n\n<div class=\"wp-block-columns alignwide is-layout-flex wp-container-core-columns-is-layout-8 wp-block-columns-is-layout-flex\" id=\"img-11\">\n<div class=\"wp-block-column is-vertically-aligned-center is-layout-flow wp-block-column-is-layout-flow\">\n<p><strong>Image 8 - Le photographe<\/strong><\/p>\n\n\n\n<p><em>Chapulhuacanito, Tamazunchale, S.L.P. Mexique. Novembre 2019<\/em>.<\/p>\n\n\n\n<blockquote class=\"wp-block-quote is-layout-flow wp-block-quote-is-layout-flow\">\n<p>Nous \u00e9tions dans la maison de l'homme d'affaires, alors que tout le monde pr\u00e9parait son costume, quand To\u00f1o est arriv\u00e9 et m'a dit : \"Tu ne sais pas en quoi je vais me d\u00e9guiser, tu vas \u00eatre surpris, Uriel\".<\/p>\n<cite> <em>Extrait de mon journal de terrain<\/em><\/cite><\/blockquote>\n\n\n\n<p>L'une des qualit\u00e9s du costume est qu'il peut inclure des \u00e9l\u00e9ments de ce qu'ils voient ou de ce qui se passe \u00e0 l'\u00e9poque. Dans ce cas, l'un des costum\u00e9s a d\u00e9cid\u00e9 d'inclure mon travail d'anthropologue\/photographe dans la fa\u00e7on dont j'apparaissais \u00e0 cette \u00e9poque.<\/p>\n<\/div>\n\n\n\n<div class=\"wp-block-column is-layout-flow wp-block-column-is-layout-flow\" style=\"flex-basis:50%\">\n<figure class=\"wp-block-image size-large\"><img loading=\"lazy\" decoding=\"async\" width=\"1024\" height=\"683\" src=\"https:\/\/encartes.mx\/wp-content\/uploads\/2024\/09\/resizedImagen-8.-El-fotografo_-1024x683.jpg\" alt=\"\" class=\"wp-image-39057\" srcset=\"https:\/\/encartes.mx\/wp-content\/uploads\/2024\/09\/resizedImagen-8.-El-fotografo_-1024x683.jpg 1024w, https:\/\/encartes.mx\/wp-content\/uploads\/2024\/09\/resizedImagen-8.-El-fotografo_-300x200.jpg 300w, https:\/\/encartes.mx\/wp-content\/uploads\/2024\/09\/resizedImagen-8.-El-fotografo_-768x512.jpg 768w, https:\/\/encartes.mx\/wp-content\/uploads\/2024\/09\/resizedImagen-8.-El-fotografo_-1600x1067.jpg 1600w, https:\/\/encartes.mx\/wp-content\/uploads\/2024\/09\/resizedImagen-8.-El-fotografo_-2200x1467.jpg 2200w, https:\/\/encartes.mx\/wp-content\/uploads\/2024\/09\/resizedImagen-8.-El-fotografo_-1536x1024.jpg 1536w, https:\/\/encartes.mx\/wp-content\/uploads\/2024\/09\/resizedImagen-8.-El-fotografo_-2048x1365.jpg 2048w, https:\/\/encartes.mx\/wp-content\/uploads\/2024\/09\/resizedImagen-8.-El-fotografo_-18x12.jpg 18w, https:\/\/encartes.mx\/wp-content\/uploads\/2024\/09\/resizedImagen-8.-El-fotografo_-1200x800.jpg 1200w, https:\/\/encartes.mx\/wp-content\/uploads\/2024\/09\/resizedImagen-8.-El-fotografo_-1980x1320.jpg 1980w, https:\/\/encartes.mx\/wp-content\/uploads\/2024\/09\/resizedImagen-8.-El-fotografo_.jpg 2400w\" sizes=\"auto, (max-width: 1024px) 100vw, 1024px\" \/><\/figure>\n<\/div>\n<\/div>\n\n\n\n<hr class=\"wp-block-separator has-css-opacity\"\/>\n\n\n\n<div class=\"wp-block-columns alignwide are-vertically-aligned-center is-layout-flex wp-container-core-columns-is-layout-9 wp-block-columns-is-layout-flex\" id=\"img-12\">\n<div class=\"wp-block-column is-vertically-aligned-center is-layout-flow wp-block-column-is-layout-flow\" style=\"flex-basis:66.66%\">\n<figure class=\"wp-block-image size-large\"><img loading=\"lazy\" decoding=\"async\" width=\"1024\" height=\"683\" src=\"https:\/\/encartes.mx\/wp-content\/uploads\/2024\/09\/resizedImagen-9.-Juego-de-miradas_-1024x683.jpg\" alt=\"\" class=\"wp-image-39058\" srcset=\"https:\/\/encartes.mx\/wp-content\/uploads\/2024\/09\/resizedImagen-9.-Juego-de-miradas_-1024x683.jpg 1024w, https:\/\/encartes.mx\/wp-content\/uploads\/2024\/09\/resizedImagen-9.-Juego-de-miradas_-300x200.jpg 300w, https:\/\/encartes.mx\/wp-content\/uploads\/2024\/09\/resizedImagen-9.-Juego-de-miradas_-768x512.jpg 768w, https:\/\/encartes.mx\/wp-content\/uploads\/2024\/09\/resizedImagen-9.-Juego-de-miradas_-1600x1067.jpg 1600w, https:\/\/encartes.mx\/wp-content\/uploads\/2024\/09\/resizedImagen-9.-Juego-de-miradas_-2200x1467.jpg 2200w, https:\/\/encartes.mx\/wp-content\/uploads\/2024\/09\/resizedImagen-9.-Juego-de-miradas_-1536x1024.jpg 1536w, https:\/\/encartes.mx\/wp-content\/uploads\/2024\/09\/resizedImagen-9.-Juego-de-miradas_-2048x1365.jpg 2048w, https:\/\/encartes.mx\/wp-content\/uploads\/2024\/09\/resizedImagen-9.-Juego-de-miradas_-18x12.jpg 18w, https:\/\/encartes.mx\/wp-content\/uploads\/2024\/09\/resizedImagen-9.-Juego-de-miradas_-1200x800.jpg 1200w, https:\/\/encartes.mx\/wp-content\/uploads\/2024\/09\/resizedImagen-9.-Juego-de-miradas_-1980x1320.jpg 1980w, https:\/\/encartes.mx\/wp-content\/uploads\/2024\/09\/resizedImagen-9.-Juego-de-miradas_.jpg 2400w\" sizes=\"auto, (max-width: 1024px) 100vw, 1024px\" \/><\/figure>\n<\/div>\n\n\n\n<div class=\"wp-block-column is-vertically-aligned-center is-layout-flow wp-block-column-is-layout-flow\">\n<p><strong><strong>Image 9 : Jeu de regards<\/strong><\/strong><\/p>\n\n\n\n<p><em>Chapulhuacanito, Tamazunchale, S.L.P. Mexique. Novembre 2019<\/em>.<\/p>\n\n\n\n<p>Apr\u00e8s la destruction de l'appareil photo de To\u00f1o, seul l'objectif a \u00e9t\u00e9 conserv\u00e9. Le caract\u00e8re ludique du Xantolo a donn\u00e9 lieu \u00e0 un jeu de regards dans lequel le regard et la mani\u00e8re de regarder ont \u00e9t\u00e9 mis \u00e0 nu.<\/p>\n<\/div>\n<\/div>\n\n\n\n<hr class=\"wp-block-separator has-css-opacity\"\/>\n\n\n\n<div class=\"wp-block-columns alignwide is-layout-flex wp-container-core-columns-is-layout-10 wp-block-columns-is-layout-flex\" id=\"img-13\">\n<div class=\"wp-block-column is-vertically-aligned-center is-layout-flow wp-block-column-is-layout-flow\">\n<p style=\"font-size:15px\"><\/p>\n\n\n\n<p><strong>Image 10 : Musique pour les masques<\/strong><\/p>\n\n\n\n<p><em>Chapulhuacanito, Tamazunchale, S.L.P. Mexique. Novembre 2019<\/em>.<\/p>\n\n\n\n<p>La musique du trio Huapango est cruciale pour la descente des masques de chacun des groupes costum\u00e9s. Lorsque le trio arrive \u00e0 la maison de l'empresario, il commence \u00e0 jouer \"El canario\" pour les masques. Il accompagne \u00e9galement les mascarades dans leur danse \u00e0 travers les rues de la communaut\u00e9 pendant les quatre jours de la f\u00eate.<\/p>\n<\/div>\n\n\n\n<div class=\"wp-block-column is-layout-flow wp-block-column-is-layout-flow\" style=\"flex-basis:66.66%\">\n<figure class=\"wp-block-image size-full\"><img loading=\"lazy\" decoding=\"async\" width=\"2400\" height=\"1600\" src=\"https:\/\/encartes.mx\/wp-content\/uploads\/2024\/09\/resizedImagen-10.-Musica-para-las-mascaras_.jpg\" alt=\"\" class=\"wp-image-39059\" srcset=\"https:\/\/encartes.mx\/wp-content\/uploads\/2024\/09\/resizedImagen-10.-Musica-para-las-mascaras_.jpg 2400w, https:\/\/encartes.mx\/wp-content\/uploads\/2024\/09\/resizedImagen-10.-Musica-para-las-mascaras_-300x200.jpg 300w, https:\/\/encartes.mx\/wp-content\/uploads\/2024\/09\/resizedImagen-10.-Musica-para-las-mascaras_-1024x683.jpg 1024w, https:\/\/encartes.mx\/wp-content\/uploads\/2024\/09\/resizedImagen-10.-Musica-para-las-mascaras_-768x512.jpg 768w, https:\/\/encartes.mx\/wp-content\/uploads\/2024\/09\/resizedImagen-10.-Musica-para-las-mascaras_-1600x1067.jpg 1600w, https:\/\/encartes.mx\/wp-content\/uploads\/2024\/09\/resizedImagen-10.-Musica-para-las-mascaras_-2200x1467.jpg 2200w, https:\/\/encartes.mx\/wp-content\/uploads\/2024\/09\/resizedImagen-10.-Musica-para-las-mascaras_-1536x1024.jpg 1536w, https:\/\/encartes.mx\/wp-content\/uploads\/2024\/09\/resizedImagen-10.-Musica-para-las-mascaras_-2048x1365.jpg 2048w, https:\/\/encartes.mx\/wp-content\/uploads\/2024\/09\/resizedImagen-10.-Musica-para-las-mascaras_-18x12.jpg 18w, https:\/\/encartes.mx\/wp-content\/uploads\/2024\/09\/resizedImagen-10.-Musica-para-las-mascaras_-1200x800.jpg 1200w, https:\/\/encartes.mx\/wp-content\/uploads\/2024\/09\/resizedImagen-10.-Musica-para-las-mascaras_-1980x1320.jpg 1980w\" sizes=\"auto, (max-width: 2400px) 100vw, 2400px\" \/><\/figure>\n<\/div>\n<\/div>\n\n\n\n<hr class=\"wp-block-separator has-css-opacity\"\/>\n\n\n\n<div class=\"wp-block-columns alignwide are-vertically-aligned-center is-layout-flex wp-container-core-columns-is-layout-11 wp-block-columns-is-layout-flex\" id=\"img-14\">\n<div class=\"wp-block-column is-vertically-aligned-center is-layout-flow wp-block-column-is-layout-flow\" style=\"flex-basis:66.66%\">\n<figure class=\"wp-block-image size-large\"><img loading=\"lazy\" decoding=\"async\" width=\"1024\" height=\"683\" src=\"https:\/\/encartes.mx\/wp-content\/uploads\/2024\/09\/resizedImagen-11.-El-diablo-en-el-mural_-1024x683.jpg\" alt=\"\" class=\"wp-image-39060\" srcset=\"https:\/\/encartes.mx\/wp-content\/uploads\/2024\/09\/resizedImagen-11.-El-diablo-en-el-mural_-1024x683.jpg 1024w, https:\/\/encartes.mx\/wp-content\/uploads\/2024\/09\/resizedImagen-11.-El-diablo-en-el-mural_-300x200.jpg 300w, https:\/\/encartes.mx\/wp-content\/uploads\/2024\/09\/resizedImagen-11.-El-diablo-en-el-mural_-768x512.jpg 768w, https:\/\/encartes.mx\/wp-content\/uploads\/2024\/09\/resizedImagen-11.-El-diablo-en-el-mural_-1600x1067.jpg 1600w, https:\/\/encartes.mx\/wp-content\/uploads\/2024\/09\/resizedImagen-11.-El-diablo-en-el-mural_-2200x1467.jpg 2200w, https:\/\/encartes.mx\/wp-content\/uploads\/2024\/09\/resizedImagen-11.-El-diablo-en-el-mural_-1536x1024.jpg 1536w, https:\/\/encartes.mx\/wp-content\/uploads\/2024\/09\/resizedImagen-11.-El-diablo-en-el-mural_-2048x1365.jpg 2048w, https:\/\/encartes.mx\/wp-content\/uploads\/2024\/09\/resizedImagen-11.-El-diablo-en-el-mural_-18x12.jpg 18w, https:\/\/encartes.mx\/wp-content\/uploads\/2024\/09\/resizedImagen-11.-El-diablo-en-el-mural_-1200x800.jpg 1200w, https:\/\/encartes.mx\/wp-content\/uploads\/2024\/09\/resizedImagen-11.-El-diablo-en-el-mural_-1980x1320.jpg 1980w, https:\/\/encartes.mx\/wp-content\/uploads\/2024\/09\/resizedImagen-11.-El-diablo-en-el-mural_.jpg 2400w\" sizes=\"auto, (max-width: 1024px) 100vw, 1024px\" \/><\/figure>\n<\/div>\n\n\n\n<div class=\"wp-block-column is-vertically-aligned-center is-layout-flow wp-block-column-is-layout-flow\">\n<p><strong><strong>Image 11 : Le diable dans la peinture murale<\/strong><\/strong><\/p>\n\n\n\n<p><em>Chapulhuacanito, Tamazunchale, S.L.P. Mexique. mai 2023<\/em>.<\/p>\n\n\n\n<p>L'un des masques les plus importants de Chapulhuacanito est celui du diable. En effet, la forme, la figure et l'image de ce masque correspondent \u00e0 la mani\u00e8re dont le diable est apparu dans cette communaut\u00e9. C'est pourquoi des peintures murales ont \u00e9t\u00e9 r\u00e9alis\u00e9es pour souligner l'importance de cette image.<\/p>\n<\/div>\n<\/div>\n\n\n\n<hr class=\"wp-block-separator has-css-opacity\"\/>\n\n\n\n<div class=\"wp-block-columns alignwide is-layout-flex wp-container-core-columns-is-layout-12 wp-block-columns-is-layout-flex\" id=\"img-15\">\n<div class=\"wp-block-column is-vertically-aligned-center is-layout-flow wp-block-column-is-layout-flow\">\n<p><strong>Image 12 : \"Maintenant, nous devons commencer \u00e0 jouer \u00e0 la cu\u00e8te\". El Gordo, le deuxi\u00e8me homme d'affaires du quartier de San Jos\u00e9<\/strong><\/p>\n\n\n\n<p><em>Chapulhuacanito, Tamazunchale, S.L.P. Mexique. Mars 2013<\/em>.<\/p>\n\n\n\n<p>Outre la musique, un autre aspect fondamental du son est la fus\u00e9e ou, comme l'appellent les gens, \"echar cohete\". Son tonnerre dans le ciel cr\u00e9e une atmosph\u00e8re festive qui sert \u00e0 avertir une grande partie de la communaut\u00e9 qu'elle se pr\u00e9pare aux offrandes, \u00e0 la descente des masques ou que les personnes costum\u00e9es s'appr\u00eatent \u00e0 sortir dans les rues de la communaut\u00e9.<\/p>\n<\/div>\n\n\n\n<div class=\"wp-block-column is-layout-flow wp-block-column-is-layout-flow\" style=\"flex-basis:66.66%\">\n<figure class=\"wp-block-image size-large\"><img loading=\"lazy\" decoding=\"async\" width=\"1024\" height=\"683\" src=\"https:\/\/encartes.mx\/wp-content\/uploads\/2024\/09\/resizedImagen-12.-_Ya-hay-que-ponernos-a-echar-cohetes_.-El-Gordo-segundo-empresario-del-barrio-de-San-Jose_-1024x683.jpg\" alt=\"\" class=\"wp-image-39061\" srcset=\"https:\/\/encartes.mx\/wp-content\/uploads\/2024\/09\/resizedImagen-12.-_Ya-hay-que-ponernos-a-echar-cohetes_.-El-Gordo-segundo-empresario-del-barrio-de-San-Jose_-1024x683.jpg 1024w, https:\/\/encartes.mx\/wp-content\/uploads\/2024\/09\/resizedImagen-12.-_Ya-hay-que-ponernos-a-echar-cohetes_.-El-Gordo-segundo-empresario-del-barrio-de-San-Jose_-300x200.jpg 300w, https:\/\/encartes.mx\/wp-content\/uploads\/2024\/09\/resizedImagen-12.-_Ya-hay-que-ponernos-a-echar-cohetes_.-El-Gordo-segundo-empresario-del-barrio-de-San-Jose_-768x512.jpg 768w, https:\/\/encartes.mx\/wp-content\/uploads\/2024\/09\/resizedImagen-12.-_Ya-hay-que-ponernos-a-echar-cohetes_.-El-Gordo-segundo-empresario-del-barrio-de-San-Jose_-1600x1067.jpg 1600w, https:\/\/encartes.mx\/wp-content\/uploads\/2024\/09\/resizedImagen-12.-_Ya-hay-que-ponernos-a-echar-cohetes_.-El-Gordo-segundo-empresario-del-barrio-de-San-Jose_-2200x1467.jpg 2200w, https:\/\/encartes.mx\/wp-content\/uploads\/2024\/09\/resizedImagen-12.-_Ya-hay-que-ponernos-a-echar-cohetes_.-El-Gordo-segundo-empresario-del-barrio-de-San-Jose_-1536x1024.jpg 1536w, https:\/\/encartes.mx\/wp-content\/uploads\/2024\/09\/resizedImagen-12.-_Ya-hay-que-ponernos-a-echar-cohetes_.-El-Gordo-segundo-empresario-del-barrio-de-San-Jose_-2048x1365.jpg 2048w, https:\/\/encartes.mx\/wp-content\/uploads\/2024\/09\/resizedImagen-12.-_Ya-hay-que-ponernos-a-echar-cohetes_.-El-Gordo-segundo-empresario-del-barrio-de-San-Jose_-18x12.jpg 18w, https:\/\/encartes.mx\/wp-content\/uploads\/2024\/09\/resizedImagen-12.-_Ya-hay-que-ponernos-a-echar-cohetes_.-El-Gordo-segundo-empresario-del-barrio-de-San-Jose_-1200x800.jpg 1200w, https:\/\/encartes.mx\/wp-content\/uploads\/2024\/09\/resizedImagen-12.-_Ya-hay-que-ponernos-a-echar-cohetes_.-El-Gordo-segundo-empresario-del-barrio-de-San-Jose_-1980x1320.jpg 1980w, https:\/\/encartes.mx\/wp-content\/uploads\/2024\/09\/resizedImagen-12.-_Ya-hay-que-ponernos-a-echar-cohetes_.-El-Gordo-segundo-empresario-del-barrio-de-San-Jose_.jpg 2400w\" sizes=\"auto, (max-width: 1024px) 100vw, 1024px\" \/><\/figure>\n<\/div>\n<\/div>\n\n\n\n<hr class=\"wp-block-separator has-css-opacity\"\/>\n\n\n\n<div class=\"wp-block-columns alignwide are-vertically-aligned-center is-layout-flex wp-container-core-columns-is-layout-13 wp-block-columns-is-layout-flex\" id=\"img-16\">\n<div class=\"wp-block-column is-vertically-aligned-center is-layout-flow wp-block-column-is-layout-flow\" style=\"flex-basis:66.66%\">\n<figure class=\"wp-block-image size-full\"><img loading=\"lazy\" decoding=\"async\" width=\"636\" height=\"424\" src=\"https:\/\/encartes.mx\/wp-content\/uploads\/2024\/09\/Imagen13.jpg\" alt=\"\" class=\"wp-image-39062\" srcset=\"https:\/\/encartes.mx\/wp-content\/uploads\/2024\/09\/Imagen13.jpg 636w, https:\/\/encartes.mx\/wp-content\/uploads\/2024\/09\/Imagen13-300x200.jpg 300w, https:\/\/encartes.mx\/wp-content\/uploads\/2024\/09\/Imagen13-18x12.jpg 18w\" sizes=\"auto, (max-width: 636px) 100vw, 636px\" \/><\/figure>\n<\/div>\n\n\n\n<div class=\"wp-block-column is-vertically-aligned-center is-layout-flow wp-block-column-is-layout-flow\">\n<p><strong><strong>Image 13 : \"Toucher le sol signifie que le pass\u00e9 est d\u00e9j\u00e0 pr\u00e9sent parmi les vivants\". Cecilio, ancien homme d'affaires du quartier de San Jos\u00e9.<\/strong><\/strong><\/p>\n\n\n\n<p><em>Chapulhuacanito, Tamazunchale, S.L.P. Mexique. octobre 2023<\/em>.<\/p>\n\n\n\n<p>Lors de la premi\u00e8re descente de masque, seuls sept masques principaux sont descendus. Dans ce cas, le diable cornu accroupi, le diable cornu debout, l'\u00e9colier plus \u00e2g\u00e9, le grand-p\u00e8re, la grand-m\u00e8re, le masque du second homme d'affaires et le masque du siffleur sont descendus. Apr\u00e8s les avoir descendus du faux plafond de la maison o\u00f9 ils sont conserv\u00e9s, il faut que les masques touchent le sol, ce qui est un signe que les d\u00e9funts sont d\u00e9j\u00e0 sur le plan terrestre, o\u00f9 nous, les vivants, vivons.<\/p>\n<\/div>\n<\/div>\n\n\n\n<hr class=\"wp-block-separator has-alpha-channel-opacity\"\/>\n\n\n\n<div class=\"wp-block-columns alignwide is-layout-flex wp-container-core-columns-is-layout-14 wp-block-columns-is-layout-flex\" id=\"img-3\">\n<div class=\"wp-block-column is-vertically-aligned-center is-layout-flow wp-block-column-is-layout-flow\">\n<p style=\"font-size:15px\"><\/p>\n\n\n\n<p><strong>Image 14 : \"Dans la premi\u00e8re bajada, c'est quelque chose d'intime avec peu de gens, et dans la deuxi\u00e8me bajada, c'est vraiment grand\". El Gordo, deuxi\u00e8me entrepreneur du quartier de San Jos\u00e9<\/strong><\/p>\n\n\n\n<p><em><em>Chapulhuacanito, Tamazunchale, S.L.P. Mexique. octobre 2023<\/em><\/em>.<\/p>\n\n\n\n<p>Pour la deuxi\u00e8me descente des masques, le groupe de personnes masqu\u00e9es du quartier de San Jos\u00e9 s'organise et installe des chaises pour une cinquantaine de personnes, parfois plus. Toutes les personnes se voient offrir des tamales, du caf\u00e9, du chocolat et des boissons non alcoolis\u00e9es.<\/p>\n<\/div>\n\n\n\n<div class=\"wp-block-column is-layout-flow wp-block-column-is-layout-flow\" style=\"flex-basis:66.66%\">\n<figure class=\"wp-block-image size-full\"><img loading=\"lazy\" decoding=\"async\" width=\"635\" height=\"424\" src=\"https:\/\/encartes.mx\/wp-content\/uploads\/2024\/09\/Imagen14.jpg\" alt=\"\" class=\"wp-image-39063\" srcset=\"https:\/\/encartes.mx\/wp-content\/uploads\/2024\/09\/Imagen14.jpg 635w, https:\/\/encartes.mx\/wp-content\/uploads\/2024\/09\/Imagen14-300x200.jpg 300w, https:\/\/encartes.mx\/wp-content\/uploads\/2024\/09\/Imagen14-18x12.jpg 18w\" sizes=\"auto, (max-width: 635px) 100vw, 635px\" \/><\/figure>\n<\/div>\n<\/div>\n\n\n\n<hr class=\"wp-block-separator has-css-opacity\"\/>\n\n\n\n<div class=\"wp-block-columns alignwide are-vertically-aligned-center is-layout-flex wp-container-core-columns-is-layout-15 wp-block-columns-is-layout-flex\" id=\"img-4\">\n<div class=\"wp-block-column is-vertically-aligned-center is-layout-flow wp-block-column-is-layout-flow\" style=\"flex-basis:50%\">\n<figure class=\"wp-block-image size-large\"><img loading=\"lazy\" decoding=\"async\" width=\"1024\" height=\"683\" src=\"https:\/\/encartes.mx\/wp-content\/uploads\/2024\/09\/resizedImagen-15.-Transmisiones-1024x683.jpg\" alt=\"\" class=\"wp-image-39064\" srcset=\"https:\/\/encartes.mx\/wp-content\/uploads\/2024\/09\/resizedImagen-15.-Transmisiones-1024x683.jpg 1024w, https:\/\/encartes.mx\/wp-content\/uploads\/2024\/09\/resizedImagen-15.-Transmisiones-300x200.jpg 300w, https:\/\/encartes.mx\/wp-content\/uploads\/2024\/09\/resizedImagen-15.-Transmisiones-768x512.jpg 768w, https:\/\/encartes.mx\/wp-content\/uploads\/2024\/09\/resizedImagen-15.-Transmisiones-1600x1067.jpg 1600w, https:\/\/encartes.mx\/wp-content\/uploads\/2024\/09\/resizedImagen-15.-Transmisiones-2200x1467.jpg 2200w, https:\/\/encartes.mx\/wp-content\/uploads\/2024\/09\/resizedImagen-15.-Transmisiones-1536x1024.jpg 1536w, https:\/\/encartes.mx\/wp-content\/uploads\/2024\/09\/resizedImagen-15.-Transmisiones-2048x1365.jpg 2048w, https:\/\/encartes.mx\/wp-content\/uploads\/2024\/09\/resizedImagen-15.-Transmisiones-18x12.jpg 18w, https:\/\/encartes.mx\/wp-content\/uploads\/2024\/09\/resizedImagen-15.-Transmisiones-1200x800.jpg 1200w, https:\/\/encartes.mx\/wp-content\/uploads\/2024\/09\/resizedImagen-15.-Transmisiones-1980x1320.jpg 1980w, https:\/\/encartes.mx\/wp-content\/uploads\/2024\/09\/resizedImagen-15.-Transmisiones.jpg 2400w\" sizes=\"auto, (max-width: 1024px) 100vw, 1024px\" \/><\/figure>\n<\/div>\n\n\n\n<div class=\"wp-block-column is-vertically-aligned-center is-layout-flow wp-block-column-is-layout-flow\">\n<p><strong><strong>Image 15 : Transmissions<\/strong><\/strong><\/p>\n\n\n\n<p><em>Chapulhuacanito, Tamazunchale, S.L.P. Mexique. novembre 2023<\/em>.<\/p>\n\n\n\n<p>La seconde descente des masques peut \u00eatre un \u00e9v\u00e9nement si important que les entrepreneurs g\u00e8rent la diffusion du rituel. Parfois, la diffusion se fait uniquement via les m\u00e9dias sociaux et parfois, ils font appel \u00e0 la station de radio communautaire pour diffuser l'\u00e9v\u00e9nement.<\/p>\n<\/div>\n<\/div>\n\n\n\n<hr class=\"wp-block-separator has-css-opacity\"\/>\n\n\n\n<div class=\"wp-block-columns alignwide is-layout-flex wp-container-core-columns-is-layout-16 wp-block-columns-is-layout-flex\" id=\"img-5\">\n<div class=\"wp-block-column is-vertically-aligned-center is-layout-flow wp-block-column-is-layout-flow\">\n<p><strong>Image 16 : Hauteur des masques<\/strong><\/p>\n\n\n\n<p><em>Chapulhuacanito, Tamazunchale, S.L.P. Mexique. octobre 2023<\/em>.<\/p>\n\n\n\n<p>Les autels sur lesquels sont plac\u00e9s les masques sont g\u00e9n\u00e9ralement plus grands que les autels domestiques. Cela entra\u00eene une plus grande \u00e9laboration de l'arc et des colliers de fleurs cempas\u00fachil. Le fait de s'incliner pour abaisser les masques est un signe de prestige et de fiert\u00e9.<\/p>\n<\/div>\n\n\n\n<div class=\"wp-block-column is-layout-flow wp-block-column-is-layout-flow\" style=\"flex-basis:50%\">\n<figure class=\"wp-block-image size-large\"><img loading=\"lazy\" decoding=\"async\" width=\"1024\" height=\"683\" src=\"https:\/\/encartes.mx\/wp-content\/uploads\/2024\/09\/resizedImagen-16.-Altar-de-las-mascaras-1024x683.jpg\" alt=\"\" class=\"wp-image-39065\" srcset=\"https:\/\/encartes.mx\/wp-content\/uploads\/2024\/09\/resizedImagen-16.-Altar-de-las-mascaras-1024x683.jpg 1024w, https:\/\/encartes.mx\/wp-content\/uploads\/2024\/09\/resizedImagen-16.-Altar-de-las-mascaras-300x200.jpg 300w, https:\/\/encartes.mx\/wp-content\/uploads\/2024\/09\/resizedImagen-16.-Altar-de-las-mascaras-768x512.jpg 768w, https:\/\/encartes.mx\/wp-content\/uploads\/2024\/09\/resizedImagen-16.-Altar-de-las-mascaras-1600x1067.jpg 1600w, https:\/\/encartes.mx\/wp-content\/uploads\/2024\/09\/resizedImagen-16.-Altar-de-las-mascaras-2200x1467.jpg 2200w, https:\/\/encartes.mx\/wp-content\/uploads\/2024\/09\/resizedImagen-16.-Altar-de-las-mascaras-1536x1024.jpg 1536w, https:\/\/encartes.mx\/wp-content\/uploads\/2024\/09\/resizedImagen-16.-Altar-de-las-mascaras-2048x1365.jpg 2048w, https:\/\/encartes.mx\/wp-content\/uploads\/2024\/09\/resizedImagen-16.-Altar-de-las-mascaras-18x12.jpg 18w, https:\/\/encartes.mx\/wp-content\/uploads\/2024\/09\/resizedImagen-16.-Altar-de-las-mascaras-1200x800.jpg 1200w, https:\/\/encartes.mx\/wp-content\/uploads\/2024\/09\/resizedImagen-16.-Altar-de-las-mascaras-1980x1320.jpg 1980w, https:\/\/encartes.mx\/wp-content\/uploads\/2024\/09\/resizedImagen-16.-Altar-de-las-mascaras.jpg 2400w\" sizes=\"auto, (max-width: 1024px) 100vw, 1024px\" \/><\/figure>\n<\/div>\n<\/div>\n\n\n\n<hr class=\"wp-block-separator has-css-opacity\"\/>\n\n\n\n<div class=\"wp-block-columns alignwide are-vertically-aligned-center is-layout-flex wp-container-core-columns-is-layout-17 wp-block-columns-is-layout-flex\" id=\"img-6\">\n<div class=\"wp-block-column is-vertically-aligned-center is-layout-flow wp-block-column-is-layout-flow\" style=\"flex-basis:66.66%\">\n<figure class=\"wp-block-image size-large\"><img loading=\"lazy\" decoding=\"async\" width=\"1024\" height=\"683\" src=\"https:\/\/encartes.mx\/wp-content\/uploads\/2024\/09\/resizedImagen-17.-Tener-listo-el-disfraz-para-salir_-1024x683.jpg\" alt=\"\" class=\"wp-image-39066\" srcset=\"https:\/\/encartes.mx\/wp-content\/uploads\/2024\/09\/resizedImagen-17.-Tener-listo-el-disfraz-para-salir_-1024x683.jpg 1024w, https:\/\/encartes.mx\/wp-content\/uploads\/2024\/09\/resizedImagen-17.-Tener-listo-el-disfraz-para-salir_-300x200.jpg 300w, https:\/\/encartes.mx\/wp-content\/uploads\/2024\/09\/resizedImagen-17.-Tener-listo-el-disfraz-para-salir_-768x512.jpg 768w, https:\/\/encartes.mx\/wp-content\/uploads\/2024\/09\/resizedImagen-17.-Tener-listo-el-disfraz-para-salir_-1600x1067.jpg 1600w, https:\/\/encartes.mx\/wp-content\/uploads\/2024\/09\/resizedImagen-17.-Tener-listo-el-disfraz-para-salir_-2200x1467.jpg 2200w, https:\/\/encartes.mx\/wp-content\/uploads\/2024\/09\/resizedImagen-17.-Tener-listo-el-disfraz-para-salir_-1536x1024.jpg 1536w, https:\/\/encartes.mx\/wp-content\/uploads\/2024\/09\/resizedImagen-17.-Tener-listo-el-disfraz-para-salir_-2048x1365.jpg 2048w, https:\/\/encartes.mx\/wp-content\/uploads\/2024\/09\/resizedImagen-17.-Tener-listo-el-disfraz-para-salir_-18x12.jpg 18w, https:\/\/encartes.mx\/wp-content\/uploads\/2024\/09\/resizedImagen-17.-Tener-listo-el-disfraz-para-salir_-1200x800.jpg 1200w, https:\/\/encartes.mx\/wp-content\/uploads\/2024\/09\/resizedImagen-17.-Tener-listo-el-disfraz-para-salir_-1980x1320.jpg 1980w, https:\/\/encartes.mx\/wp-content\/uploads\/2024\/09\/resizedImagen-17.-Tener-listo-el-disfraz-para-salir_.jpg 2400w\" sizes=\"auto, (max-width: 1024px) 100vw, 1024px\" \/><\/figure>\n<\/div>\n\n\n\n<div class=\"wp-block-column is-vertically-aligned-center is-layout-flow wp-block-column-is-layout-flow\">\n<p><strong><strong>Figure 17 : Pr\u00e9parez votre costume pour sortir.<\/strong><\/strong><\/p>\n\n\n\n<p><em>Chapulhuacanito, Tamazunchale, S.L.P. Mexique. Novembre 2019<\/em>.<\/p>\n\n\n\n<p>Les participants au groupe de d\u00e9guisement se r\u00e9unissent chez l'entrepreneur o\u00f9 ils prennent leur masque et pr\u00e9parent leur d\u00e9guisement. Parfois, ils prennent les v\u00eatements des masques d\u00e9j\u00e0 en place et utilis\u00e9s ann\u00e9e apr\u00e8s ann\u00e9e, parfois ils apportent leurs propres v\u00eatements. En plus de se d\u00e9guiser avec des masques, certains hommes se d\u00e9guisent \u00e9galement en femmes pour se mettre en couple pour la danse.<\/p>\n<\/div>\n<\/div>\n\n\n\n<hr class=\"wp-block-separator has-css-opacity\"\/>\n\n\n\n<div class=\"wp-block-columns alignwide is-layout-flex wp-container-core-columns-is-layout-18 wp-block-columns-is-layout-flex\" id=\"img-7\">\n<div class=\"wp-block-column is-vertically-aligned-center is-layout-flow wp-block-column-is-layout-flow\">\n<p><strong>Image 18 : Les nouvelles g\u00e9n\u00e9rations<\/strong><\/p>\n\n\n\n<p><em>Chapulhuacanito, Tamazunchale, S.L.P. Mexique. Novembre 2019<\/em>.<\/p>\n\n\n\n<blockquote class=\"wp-block-quote is-layout-flow wp-block-quote-is-layout-flow\">\n<p>Si vous remarquez, ce groupe am\u00e8ne beaucoup d'enfants, beaucoup d'entre eux sont attir\u00e9s par lui et viennent ici, et c'est bien parce qu'ils sont les nouvelles g\u00e9n\u00e9rations. J'avais l'habitude de marcher comme eux depuis que je suis tout petit, derri\u00e8re les costumes.<\/p>\n<cite><em>El Gordo<\/em><\/cite><\/blockquote>\n<\/div>\n\n\n\n<div class=\"wp-block-column is-layout-flow wp-block-column-is-layout-flow\" style=\"flex-basis:66.66%\">\n<figure class=\"wp-block-image size-large\"><img loading=\"lazy\" decoding=\"async\" width=\"1024\" height=\"683\" src=\"https:\/\/encartes.mx\/wp-content\/uploads\/2024\/09\/resizedImagen-18.-Las-nuevas-generaciones-1024x683.jpg\" alt=\"\" class=\"wp-image-39067\" srcset=\"https:\/\/encartes.mx\/wp-content\/uploads\/2024\/09\/resizedImagen-18.-Las-nuevas-generaciones-1024x683.jpg 1024w, https:\/\/encartes.mx\/wp-content\/uploads\/2024\/09\/resizedImagen-18.-Las-nuevas-generaciones-300x200.jpg 300w, https:\/\/encartes.mx\/wp-content\/uploads\/2024\/09\/resizedImagen-18.-Las-nuevas-generaciones-768x512.jpg 768w, https:\/\/encartes.mx\/wp-content\/uploads\/2024\/09\/resizedImagen-18.-Las-nuevas-generaciones-1600x1067.jpg 1600w, https:\/\/encartes.mx\/wp-content\/uploads\/2024\/09\/resizedImagen-18.-Las-nuevas-generaciones-2200x1467.jpg 2200w, https:\/\/encartes.mx\/wp-content\/uploads\/2024\/09\/resizedImagen-18.-Las-nuevas-generaciones-1536x1024.jpg 1536w, https:\/\/encartes.mx\/wp-content\/uploads\/2024\/09\/resizedImagen-18.-Las-nuevas-generaciones-2048x1365.jpg 2048w, https:\/\/encartes.mx\/wp-content\/uploads\/2024\/09\/resizedImagen-18.-Las-nuevas-generaciones-18x12.jpg 18w, https:\/\/encartes.mx\/wp-content\/uploads\/2024\/09\/resizedImagen-18.-Las-nuevas-generaciones-1200x800.jpg 1200w, https:\/\/encartes.mx\/wp-content\/uploads\/2024\/09\/resizedImagen-18.-Las-nuevas-generaciones-1980x1320.jpg 1980w, https:\/\/encartes.mx\/wp-content\/uploads\/2024\/09\/resizedImagen-18.-Las-nuevas-generaciones.jpg 2400w\" sizes=\"auto, (max-width: 1024px) 100vw, 1024px\" \/><\/figure>\n<\/div>\n<\/div>\n\n\n\n<hr class=\"wp-block-separator has-css-opacity\"\/>\n\n\n\n<div class=\"wp-block-columns alignwide are-vertically-aligned-center is-layout-flex wp-container-core-columns-is-layout-19 wp-block-columns-is-layout-flex\" id=\"img-8\">\n<div class=\"wp-block-column is-vertically-aligned-center is-layout-flow wp-block-column-is-layout-flow\" style=\"flex-basis:66.66%\">\n<figure class=\"wp-block-image size-large\"><img loading=\"lazy\" decoding=\"async\" width=\"1024\" height=\"683\" src=\"https:\/\/encartes.mx\/wp-content\/uploads\/2024\/09\/resizedImagen-19.-Mascara-pequena-1024x683.jpg\" alt=\"\" class=\"wp-image-39068\" srcset=\"https:\/\/encartes.mx\/wp-content\/uploads\/2024\/09\/resizedImagen-19.-Mascara-pequena-1024x683.jpg 1024w, https:\/\/encartes.mx\/wp-content\/uploads\/2024\/09\/resizedImagen-19.-Mascara-pequena-300x200.jpg 300w, https:\/\/encartes.mx\/wp-content\/uploads\/2024\/09\/resizedImagen-19.-Mascara-pequena-768x512.jpg 768w, https:\/\/encartes.mx\/wp-content\/uploads\/2024\/09\/resizedImagen-19.-Mascara-pequena-1600x1067.jpg 1600w, https:\/\/encartes.mx\/wp-content\/uploads\/2024\/09\/resizedImagen-19.-Mascara-pequena-2200x1467.jpg 2200w, https:\/\/encartes.mx\/wp-content\/uploads\/2024\/09\/resizedImagen-19.-Mascara-pequena-1536x1024.jpg 1536w, https:\/\/encartes.mx\/wp-content\/uploads\/2024\/09\/resizedImagen-19.-Mascara-pequena-2048x1365.jpg 2048w, https:\/\/encartes.mx\/wp-content\/uploads\/2024\/09\/resizedImagen-19.-Mascara-pequena-18x12.jpg 18w, https:\/\/encartes.mx\/wp-content\/uploads\/2024\/09\/resizedImagen-19.-Mascara-pequena-1200x800.jpg 1200w, https:\/\/encartes.mx\/wp-content\/uploads\/2024\/09\/resizedImagen-19.-Mascara-pequena-1980x1320.jpg 1980w, https:\/\/encartes.mx\/wp-content\/uploads\/2024\/09\/resizedImagen-19.-Mascara-pequena.jpg 2400w\" sizes=\"auto, (max-width: 1024px) 100vw, 1024px\" \/><\/figure>\n<\/div>\n\n\n\n<div class=\"wp-block-column is-vertically-aligned-center is-layout-flow wp-block-column-is-layout-flow\">\n<p><strong>Image 19 : Petit masque<\/strong><\/p>\n\n\n\n<p><em>Chapulhuacanito, Tamazunchale, S.L.P. Mexique. Novembre 2019<\/em>.<\/p>\n\n\n\n<blockquote class=\"wp-block-quote is-layout-flow wp-block-quote-is-layout-flow\">\n<p>J'ai d\u00e9j\u00e0 fabriqu\u00e9 un petit masque pour mon fils, qu'il pourra porter pour Xantolo.<\/p>\n<cite><em>Chilo, mascarade communautaire<\/em><\/cite><\/blockquote>\n<\/div>\n<\/div>\n\n\n\n<hr class=\"wp-block-separator has-css-opacity\"\/>\n\n\n\n<div class=\"wp-block-columns alignwide is-layout-flex wp-container-core-columns-is-layout-20 wp-block-columns-is-layout-flex\" id=\"img-11\">\n<div class=\"wp-block-column is-vertically-aligned-center is-layout-flow wp-block-column-is-layout-flow\">\n<p style=\"font-size:15px\"><\/p>\n\n\n\n<p><strong>Image 20 : La sueur<\/strong><\/p>\n\n\n\n<p><em>Chapulhuacanito, Tamazunchale, S.L.P. Mexique. Octobre 2019.<\/em><\/p>\n\n\n\n<blockquote class=\"wp-block-quote is-layout-flow wp-block-quote-is-layout-flow\">\n<p>Imaginez tout ce qu'un masque a subi \u00e0 l'int\u00e9rieur, il porte la sueur et l'\u00e9nergie de tant de personnes qui l'ont port\u00e9.\u00a0<\/p>\n<cite><em>\u00d3scar, d\u00e9guis\u00e9 en quartier San Jos\u00e9<\/em><\/cite><\/blockquote>\n<\/div>\n\n\n\n<div class=\"wp-block-column is-layout-flow wp-block-column-is-layout-flow\" style=\"flex-basis:50%\">\n<figure class=\"wp-block-image size-large\"><img loading=\"lazy\" decoding=\"async\" width=\"1024\" height=\"683\" src=\"https:\/\/encartes.mx\/wp-content\/uploads\/2024\/09\/resizedImagen-20.-El-sudor-1024x683.jpg\" alt=\"\" class=\"wp-image-39069\" srcset=\"https:\/\/encartes.mx\/wp-content\/uploads\/2024\/09\/resizedImagen-20.-El-sudor-1024x683.jpg 1024w, https:\/\/encartes.mx\/wp-content\/uploads\/2024\/09\/resizedImagen-20.-El-sudor-300x200.jpg 300w, https:\/\/encartes.mx\/wp-content\/uploads\/2024\/09\/resizedImagen-20.-El-sudor-768x512.jpg 768w, https:\/\/encartes.mx\/wp-content\/uploads\/2024\/09\/resizedImagen-20.-El-sudor-1600x1067.jpg 1600w, https:\/\/encartes.mx\/wp-content\/uploads\/2024\/09\/resizedImagen-20.-El-sudor-2200x1467.jpg 2200w, https:\/\/encartes.mx\/wp-content\/uploads\/2024\/09\/resizedImagen-20.-El-sudor-1536x1024.jpg 1536w, https:\/\/encartes.mx\/wp-content\/uploads\/2024\/09\/resizedImagen-20.-El-sudor-2048x1365.jpg 2048w, https:\/\/encartes.mx\/wp-content\/uploads\/2024\/09\/resizedImagen-20.-El-sudor-18x12.jpg 18w, https:\/\/encartes.mx\/wp-content\/uploads\/2024\/09\/resizedImagen-20.-El-sudor-1200x800.jpg 1200w, https:\/\/encartes.mx\/wp-content\/uploads\/2024\/09\/resizedImagen-20.-El-sudor-1980x1320.jpg 1980w, https:\/\/encartes.mx\/wp-content\/uploads\/2024\/09\/resizedImagen-20.-El-sudor.jpg 2400w\" sizes=\"auto, (max-width: 1024px) 100vw, 1024px\" \/><\/figure>\n<\/div>\n<\/div>\n\n\n\n<hr class=\"wp-block-separator has-css-opacity\"\/>\n\n\n\n<div class=\"wp-block-columns alignwide are-vertically-aligned-center is-layout-flex wp-container-core-columns-is-layout-21 wp-block-columns-is-layout-flex\" id=\"img-12\">\n<div class=\"wp-block-column is-vertically-aligned-center is-layout-flow wp-block-column-is-layout-flow\" style=\"flex-basis:66.66%\">\n<figure class=\"wp-block-image size-large\"><img loading=\"lazy\" decoding=\"async\" width=\"1024\" height=\"683\" src=\"https:\/\/encartes.mx\/wp-content\/uploads\/2024\/09\/resizedImagen-21.-La-bajada-del-cole_-1024x683.jpg\" alt=\"\" class=\"wp-image-39070\" srcset=\"https:\/\/encartes.mx\/wp-content\/uploads\/2024\/09\/resizedImagen-21.-La-bajada-del-cole_-1024x683.jpg 1024w, https:\/\/encartes.mx\/wp-content\/uploads\/2024\/09\/resizedImagen-21.-La-bajada-del-cole_-300x200.jpg 300w, https:\/\/encartes.mx\/wp-content\/uploads\/2024\/09\/resizedImagen-21.-La-bajada-del-cole_-768x512.jpg 768w, https:\/\/encartes.mx\/wp-content\/uploads\/2024\/09\/resizedImagen-21.-La-bajada-del-cole_-1600x1067.jpg 1600w, https:\/\/encartes.mx\/wp-content\/uploads\/2024\/09\/resizedImagen-21.-La-bajada-del-cole_-2200x1467.jpg 2200w, https:\/\/encartes.mx\/wp-content\/uploads\/2024\/09\/resizedImagen-21.-La-bajada-del-cole_-1536x1024.jpg 1536w, https:\/\/encartes.mx\/wp-content\/uploads\/2024\/09\/resizedImagen-21.-La-bajada-del-cole_-2048x1365.jpg 2048w, https:\/\/encartes.mx\/wp-content\/uploads\/2024\/09\/resizedImagen-21.-La-bajada-del-cole_-18x12.jpg 18w, https:\/\/encartes.mx\/wp-content\/uploads\/2024\/09\/resizedImagen-21.-La-bajada-del-cole_-1200x800.jpg 1200w, https:\/\/encartes.mx\/wp-content\/uploads\/2024\/09\/resizedImagen-21.-La-bajada-del-cole_-1980x1320.jpg 1980w, https:\/\/encartes.mx\/wp-content\/uploads\/2024\/09\/resizedImagen-21.-La-bajada-del-cole_.jpg 2400w\" sizes=\"auto, (max-width: 1024px) 100vw, 1024px\" \/><\/figure>\n<\/div>\n\n\n\n<div class=\"wp-block-column is-vertically-aligned-center is-layout-flow wp-block-column-is-layout-flow\">\n<p><strong><strong>Image 21 : La descente de l'\u00e9cole<\/strong><\/strong><\/p>\n\n\n\n<p><em>Chapulhuacanito, Tamazunchale, S.L.P. Mexique. octobre 2023<\/em>.<\/p>\n\n\n\n<p>Chacun des masques descendus doit \u00eatre fum\u00e9 avant d'\u00eatre pass\u00e9 au sol et de recevoir de l'aguardiente \u00e0 boire.<\/p>\n<\/div>\n<\/div>\n\n\n\n<hr class=\"wp-block-separator has-css-opacity\"\/>\n\n\n\n<div class=\"wp-block-columns alignwide is-layout-flex wp-container-core-columns-is-layout-22 wp-block-columns-is-layout-flex\" id=\"img-13\">\n<div class=\"wp-block-column is-vertically-aligned-center is-layout-flow wp-block-column-is-layout-flow\">\n<p><strong>Image 22 : Faire passer la boisson<\/strong><\/p>\n\n\n\n<p><em><em>Chapulhuacanito, Tamazunchale, S.L.P. Mexique. octobre 2023<\/em><\/em>.<\/p>\n\n\n\n<p>D\u00e9livrer et recevoir : ces mots sont utilis\u00e9s lors de l'abaissement des masques et consistent en un dialogue entre les entrepreneurs pr\u00e9sents et pass\u00e9s, dans lequel le partage de la boisson (aguardiente) est fondamental au cours du rituel, afin de renforcer le processus d'accueil du d\u00e9funt.<\/p>\n<\/div>\n\n\n\n<div class=\"wp-block-column is-layout-flow wp-block-column-is-layout-flow\" style=\"flex-basis:66.66%\">\n<figure class=\"wp-block-image size-full\"><img loading=\"lazy\" decoding=\"async\" width=\"2400\" height=\"1600\" src=\"https:\/\/encartes.mx\/wp-content\/uploads\/2024\/09\/resizedImagen-22.-Pasar-el-traguito_.jpg\" alt=\"\" class=\"wp-image-39071\" srcset=\"https:\/\/encartes.mx\/wp-content\/uploads\/2024\/09\/resizedImagen-22.-Pasar-el-traguito_.jpg 2400w, https:\/\/encartes.mx\/wp-content\/uploads\/2024\/09\/resizedImagen-22.-Pasar-el-traguito_-300x200.jpg 300w, https:\/\/encartes.mx\/wp-content\/uploads\/2024\/09\/resizedImagen-22.-Pasar-el-traguito_-1024x683.jpg 1024w, https:\/\/encartes.mx\/wp-content\/uploads\/2024\/09\/resizedImagen-22.-Pasar-el-traguito_-768x512.jpg 768w, https:\/\/encartes.mx\/wp-content\/uploads\/2024\/09\/resizedImagen-22.-Pasar-el-traguito_-1600x1067.jpg 1600w, https:\/\/encartes.mx\/wp-content\/uploads\/2024\/09\/resizedImagen-22.-Pasar-el-traguito_-2200x1467.jpg 2200w, https:\/\/encartes.mx\/wp-content\/uploads\/2024\/09\/resizedImagen-22.-Pasar-el-traguito_-1536x1024.jpg 1536w, https:\/\/encartes.mx\/wp-content\/uploads\/2024\/09\/resizedImagen-22.-Pasar-el-traguito_-2048x1365.jpg 2048w, https:\/\/encartes.mx\/wp-content\/uploads\/2024\/09\/resizedImagen-22.-Pasar-el-traguito_-18x12.jpg 18w, https:\/\/encartes.mx\/wp-content\/uploads\/2024\/09\/resizedImagen-22.-Pasar-el-traguito_-1200x800.jpg 1200w, https:\/\/encartes.mx\/wp-content\/uploads\/2024\/09\/resizedImagen-22.-Pasar-el-traguito_-1980x1320.jpg 1980w\" sizes=\"auto, (max-width: 2400px) 100vw, 2400px\" \/><\/figure>\n<\/div>\n<\/div>\n\n\n\n<hr class=\"wp-block-separator has-css-opacity\"\/>\n\n\n\n<div class=\"wp-block-columns alignwide are-vertically-aligned-center is-layout-flex wp-container-core-columns-is-layout-23 wp-block-columns-is-layout-flex\" id=\"img-14\">\n<div class=\"wp-block-column is-vertically-aligned-center is-layout-flow wp-block-column-is-layout-flow\" style=\"flex-basis:66.66%\">\n<figure class=\"wp-block-image size-large\"><img loading=\"lazy\" decoding=\"async\" width=\"1024\" height=\"683\" src=\"https:\/\/encartes.mx\/wp-content\/uploads\/2024\/09\/resizedImagen-23.-Sahumar-para-no-volverse-loco_-1024x683.jpg\" alt=\"\" class=\"wp-image-39072\" srcset=\"https:\/\/encartes.mx\/wp-content\/uploads\/2024\/09\/resizedImagen-23.-Sahumar-para-no-volverse-loco_-1024x683.jpg 1024w, https:\/\/encartes.mx\/wp-content\/uploads\/2024\/09\/resizedImagen-23.-Sahumar-para-no-volverse-loco_-300x200.jpg 300w, https:\/\/encartes.mx\/wp-content\/uploads\/2024\/09\/resizedImagen-23.-Sahumar-para-no-volverse-loco_-768x512.jpg 768w, https:\/\/encartes.mx\/wp-content\/uploads\/2024\/09\/resizedImagen-23.-Sahumar-para-no-volverse-loco_-1600x1067.jpg 1600w, https:\/\/encartes.mx\/wp-content\/uploads\/2024\/09\/resizedImagen-23.-Sahumar-para-no-volverse-loco_-2200x1467.jpg 2200w, https:\/\/encartes.mx\/wp-content\/uploads\/2024\/09\/resizedImagen-23.-Sahumar-para-no-volverse-loco_-1536x1024.jpg 1536w, https:\/\/encartes.mx\/wp-content\/uploads\/2024\/09\/resizedImagen-23.-Sahumar-para-no-volverse-loco_-2048x1365.jpg 2048w, https:\/\/encartes.mx\/wp-content\/uploads\/2024\/09\/resizedImagen-23.-Sahumar-para-no-volverse-loco_-18x12.jpg 18w, https:\/\/encartes.mx\/wp-content\/uploads\/2024\/09\/resizedImagen-23.-Sahumar-para-no-volverse-loco_-1200x800.jpg 1200w, https:\/\/encartes.mx\/wp-content\/uploads\/2024\/09\/resizedImagen-23.-Sahumar-para-no-volverse-loco_-1980x1320.jpg 1980w, https:\/\/encartes.mx\/wp-content\/uploads\/2024\/09\/resizedImagen-23.-Sahumar-para-no-volverse-loco_.jpg 2400w\" sizes=\"auto, (max-width: 1024px) 100vw, 1024px\" \/><\/figure>\n<\/div>\n\n\n\n<div class=\"wp-block-column is-vertically-aligned-center is-layout-flow wp-block-column-is-layout-flow\">\n<p><strong><strong>Image 23 : Sahumar pour ne pas devenir fou<\/strong><\/strong><\/p>\n\n\n\n<p><em>Chapulhuacanito, Tamazunchale, S.L.P. Mexique. Septembre 2018<\/em>.<\/p>\n\n\n\n<p>Lors de la descente des masques, il est n\u00e9cessaire que toutes les personnes assistant au rituel passent pour fumer les masques. Cela leur \u00e9vitera de devenir fous, ce qui consiste \u00e0 ne pas s'endormir et \u00e0 \u00e9couter les costumes. En cas de folie, l'entrepreneur doit sculpter un masque et boire la poudre qui en sort avec de l'aguardiente.<\/p>\n<\/div>\n<\/div>\n\n\n\n<hr class=\"wp-block-separator has-css-opacity\"\/>\n\n\n\n<div class=\"wp-block-columns alignwide is-layout-flex wp-container-core-columns-is-layout-24 wp-block-columns-is-layout-flex\" id=\"img-15\">\n<div class=\"wp-block-column is-vertically-aligned-center is-layout-flow wp-block-column-is-layout-flow\">\n<p><strong>Image 24 : d\u00e9voilement d'\u00d3scar<\/strong><\/p>\n\n\n\n<p><em><em>Chapulhuacanito, Tamazunchale, S.L.P. Mexique. Novembre 2019<\/em><\/em>.<\/p>\n\n\n\n<blockquote class=\"wp-block-quote is-layout-flow wp-block-quote-is-layout-flow\">\n<p>Lors du d\u00e9voilement, quand on enl\u00e8ve le masque, je suis triste de ne pas les revoir avant l'ann\u00e9e prochaine. <\/p>\n<cite><em>Oscar<\/em><\/cite><\/blockquote>\n<\/div>\n\n\n\n<div class=\"wp-block-column is-layout-flow wp-block-column-is-layout-flow\" style=\"flex-basis:66.66%\">\n<figure class=\"wp-block-image size-large\"><img loading=\"lazy\" decoding=\"async\" width=\"1024\" height=\"683\" src=\"https:\/\/encartes.mx\/wp-content\/uploads\/2024\/09\/resizedImagen-24.-El-destape-de-Oscar_-1024x683.jpg\" alt=\"\" class=\"wp-image-39074\" srcset=\"https:\/\/encartes.mx\/wp-content\/uploads\/2024\/09\/resizedImagen-24.-El-destape-de-Oscar_-1024x683.jpg 1024w, https:\/\/encartes.mx\/wp-content\/uploads\/2024\/09\/resizedImagen-24.-El-destape-de-Oscar_-300x200.jpg 300w, https:\/\/encartes.mx\/wp-content\/uploads\/2024\/09\/resizedImagen-24.-El-destape-de-Oscar_-768x512.jpg 768w, https:\/\/encartes.mx\/wp-content\/uploads\/2024\/09\/resizedImagen-24.-El-destape-de-Oscar_-1600x1067.jpg 1600w, https:\/\/encartes.mx\/wp-content\/uploads\/2024\/09\/resizedImagen-24.-El-destape-de-Oscar_-2200x1467.jpg 2200w, https:\/\/encartes.mx\/wp-content\/uploads\/2024\/09\/resizedImagen-24.-El-destape-de-Oscar_-1536x1024.jpg 1536w, https:\/\/encartes.mx\/wp-content\/uploads\/2024\/09\/resizedImagen-24.-El-destape-de-Oscar_-2048x1365.jpg 2048w, https:\/\/encartes.mx\/wp-content\/uploads\/2024\/09\/resizedImagen-24.-El-destape-de-Oscar_-18x12.jpg 18w, https:\/\/encartes.mx\/wp-content\/uploads\/2024\/09\/resizedImagen-24.-El-destape-de-Oscar_-1200x800.jpg 1200w, https:\/\/encartes.mx\/wp-content\/uploads\/2024\/09\/resizedImagen-24.-El-destape-de-Oscar_-1980x1320.jpg 1980w, https:\/\/encartes.mx\/wp-content\/uploads\/2024\/09\/resizedImagen-24.-El-destape-de-Oscar_.jpg 2400w\" sizes=\"auto, (max-width: 1024px) 100vw, 1024px\" \/><\/figure>\n<\/div>\n<\/div>","protected":false},"excerpt":{"rendered":"<p>Pendant les jours de la f\u00eate du Xanto, le centre de Chapulhuacanito est d\u00e9cor\u00e9 pour attirer les villageois et les visiteurs.<\/p>","protected":false},"featured_media":39058,"menu_order":0,"comment_status":"open","ping_status":"closed","template":"templates\/template-cover.php","class_list":["post-39049","ensayos-fotograficos","type-ensayos-fotograficos","status-publish","has-post-thumbnail","hentry"],"acf":[],"yoast_head":"<!-- This site is optimized with the Yoast SEO plugin v22.2 - https:\/\/yoast.com\/wordpress\/plugins\/seo\/ -->\n<title>Fotografiar un proceso ritual &#8211; Encartes<\/title>\n<meta name=\"description\" content=\"Durante los d\u00edas de fiesta del Xanto, el centro de Chapulhuacanito es decorado para el atractivo de los pobladores y visitantes.\" \/>\n<meta name=\"robots\" content=\"index, follow, max-snippet:-1, max-image-preview:large, max-video-preview:-1\" \/>\n<link rel=\"canonical\" href=\"https:\/\/encartes.mx\/fr\/ensayos-fotograficos\/mancilla-fotos-huasteca-potosina-nahuas-mascaras-agencia-xantolo\/\" \/>\n<meta property=\"og:locale\" content=\"fr_FR\" \/>\n<meta property=\"og:type\" content=\"article\" \/>\n<meta property=\"og:title\" content=\"Fotografiar un proceso ritual &#8211; Encartes\" \/>\n<meta property=\"og:description\" content=\"Durante los d\u00edas de fiesta del Xanto, el centro de Chapulhuacanito es decorado para el atractivo de los pobladores y visitantes.\" \/>\n<meta property=\"og:url\" content=\"https:\/\/encartes.mx\/fr\/ensayos-fotograficos\/mancilla-fotos-huasteca-potosina-nahuas-mascaras-agencia-xantolo\/\" \/>\n<meta property=\"og:site_name\" content=\"Encartes\" \/>\n<meta property=\"og:image\" content=\"https:\/\/encartes.mx\/wp-content\/uploads\/2024\/09\/resizedImagen-9.-Juego-de-miradas_.jpg\" \/>\n\t<meta property=\"og:image:width\" content=\"2400\" \/>\n\t<meta property=\"og:image:height\" content=\"1600\" \/>\n\t<meta property=\"og:image:type\" content=\"image\/jpeg\" \/>\n<meta name=\"twitter:card\" content=\"summary_large_image\" \/>\n<meta name=\"twitter:label1\" content=\"Dur\u00e9e de lecture estim\u00e9e\" \/>\n\t<meta name=\"twitter:data1\" content=\"12 minutes\" \/>\n\t<meta name=\"twitter:label2\" content=\"Written by\" \/>\n\t<meta name=\"twitter:data2\" content=\"Arthur Ventura\" \/>\n<script type=\"application\/ld+json\" class=\"yoast-schema-graph\">{\"@context\":\"https:\/\/schema.org\",\"@graph\":[{\"@type\":\"WebPage\",\"@id\":\"https:\/\/encartes.mx\/ensayos-fotograficos\/mancilla-fotos-huasteca-potosina-nahuas-mascaras-agencia-xantolo\/\",\"url\":\"https:\/\/encartes.mx\/ensayos-fotograficos\/mancilla-fotos-huasteca-potosina-nahuas-mascaras-agencia-xantolo\/\",\"name\":\"Fotografiar un proceso ritual &#8211; Encartes\",\"isPartOf\":{\"@id\":\"https:\/\/encartes.mx\/#website\"},\"primaryImageOfPage\":{\"@id\":\"https:\/\/encartes.mx\/ensayos-fotograficos\/mancilla-fotos-huasteca-potosina-nahuas-mascaras-agencia-xantolo\/#primaryimage\"},\"image\":{\"@id\":\"https:\/\/encartes.mx\/ensayos-fotograficos\/mancilla-fotos-huasteca-potosina-nahuas-mascaras-agencia-xantolo\/#primaryimage\"},\"thumbnailUrl\":\"https:\/\/encartes.mx\/wp-content\/uploads\/2024\/09\/resizedImagen-9.-Juego-de-miradas_.jpg\",\"datePublished\":\"2024-09-20T16:51:26+00:00\",\"dateModified\":\"2024-09-20T16:51:26+00:00\",\"description\":\"Durante los d\u00edas de fiesta del Xanto, el centro de Chapulhuacanito es decorado para el atractivo de los pobladores y visitantes.\",\"breadcrumb\":{\"@id\":\"https:\/\/encartes.mx\/ensayos-fotograficos\/mancilla-fotos-huasteca-potosina-nahuas-mascaras-agencia-xantolo\/#breadcrumb\"},\"inLanguage\":\"fr-FR\",\"potentialAction\":[{\"@type\":\"ReadAction\",\"target\":[\"https:\/\/encartes.mx\/ensayos-fotograficos\/mancilla-fotos-huasteca-potosina-nahuas-mascaras-agencia-xantolo\/\"]}]},{\"@type\":\"ImageObject\",\"inLanguage\":\"fr-FR\",\"@id\":\"https:\/\/encartes.mx\/ensayos-fotograficos\/mancilla-fotos-huasteca-potosina-nahuas-mascaras-agencia-xantolo\/#primaryimage\",\"url\":\"https:\/\/encartes.mx\/wp-content\/uploads\/2024\/09\/resizedImagen-9.-Juego-de-miradas_.jpg\",\"contentUrl\":\"https:\/\/encartes.mx\/wp-content\/uploads\/2024\/09\/resizedImagen-9.-Juego-de-miradas_.jpg\",\"width\":2400,\"height\":1600},{\"@type\":\"BreadcrumbList\",\"@id\":\"https:\/\/encartes.mx\/ensayos-fotograficos\/mancilla-fotos-huasteca-potosina-nahuas-mascaras-agencia-xantolo\/#breadcrumb\",\"itemListElement\":[{\"@type\":\"ListItem\",\"position\":1,\"name\":\"Home\",\"item\":\"https:\/\/encartes.mx\/\"},{\"@type\":\"ListItem\",\"position\":2,\"name\":\"Ensayos fotogr\u00e1ficos\",\"item\":\"https:\/\/encartes.mx\/ensayos-fotograficos\/\"},{\"@type\":\"ListItem\",\"position\":3,\"name\":\"Fotografiar un proceso ritual: una aproximaci\u00f3n a la agencia de las m\u00e1scaras del Xantolo\"}]},{\"@type\":\"WebSite\",\"@id\":\"https:\/\/encartes.mx\/#website\",\"url\":\"https:\/\/encartes.mx\/\",\"name\":\"Encartes\",\"description\":\"Revista digital multimedia\",\"publisher\":{\"@id\":\"https:\/\/encartes.mx\/#organization\"},\"potentialAction\":[{\"@type\":\"SearchAction\",\"target\":{\"@type\":\"EntryPoint\",\"urlTemplate\":\"https:\/\/encartes.mx\/?s={search_term_string}\"},\"query-input\":\"required name=search_term_string\"}],\"inLanguage\":\"fr-FR\"},{\"@type\":\"Organization\",\"@id\":\"https:\/\/encartes.mx\/#organization\",\"name\":\"Encartes Antropol\u00f3gicos\",\"url\":\"https:\/\/encartes.mx\/\",\"logo\":{\"@type\":\"ImageObject\",\"inLanguage\":\"fr-FR\",\"@id\":\"https:\/\/encartes.mx\/#\/schema\/logo\/image\/\",\"url\":\"https:\/\/encartes.mx\/wp-content\/uploads\/2017\/04\/Logo-04.png\",\"contentUrl\":\"https:\/\/encartes.mx\/wp-content\/uploads\/2017\/04\/Logo-04.png\",\"width\":338,\"height\":306,\"caption\":\"Encartes Antropol\u00f3gicos\"},\"image\":{\"@id\":\"https:\/\/encartes.mx\/#\/schema\/logo\/image\/\"}}]}<\/script>\n<!-- \/ Yoast SEO plugin. -->","yoast_head_json":{"title":"Fotografiar un proceso ritual &#8211; Encartes","description":"Pendant les jours de la f\u00eate du Xanto, le centre de Chapulhuacanito est d\u00e9cor\u00e9 pour attirer les villageois et les visiteurs.","robots":{"index":"index","follow":"follow","max-snippet":"max-snippet:-1","max-image-preview":"max-image-preview:large","max-video-preview":"max-video-preview:-1"},"canonical":"https:\/\/encartes.mx\/fr\/ensayos-fotograficos\/mancilla-fotos-huasteca-potosina-nahuas-mascaras-agencia-xantolo\/","og_locale":"fr_FR","og_type":"article","og_title":"Fotografiar un proceso ritual &#8211; Encartes","og_description":"Durante los d\u00edas de fiesta del Xanto, el centro de Chapulhuacanito es decorado para el atractivo de los pobladores y visitantes.","og_url":"https:\/\/encartes.mx\/fr\/ensayos-fotograficos\/mancilla-fotos-huasteca-potosina-nahuas-mascaras-agencia-xantolo\/","og_site_name":"Encartes","og_image":[{"width":2400,"height":1600,"url":"https:\/\/encartes.mx\/wp-content\/uploads\/2024\/09\/resizedImagen-9.-Juego-de-miradas_.jpg","type":"image\/jpeg"}],"twitter_card":"summary_large_image","twitter_misc":{"Dur\u00e9e de lecture estim\u00e9e":"12 minutes","Written by":"Arthur Ventura"},"schema":{"@context":"https:\/\/schema.org","@graph":[{"@type":"WebPage","@id":"https:\/\/encartes.mx\/ensayos-fotograficos\/mancilla-fotos-huasteca-potosina-nahuas-mascaras-agencia-xantolo\/","url":"https:\/\/encartes.mx\/ensayos-fotograficos\/mancilla-fotos-huasteca-potosina-nahuas-mascaras-agencia-xantolo\/","name":"Fotografiar un proceso ritual &#8211; Encartes","isPartOf":{"@id":"https:\/\/encartes.mx\/#website"},"primaryImageOfPage":{"@id":"https:\/\/encartes.mx\/ensayos-fotograficos\/mancilla-fotos-huasteca-potosina-nahuas-mascaras-agencia-xantolo\/#primaryimage"},"image":{"@id":"https:\/\/encartes.mx\/ensayos-fotograficos\/mancilla-fotos-huasteca-potosina-nahuas-mascaras-agencia-xantolo\/#primaryimage"},"thumbnailUrl":"https:\/\/encartes.mx\/wp-content\/uploads\/2024\/09\/resizedImagen-9.-Juego-de-miradas_.jpg","datePublished":"2024-09-20T16:51:26+00:00","dateModified":"2024-09-20T16:51:26+00:00","description":"Pendant les jours de la f\u00eate du Xanto, le centre de Chapulhuacanito est d\u00e9cor\u00e9 pour attirer les villageois et les visiteurs.","breadcrumb":{"@id":"https:\/\/encartes.mx\/ensayos-fotograficos\/mancilla-fotos-huasteca-potosina-nahuas-mascaras-agencia-xantolo\/#breadcrumb"},"inLanguage":"fr-FR","potentialAction":[{"@type":"ReadAction","target":["https:\/\/encartes.mx\/ensayos-fotograficos\/mancilla-fotos-huasteca-potosina-nahuas-mascaras-agencia-xantolo\/"]}]},{"@type":"ImageObject","inLanguage":"fr-FR","@id":"https:\/\/encartes.mx\/ensayos-fotograficos\/mancilla-fotos-huasteca-potosina-nahuas-mascaras-agencia-xantolo\/#primaryimage","url":"https:\/\/encartes.mx\/wp-content\/uploads\/2024\/09\/resizedImagen-9.-Juego-de-miradas_.jpg","contentUrl":"https:\/\/encartes.mx\/wp-content\/uploads\/2024\/09\/resizedImagen-9.-Juego-de-miradas_.jpg","width":2400,"height":1600},{"@type":"BreadcrumbList","@id":"https:\/\/encartes.mx\/ensayos-fotograficos\/mancilla-fotos-huasteca-potosina-nahuas-mascaras-agencia-xantolo\/#breadcrumb","itemListElement":[{"@type":"ListItem","position":1,"name":"Home","item":"https:\/\/encartes.mx\/"},{"@type":"ListItem","position":2,"name":"Ensayos fotogr\u00e1ficos","item":"https:\/\/encartes.mx\/ensayos-fotograficos\/"},{"@type":"ListItem","position":3,"name":"Fotografiar un proceso ritual: una aproximaci\u00f3n a la agencia de las m\u00e1scaras del Xantolo"}]},{"@type":"WebSite","@id":"https:\/\/encartes.mx\/#website","url":"https:\/\/encartes.mx\/","name":"Encartes","description":"Magazine num\u00e9rique multim\u00e9dia","publisher":{"@id":"https:\/\/encartes.mx\/#organization"},"potentialAction":[{"@type":"SearchAction","target":{"@type":"EntryPoint","urlTemplate":"https:\/\/encartes.mx\/?s={search_term_string}"},"query-input":"required name=search_term_string"}],"inLanguage":"fr-FR"},{"@type":"Organization","@id":"https:\/\/encartes.mx\/#organization","name":"Insertions anthropologiques","url":"https:\/\/encartes.mx\/","logo":{"@type":"ImageObject","inLanguage":"fr-FR","@id":"https:\/\/encartes.mx\/#\/schema\/logo\/image\/","url":"https:\/\/encartes.mx\/wp-content\/uploads\/2017\/04\/Logo-04.png","contentUrl":"https:\/\/encartes.mx\/wp-content\/uploads\/2017\/04\/Logo-04.png","width":338,"height":306,"caption":"Encartes Antropol\u00f3gicos"},"image":{"@id":"https:\/\/encartes.mx\/#\/schema\/logo\/image\/"}}]}},"jetpack_sharing_enabled":true,"_links":{"self":[{"href":"https:\/\/encartes.mx\/fr\/wp-json\/wp\/v2\/ensayos-fotograficos\/39049","targetHints":{"allow":["GET"]}}],"collection":[{"href":"https:\/\/encartes.mx\/fr\/wp-json\/wp\/v2\/ensayos-fotograficos"}],"about":[{"href":"https:\/\/encartes.mx\/fr\/wp-json\/wp\/v2\/types\/ensayos-fotograficos"}],"replies":[{"embeddable":true,"href":"https:\/\/encartes.mx\/fr\/wp-json\/wp\/v2\/comments?post=39049"}],"wp:featuredmedia":[{"embeddable":true,"href":"https:\/\/encartes.mx\/fr\/wp-json\/wp\/v2\/media\/39058"}],"wp:attachment":[{"href":"https:\/\/encartes.mx\/fr\/wp-json\/wp\/v2\/media?parent=39049"}],"curies":[{"name":"wp","href":"https:\/\/api.w.org\/{rel}","templated":true}]}}