{"id":36149,"date":"2022-09-21T21:16:00","date_gmt":"2022-09-21T21:16:00","guid":{"rendered":"https:\/\/encartes.mx\/?post_type=ensayos-fotograficos&#038;p=36149"},"modified":"2022-09-21T21:28:57","modified_gmt":"2022-09-21T21:28:57","slug":"convocatoria-usos-contradicciones-infraestructura-urbana","status":"publish","type":"ensayos-fotograficos","link":"https:\/\/encartes.mx\/fr\/ensayos-fotograficos\/convocatoria-usos-contradicciones-infraestructura-urbana\/","title":{"rendered":"Usages et contradictions des infrastructures urbaines"},"content":{"rendered":"<p class=\"has-drop-cap abstract\">Tous les \u00eatres humains ont une dimension spatiale. Cette condition est intimement li\u00e9e aux mani\u00e8res collectives de penser, de sentir et d'agir dans le monde ; c'est pour cette raison que les espaces publics que nous habitons et traversons dans le cadre de la vie quotidienne deviennent constamment des sc\u00e9narios en litige, non seulement dans leurs dimensions territoriales mais aussi dans leurs dimensions symboliques. On pourrait dire que l'acte d'intervenir dans un espace public est, \u00e0 son tour, une lutte pour gagner une place dans la pens\u00e9e collective.<\/p>\n\n\n\n<hr class=\"wp-block-separator\"\/>\n\n\n\n<h2 class=\"wp-block-heading\">Inaccessibilit\u00e9s<\/h2>\n\n\n\n<p>Comment les infrastructures excluent certains corps et certaines pratiques urbaines dans les usages quotidiens.<\/p>\n\n\n\n<div class=\"wp-block-columns alignwide are-vertically-aligned-center is-layout-flex wp-container-core-columns-is-layout-1 wp-block-columns-is-layout-flex\">\n<div class=\"wp-block-column is-vertically-aligned-center is-layout-flow wp-block-column-is-layout-flow\" style=\"flex-basis:50%\">\n<figure class=\"wp-block-image size-large\"><img decoding=\"async\" src=\"https:\/\/archive.org\/download\/vol5num10-multimedia\/convocatoria-trejo-01.jpg\" alt=\"\"\/><\/figure>\n\n\n\n<p><\/p>\n<\/div>\n\n\n\n<div class=\"wp-block-column is-vertically-aligned-center is-layout-flow wp-block-column-is-layout-flow\">\n<p><strong>Reliefs urbains<\/strong><\/p>\n\n\n\n<p style=\"font-size:15px\"><em><em>Jessica Trejo<\/em>Mexico City, Mexique. 21 juillet 2022.<\/em><\/p>\n\n\n\n<p>La rue Balderas \u00e0 Mexico, dans le quartier de Cuauht\u00e9moc.&nbsp;<\/p>\n<\/div>\n<\/div>\n\n\n\n<hr class=\"wp-block-separator\"\/>\n\n\n\n<div class=\"wp-block-columns alignwide is-layout-flex wp-container-core-columns-is-layout-2 wp-block-columns-is-layout-flex\">\n<div class=\"wp-block-column is-vertically-aligned-center is-layout-flow wp-block-column-is-layout-flow\">\n<p><strong>Palimpseste urbain<\/strong><\/p>\n\n\n\n<p style=\"font-size:15px\"><em><em>Oscar Molina Palestine<\/em>Mexico City, Mexique. 1er mars 2020<\/em><\/p>\n\n\n\n<p>Pr\u00e8s du Paseo de la Reforma, le dimanche, les vendeurs d'antiquit\u00e9s proposent leurs produits au march\u00e9 aux puces de La Lagunilla. Les clients et les commer\u00e7ants prennent le c\u00f4t\u00e9 et la bande cyclable pour un parking, ce qui rend difficile la circulation des cyclistes.<\/p>\n<\/div>\n\n\n\n<div class=\"wp-block-column is-layout-flow wp-block-column-is-layout-flow\" style=\"flex-basis:66.66%\">\n<figure class=\"wp-block-image size-large\"><img decoding=\"async\" src=\"https:\/\/archive.org\/download\/vol5num10-multimedia\/convocatoria-molina_palestina-01.jpg\" alt=\"\"\/><\/figure>\n<\/div>\n<\/div>\n\n\n\n<hr class=\"wp-block-separator\"\/>\n\n\n\n<div class=\"wp-block-columns alignwide are-vertically-aligned-center is-layout-flex wp-container-core-columns-is-layout-3 wp-block-columns-is-layout-flex\">\n<div class=\"wp-block-column is-vertically-aligned-center is-layout-flow wp-block-column-is-layout-flow\" style=\"flex-basis:50%\">\n<figure class=\"wp-block-image size-large\"><img decoding=\"async\" src=\"https:\/\/archive.org\/download\/vol5num10-multimedia\/convocatoria-molina_palestina-02.jpg\" alt=\"\"\/><\/figure>\n<\/div>\n\n\n\n<div class=\"wp-block-column is-vertically-aligned-center is-layout-flow wp-block-column-is-layout-flow\">\n<p><\/p>\n\n\n\n<p><strong>R\u00e9formes<\/strong><\/p>\n\n\n\n<p style=\"font-size:15px\"><em> <em><em>Oscar Molina Palestine<\/em>Mexico City, Mexique. 24 janvier 2021<\/em> <\/em><\/p>\n\n\n\n<p>Le paseo de la Reforma a fait l'objet d'un investissement important pour offrir des voies de mobilit\u00e9 s\u00fbres aux cyclistes. Cependant, les trottoirs restent un terrain dangereux pour les utilisateurs de fauteuils roulants, qui pr\u00e9f\u00e8rent utiliser les pistes cyclables d\u00e9sertes.<\/p>\n<\/div>\n<\/div>\n\n\n\n<hr class=\"wp-block-separator\"\/>\n\n\n\n<div class=\"wp-block-columns alignwide is-layout-flex wp-container-core-columns-is-layout-4 wp-block-columns-is-layout-flex\">\n<div class=\"wp-block-column is-vertically-aligned-center is-layout-flow wp-block-column-is-layout-flow\">\n<p><strong>Passage pour pi\u00e9tons \u00e0 l'\u00e9cole primaire<\/strong><\/p>\n\n\n\n<p style=\"font-size:15px\"><em><em>Carlos Jes\u00fas Mart\u00ednez L\u00f3pez<\/em>Zapopan, Jal. Mexique. 21 juin 2022.<\/em><\/p>\n\n\n\n<p>Sur l'avenue Antiguo Camino a Tesist\u00e1n, m\u00eame les avertissements et les am\u00e9liorations apport\u00e9es \u00e0 la fa\u00e7ade de cette \u00e9cole primaire ne peuvent ralentir le rythme rapide des voitures.<\/p>\n<\/div>\n\n\n\n<div class=\"wp-block-column is-layout-flow wp-block-column-is-layout-flow\" style=\"flex-basis:66.66%\">\n<figure class=\"wp-block-image size-large\"><img decoding=\"async\" src=\"https:\/\/archive.org\/download\/vol5num10-multimedia\/convocatoria-martinez_lopez-01.jpg\" alt=\"\"\/><\/figure>\n<\/div>\n<\/div>\n\n\n\n<hr class=\"wp-block-separator\"\/>\n\n\n\n<div class=\"wp-block-columns alignwide are-vertically-aligned-center is-layout-flex wp-container-core-columns-is-layout-5 wp-block-columns-is-layout-flex\">\n<div class=\"wp-block-column is-vertically-aligned-center is-layout-flow wp-block-column-is-layout-flow\" style=\"flex-basis:66.66%\">\n<figure class=\"wp-block-image size-large\"><img decoding=\"async\" src=\"https:\/\/archive.org\/download\/vol5num10-multimedia\/convocatoria-jimenez_cabrera-01.jpg\" alt=\"\"\/><\/figure>\n<\/div>\n\n\n\n<div class=\"wp-block-column is-vertically-aligned-center is-layout-flow wp-block-column-is-layout-flow\">\n<p><\/p>\n\n\n\n<p><strong>Parallels<\/strong><\/p>\n\n\n\n<p style=\"font-size:15px\"><em><em>Miriam Guadalupe Jim\u00e9nez Cabrera<\/em>Guadalajara, Mexique. Novembre 2015.<\/em><\/p>\n\n\n\n<p><\/p>\n<\/div>\n<\/div>\n\n\n\n<hr class=\"wp-block-separator\"\/>\n\n\n\n<div class=\"wp-block-columns alignwide is-layout-flex wp-container-core-columns-is-layout-6 wp-block-columns-is-layout-flex\">\n<div class=\"wp-block-column is-vertically-aligned-center is-layout-flow wp-block-column-is-layout-flow\">\n<p><strong>Bancs minimaux<\/strong><\/p>\n\n\n\n<p style=\"font-size:15px\"><em><em>Juan Carlos Rojo Carrascal<\/em>Mazatl\u00e1n, Mexique. 23 avril 2021<\/em><\/p>\n\n\n\n<p>Les trottoirs de Mazatlan r\u00e9tr\u00e9cissent au point de presque dispara\u00eetre, ce qui rend difficile la circulation des personnes.<\/p>\n<\/div>\n\n\n\n<div class=\"wp-block-column is-layout-flow wp-block-column-is-layout-flow\" style=\"flex-basis:66.66%\">\n<figure class=\"wp-block-image size-large\"><img decoding=\"async\" src=\"https:\/\/archive.org\/download\/vol5num10-multimedia\/convocatoria-rojo_carrascal-01.jpg\" alt=\"\"\/><\/figure>\n<\/div>\n<\/div>\n\n\n\n<hr class=\"wp-block-separator\"\/>\n\n\n\n<div class=\"wp-block-columns alignwide are-vertically-aligned-center is-layout-flex wp-container-core-columns-is-layout-7 wp-block-columns-is-layout-flex\">\n<div class=\"wp-block-column is-vertically-aligned-center is-layout-flow wp-block-column-is-layout-flow\" style=\"flex-basis:66.66%\">\n<figure class=\"wp-block-image size-large\"><img decoding=\"async\" src=\"https:\/\/archive.org\/download\/vol5num10-multimedia\/convocatoria-macias_mojica-01.jpg\" alt=\"\"\/><\/figure>\n<\/div>\n\n\n\n<div class=\"wp-block-column is-vertically-aligned-center is-layout-flow wp-block-column-is-layout-flow\">\n<p><\/p>\n\n\n\n<p><strong>Rail ou \u00e9chelle ?<\/strong><\/p>\n\n\n\n<p style=\"font-size:15px\"><em><em>Priscilla Alexa Macias Mojica<\/em>Tijuana, Mexique. 17 juillet 2022.<\/em><\/p>\n\n\n\n<p>Les habitants d'une colonia p\u00e9riph\u00e9rique ont adapt\u00e9 la cl\u00f4ture avec des trous qui servent de marches pour traverser une all\u00e9e qui les m\u00e8ne rapidement au centre commercial voisin.<\/p>\n<\/div>\n<\/div>\n\n\n\n<h2 class=\"wp-block-heading\">Vuln\u00e9rabilit\u00e9s des routes<\/h2>\n\n\n\n<p>Les formes de vuln\u00e9rabilit\u00e9 associ\u00e9es au trafic quotidien, y compris la relation entre les corps, les v\u00e9hicules et les routes.<\/p>\n\n\n\n<div class=\"wp-block-columns alignwide is-layout-flex wp-container-core-columns-is-layout-8 wp-block-columns-is-layout-flex\">\n<div class=\"wp-block-column is-vertically-aligned-center is-layout-flow wp-block-column-is-layout-flow\">\n<p><strong>Le Br\u00e9sil et les projets \"Solutions d'avenir\" : usages et contradictions de la structure urbaine<\/strong><\/p>\n\n\n\n<p style=\"font-size:15px\"><em><em>F\u00e1bio Lopes Alves<\/em>Cascavel - Paran\u00e1, Br\u00e9sil. 6 juillet 2020.<\/em><\/p>\n\n\n\n<p>L'image montre comment les projets de \"solutions d'avenir\" excluent certaines personnes.<\/p>\n<\/div>\n\n\n\n<div class=\"wp-block-column is-layout-flow wp-block-column-is-layout-flow\" style=\"flex-basis:66.66%\">\n<figure class=\"wp-block-image size-large\"><img decoding=\"async\" src=\"https:\/\/archive.org\/download\/vol5num10-multimedia\/convocatoria-lopes_alves-01.jpg\" alt=\"\"\/><\/figure>\n<\/div>\n<\/div>\n\n\n\n<hr class=\"wp-block-separator\"\/>\n\n\n\n<div class=\"wp-block-columns alignwide are-vertically-aligned-center is-layout-flex wp-container-core-columns-is-layout-9 wp-block-columns-is-layout-flex\">\n<div class=\"wp-block-column is-vertically-aligned-center is-layout-flow wp-block-column-is-layout-flow\" style=\"flex-basis:66.66%\">\n<figure class=\"wp-block-image size-large\"><img decoding=\"async\" src=\"https:\/\/archive.org\/download\/vol5num10-multimedia\/convocatoria-lopes_alves-02.jpg\" alt=\"\"\/><\/figure>\n<\/div>\n\n\n\n<div class=\"wp-block-column is-vertically-aligned-center is-layout-flow wp-block-column-is-layout-flow\">\n<p><\/p>\n\n\n\n<p><strong>Vuln\u00e9rabilit\u00e9s quotidiennes<\/strong><\/p>\n\n\n\n<p style=\"font-size:15px\"><em><em><em><em>F\u00e1bio Lopes Alves<\/em>Cascavel - Paran\u00e1, Br\u00e9sil. 22 ao\u00fbt 2018.<\/em> <\/em><\/em><\/p>\n\n\n\n<p>L'image montre la volont\u00e9 d'un enfant d'interagir avec un sans-abri inconnu.<\/p>\n<\/div>\n<\/div>\n\n\n\n<hr class=\"wp-block-separator\"\/>\n\n\n\n<div class=\"wp-block-columns alignwide is-layout-flex wp-container-core-columns-is-layout-10 wp-block-columns-is-layout-flex\">\n<div class=\"wp-block-column is-vertically-aligned-center is-layout-flow wp-block-column-is-layout-flow\">\n<p><strong><strong><strong>Sauter la flaque d'eau<\/strong><\/strong><\/strong><\/p>\n\n\n\n<p style=\"font-size:15px\"><em><em>Fernanda Ram\u00edrez Espinosa<\/em>Mexico City, Mexique. 28 juin 2022.<\/em><\/p>\n\n\n\n<p>Photo prise sur le chemin du retour de l'entra\u00eenement. Nous \u00e9tions pr\u00e8s de la maison du jeune homme. Il avait plu et les routes \u00e9taient devenues raides et difficiles \u00e0 rouler.<\/p>\n<\/div>\n\n\n\n<div class=\"wp-block-column is-layout-flow wp-block-column-is-layout-flow\" style=\"flex-basis:50%\">\n<figure class=\"wp-block-image size-large\"><img decoding=\"async\" src=\"https:\/\/archive.org\/download\/vol5num10-multimedia\/convocatoria-ramirez_espinosa-01.jpg\" alt=\"\"\/><\/figure>\n<\/div>\n<\/div>\n\n\n\n<hr class=\"wp-block-separator\"\/>\n\n\n\n<div class=\"wp-block-columns alignwide are-vertically-aligned-center is-layout-flex wp-container-core-columns-is-layout-11 wp-block-columns-is-layout-flex\">\n<div class=\"wp-block-column is-vertically-aligned-center is-layout-flow wp-block-column-is-layout-flow\" style=\"flex-basis:50%\">\n<figure class=\"wp-block-image size-large\"><img decoding=\"async\" src=\"https:\/\/archive.org\/download\/vol5num10-multimedia\/convocatoria-mora_lomeli-01.jpg\" alt=\"\"\/><\/figure>\n<\/div>\n\n\n\n<div class=\"wp-block-column is-vertically-aligned-center is-layout-flow wp-block-column-is-layout-flow\">\n<p><\/p>\n\n\n\n<p><strong><strong>Jeux d'argent<\/strong><\/strong><\/p>\n\n\n\n<p style=\"font-size:15px\"><em><em>Leonardo Mora Lomel\u00ed<\/em>Mexico City, Mexique. 14 septembre 2021<\/em>.<\/p>\n\n\n\n<p>Dans le va-et-vient quotidien, le passant semble entrer dans un jeu entre gagner sa vie et la conserver en traversant les routes. A chaque \u00e9tape, en fonction de sa comp\u00e9tence, il gagne des points ou perd de la vie.<\/p>\n<\/div>\n<\/div>\n\n\n\n<hr class=\"wp-block-separator\"\/>\n\n\n\n<div class=\"wp-block-columns alignwide is-layout-flex wp-container-core-columns-is-layout-12 wp-block-columns-is-layout-flex\">\n<div class=\"wp-block-column is-vertically-aligned-center is-layout-flow wp-block-column-is-layout-flow\">\n<p><strong><strong>&nbsp;Les r\u00e8gles du jeu<\/strong><\/strong><\/p>\n\n\n\n<p style=\"font-size:15px\"><em><em> <em><em>Leonardo Mora Lomel\u00ed<\/em>Mexico City, Mexique. 14 septembre 2021<\/em>. <\/em><\/em><\/p>\n\n\n\n<p>La partie la plus complexe de ce jeu de mobilit\u00e9 est de savoir comment naviguer dans les vicissitudes de l'\u00e9chiquier urbain : les joueurs qui ne respectent pas les r\u00e8gles, les voitures qui envahissent les virages, les instructions qui deviennent insaisissables pour le n\u00e9ophyte. La vuln\u00e9rabilit\u00e9 est une constante.\u00a0<\/p>\n<\/div>\n\n\n\n<div class=\"wp-block-column is-layout-flow wp-block-column-is-layout-flow\" style=\"flex-basis:66.66%\">\n<figure class=\"wp-block-image size-large\"><img decoding=\"async\" src=\"https:\/\/archive.org\/download\/vol5num10-multimedia\/convocatoria-mora_lomeli-02.jpg\" alt=\"\"\/><\/figure>\n<\/div>\n<\/div>\n\n\n\n<hr class=\"wp-block-separator\"\/>\n\n\n\n<div class=\"wp-block-columns alignwide are-vertically-aligned-center is-layout-flex wp-container-core-columns-is-layout-13 wp-block-columns-is-layout-flex\">\n<div class=\"wp-block-column is-vertically-aligned-center is-layout-flow wp-block-column-is-layout-flow\" style=\"flex-basis:66.66%\">\n<figure class=\"wp-block-image size-large\"><img decoding=\"async\" src=\"https:\/\/archive.org\/download\/vol5num10-multimedia\/convocatoria-ochoa_armenta-01.jpg\" alt=\"\"\/><\/figure>\n<\/div>\n\n\n\n<div class=\"wp-block-column is-vertically-aligned-center is-layout-flow wp-block-column-is-layout-flow\">\n<p><\/p>\n\n\n\n<p><strong>La toile d'araign\u00e9e du danger<\/strong><\/p>\n\n\n\n<p style=\"font-size:15px\"><em><em>Thania Susana Ochoa Armenta<\/em>Mexico City, Mexique. 30 mars 2022.<\/em><\/p>\n\n\n\n<p>Au c\u0153ur du centre historique de Mexico, une toile d'araign\u00e9e de rubans jaunes avertit du danger d'un trou dans le sol.<\/p>\n<\/div>\n<\/div>\n\n\n\n<hr class=\"wp-block-separator\"\/>\n\n\n\n<div class=\"wp-block-columns alignwide is-layout-flex wp-container-core-columns-is-layout-14 wp-block-columns-is-layout-flex\">\n<div class=\"wp-block-column is-vertically-aligned-center is-layout-flow wp-block-column-is-layout-flow\">\n<p><strong><strong>Assistants impromptus<\/strong><\/strong><\/p>\n\n\n\n<p style=\"font-size:15px\"><em><em>V\u00edctor Hugo Guti\u00e9rrez<\/em>Mexico City, Mexique. D\u00e9cembre 2019.<\/em><\/p>\n\n\n\n<p>Le parcours de Lupita et de son compagnon dans la station de m\u00e9tro Pantitl\u00e1n. Il y a plusieurs escaliers et aucun ascenseur le long de la correspondance entre la ligne 1 et la ligne A, ce qui rend l'infrastructure inaccessible aux personnes \u00e0 mobilit\u00e9 r\u00e9duite et aux personnes handicap\u00e9es. Compte tenu du manque d'accessibilit\u00e9, la solidarit\u00e9 des utilisateurs est importante pour le mouvement de Lupita.\u00a0<br><\/p>\n<\/div>\n\n\n\n<div class=\"wp-block-column is-layout-flow wp-block-column-is-layout-flow\" style=\"flex-basis:66.66%\">\n<figure class=\"wp-block-image size-large\"><img decoding=\"async\" src=\"https:\/\/archive.org\/download\/vol5num10-multimedia\/convocatoria-vino_tirano-01.jpg\" alt=\"\"\/><\/figure>\n<\/div>\n<\/div>\n\n\n\n<hr class=\"wp-block-separator\"\/>\n\n\n\n<div class=\"wp-block-columns alignwide are-vertically-aligned-center is-layout-flex wp-container-core-columns-is-layout-15 wp-block-columns-is-layout-flex\">\n<div class=\"wp-block-column is-vertically-aligned-center is-layout-flow wp-block-column-is-layout-flow\" style=\"flex-basis:66.66%\">\n<figure class=\"wp-block-image size-large\"><img decoding=\"async\" src=\"https:\/\/archive.org\/download\/vol5num10-multimedia\/convocatoria-paniagua-01.jpg\" alt=\"\"\/><\/figure>\n<\/div>\n\n\n\n<div class=\"wp-block-column is-vertically-aligned-center is-layout-flow wp-block-column-is-layout-flow\">\n<p><\/p>\n\n\n\n<p><strong><strong>Accessible \u00e0 sec<\/strong><\/strong><\/p>\n\n\n\n<p style=\"font-size:15px\"><em><em>Laura Paniagua Arguedas<\/em>Mexico City, Mexique. 13 mai 2021.<\/em><\/p>\n\n\n\n<p>La pluie est refus\u00e9e dans nos villes con\u00e7ues et construites \"\u00e0 sec\". Les infrastructures \u00e9touffent les possibilit\u00e9s de d\u00e9placement des personnes handicap\u00e9es.<br><\/p>\n<\/div>\n<\/div>\n\n\n\n<hr class=\"wp-block-separator\"\/>\n\n\n\n<div class=\"wp-block-columns alignwide is-layout-flex wp-container-core-columns-is-layout-16 wp-block-columns-is-layout-flex\">\n<div class=\"wp-block-column is-vertically-aligned-center is-layout-flow wp-block-column-is-layout-flow\">\n<p><strong><strong><strong>Battements de c\u0153ur<\/strong><\/strong><\/strong><\/p>\n\n\n\n<p style=\"font-size:15px\"><em><em> <em><em>Laura Paniagua Arguedas<\/em>Cartago, Costa Rica, 19 octobre 2019<\/em><\/em><\/em>.<\/p>\n\n\n\n<p>Le handicap cognitif pr\u00e9sente \u00e0 la personne des moments d'\u00e9motions fortes dans un monde habilitant, ce qui g\u00e9n\u00e8re des peurs, de l'isolement et de la discrimination.<br><\/p>\n<\/div>\n\n\n\n<div class=\"wp-block-column is-layout-flow wp-block-column-is-layout-flow\" style=\"flex-basis:66.66%\">\n<figure class=\"wp-block-image size-large\"><img decoding=\"async\" src=\"https:\/\/archive.org\/download\/vol5num10-multimedia\/convocatoria-paniagua-02.jpg\" alt=\"\"\/><\/figure>\n<\/div>\n<\/div>\n\n\n\n<hr class=\"wp-block-separator\"\/>\n\n\n\n<div class=\"wp-block-columns alignwide are-vertically-aligned-center is-layout-flex wp-container-core-columns-is-layout-17 wp-block-columns-is-layout-flex\">\n<div class=\"wp-block-column is-vertically-aligned-center is-layout-flow wp-block-column-is-layout-flow\" style=\"flex-basis:66.66%\">\n<figure class=\"wp-block-image size-large\"><img decoding=\"async\" src=\"https:\/\/archive.org\/download\/vol5num10-multimedia\/convocatoria-rojo_carrascal-02.jpg\" alt=\"\"\/><\/figure>\n<\/div>\n\n\n\n<div class=\"wp-block-column is-vertically-aligned-center is-layout-flow wp-block-column-is-layout-flow\">\n<p><strong><strong>La vuln\u00e9rabilit\u00e9 au quotidien<\/strong><\/strong><\/p>\n\n\n\n<p style=\"font-size:15px\"><em><em><em><em>Juan Carlos Rojo Carrascal<\/em><\/em><\/em>Culiac\u00e1n Sinaloa, Mexique. 23 janvier 2009<\/em>.<\/p>\n\n\n\n<p>C'est ainsi que les enfants doivent traverser la rue pour aller \u00e0 l'\u00e9cole. M\u00eame main dans la main avec leur m\u00e8re, ils risquent leur vie chaque jour pour fr\u00e9quenter une \u00e9cole primaire publique \u00e0 Culiac\u00e1n.<\/p>\n<\/div>\n<\/div>\n\n\n\n<hr class=\"wp-block-separator\"\/>\n\n\n\n<div class=\"wp-block-columns alignwide is-layout-flex wp-container-core-columns-is-layout-18 wp-block-columns-is-layout-flex\">\n<div class=\"wp-block-column is-vertically-aligned-center is-layout-flow wp-block-column-is-layout-flow\">\n<p><strong><strong><strong><strong>Avertissement<\/strong><\/strong><\/strong><\/strong><\/p>\n\n\n\n<p style=\"font-size:15px\"><em><em><em><em>Hugo Jos\u00e9 Su\u00e1rez<\/em>La Paz, Bolivie. F\u00e9vrier 2021.<\/em><\/em><\/em><\/p>\n\n\n\n<p>Face \u00e0 l'augmentation des vols et \u00e0 l'inefficacit\u00e9 des autorit\u00e9s, les voisins se tournent vers leur propre loi.<br><\/p>\n<\/div>\n\n\n\n<div class=\"wp-block-column is-layout-flow wp-block-column-is-layout-flow\" style=\"flex-basis:66.66%\">\n<figure class=\"wp-block-image size-large\"><img decoding=\"async\" src=\"https:\/\/archive.org\/download\/vol5num10-multimedia\/convocatoria-suarez-01.jpg\" alt=\"\"\/><\/figure>\n<\/div>\n<\/div>\n\n\n\n<h2 class=\"wp-block-heading\">Adaptations<\/h2>\n\n\n\n<p>Interventions de personnes sur des infrastructures publiques ou v\u00e9hiculaires, afin de mieux s'adapter aux pratiques et services fournis ou de r\u00e9pondre \u00e0 d'autres besoins.<\/p>\n\n\n\n<div class=\"wp-block-columns alignwide are-vertically-aligned-center is-layout-flex wp-container-core-columns-is-layout-19 wp-block-columns-is-layout-flex\">\n<div class=\"wp-block-column is-vertically-aligned-center is-layout-flow wp-block-column-is-layout-flow\" style=\"flex-basis:50%\">\n<figure class=\"wp-block-image size-large\"><img decoding=\"async\" src=\"https:\/\/archive.org\/download\/vol5num10-multimedia\/convocatoria-hernandez_millan-01.jpg\" alt=\"\"\/><\/figure>\n<\/div>\n\n\n\n<div class=\"wp-block-column is-vertically-aligned-center is-layout-flow wp-block-column-is-layout-flow\">\n<p><strong>L'attente<\/strong><\/p>\n\n\n\n<p style=\"font-size:15px\"><em>Reyna Lizeth Hern\u00e1ndez Mill\u00e1n, Mexico City, Mexique. 06 mars 2022.<\/em><\/p>\n\n\n\n<p>Au bord de la p\u00e9riph\u00e9rie, une balan\u00e7oire se dresse au pied de la voie ferr\u00e9e.<\/p>\n<\/div>\n<\/div>\n\n\n\n<hr class=\"wp-block-separator\"\/>\n\n\n\n<div class=\"wp-block-columns alignwide is-layout-flex wp-container-core-columns-is-layout-20 wp-block-columns-is-layout-flex\">\n<div class=\"wp-block-column is-vertically-aligned-center is-layout-flow wp-block-column-is-layout-flow\">\n<p><strong>Le roi du son<\/strong><\/p>\n\n\n\n<p style=\"font-size:15px\"><em><em> <em>Reyna Lizeth Hern\u00e1ndez Mill\u00e1n, <\/em><\/em>Mexico City, Mexique. 28 novembre 2021<\/em>.<\/p>\n\n\n\n<p>Au march\u00e9 de San Juan, la statue d'un lion veille sur les commer\u00e7ants locaux.<\/p>\n<\/div>\n\n\n\n<div class=\"wp-block-column is-layout-flow wp-block-column-is-layout-flow\" style=\"flex-basis:66.66%\">\n<figure class=\"wp-block-image size-large\"><img decoding=\"async\" src=\"https:\/\/archive.org\/download\/vol5num10-multimedia\/convocatoria-hernandez_millan-02.jpg\" alt=\"\"\/><\/figure>\n<\/div>\n<\/div>\n\n\n\n<hr class=\"wp-block-separator\"\/>\n\n\n\n<div class=\"wp-block-columns alignwide are-vertically-aligned-center is-layout-flex wp-container-core-columns-is-layout-21 wp-block-columns-is-layout-flex\">\n<div class=\"wp-block-column is-vertically-aligned-center is-layout-flow wp-block-column-is-layout-flow\" style=\"flex-basis:50%\">\n<figure class=\"wp-block-image size-large\"><img decoding=\"async\" src=\"https:\/\/archive.org\/download\/vol5num10-multimedia\/convocatoria-garcia_mendoza-01.jpg\" alt=\"\"\/><\/figure>\n<\/div>\n\n\n\n<div class=\"wp-block-column is-vertically-aligned-center is-layout-flow wp-block-column-is-layout-flow\">\n<p><\/p>\n\n\n\n<p><strong>Adaptation<\/strong><\/p>\n\n\n\n<p style=\"font-size:15px\"><em><em>Eduardo Lucio Garc\u00eda Mendoza<\/em>Oaxaca, Mexique. 31 juillet 2022<\/em>.<\/p>\n\n\n\n<p>Le jeune homme qui tourne est un pratiquant de parkour \u00e0 Oaxaca, il s'adapte \u00e0 l'espace dans lequel il s'exerce.<\/p>\n<\/div>\n<\/div>\n\n\n\n<h2 class=\"wp-block-heading\">Critique sournoise<\/h2>\n\n\n\n<p>Regard critique des passants sur l'espace public, \u00e0 partir de graffitis, pochoirs, autocollants, en consid\u00e9rant toujours que le message est dirig\u00e9 vers la pratique du transit.<\/p>\n\n\n\n<div class=\"wp-block-columns alignwide is-layout-flex wp-container-core-columns-is-layout-22 wp-block-columns-is-layout-flex\">\n<div class=\"wp-block-column is-vertically-aligned-center is-layout-flow wp-block-column-is-layout-flow\">\n<p><strong>L'union fait la force<\/strong><\/p>\n\n\n\n<p style=\"font-size:15px\"><em><em>&nbsp;Frances Paola Garnica<\/em>San Luis Potos\u00ed, Mexique. Juillet 2022.<\/em><\/p>\n\n\n\n<p>Face \u00e0 la menace de l'abattage de 867 arbres, les voisins et les militants se sont \u00e9lev\u00e9s contre les travaux, en faisant \u00e9tat des avantages des arbres.<\/p>\n<\/div>\n\n\n\n<div class=\"wp-block-column is-layout-flow wp-block-column-is-layout-flow\" style=\"flex-basis:66.66%\">\n<figure class=\"wp-block-image size-large\"><img decoding=\"async\" src=\"https:\/\/archive.org\/download\/vol5num10-multimedia\/convocatoria-garnica-01.jpg\" alt=\"\"\/><\/figure>\n<\/div>\n<\/div>","protected":false},"excerpt":{"rendered":"<p>Les espaces publics et les infrastructures publiques que nous habitons et traversons sont des sc\u00e9narios de conflits territoriaux et symboliques.<\/p>","protected":false},"featured_media":36173,"menu_order":0,"comment_status":"open","ping_status":"closed","template":"templates\/template-cover.php","class_list":["post-36149","ensayos-fotograficos","type-ensayos-fotograficos","status-publish","has-post-thumbnail","hentry"],"acf":[],"yoast_head":"<!-- This site is optimized with the Yoast SEO plugin v22.2 - https:\/\/yoast.com\/wordpress\/plugins\/seo\/ -->\n<title>Usos y contradicciones de la infraestructura urbana &#8211; Encartes<\/title>\n<meta name=\"description\" content=\"Los espacios p\u00fablicos y la infraestructura p\u00fablica que habitamos y transitamos como escenarios de disputa territoriales y simb\u00f3licas.\" \/>\n<meta name=\"robots\" content=\"index, follow, max-snippet:-1, max-image-preview:large, max-video-preview:-1\" \/>\n<link rel=\"canonical\" href=\"https:\/\/encartes.mx\/fr\/ensayos-fotograficos\/convocatoria-usos-contradicciones-infraestructura-urbana\/\" \/>\n<meta property=\"og:locale\" content=\"fr_FR\" \/>\n<meta property=\"og:type\" content=\"article\" \/>\n<meta property=\"og:title\" content=\"Usos y contradicciones de la infraestructura urbana &#8211; Encartes\" \/>\n<meta property=\"og:description\" content=\"Los espacios p\u00fablicos y la infraestructura p\u00fablica que habitamos y transitamos como escenarios de disputa territoriales y simb\u00f3licas.\" \/>\n<meta property=\"og:url\" content=\"https:\/\/encartes.mx\/fr\/ensayos-fotograficos\/convocatoria-usos-contradicciones-infraestructura-urbana\/\" \/>\n<meta property=\"og:site_name\" content=\"Encartes\" \/>\n<meta property=\"article:modified_time\" content=\"2022-09-21T21:28:57+00:00\" \/>\n<meta property=\"og:image\" content=\"https:\/\/encartes.mx\/wp-content\/uploads\/2022\/09\/convocatoria-jimenez_cabrera-01.jpg\" \/>\n\t<meta property=\"og:image:width\" content=\"1778\" \/>\n\t<meta property=\"og:image:height\" content=\"1190\" \/>\n\t<meta property=\"og:image:type\" content=\"image\/jpeg\" \/>\n<meta name=\"twitter:card\" content=\"summary_large_image\" \/>\n<meta name=\"twitter:label1\" content=\"Dur\u00e9e de lecture estim\u00e9e\" \/>\n\t<meta name=\"twitter:data1\" content=\"9 minutes\" \/>\n\t<meta name=\"twitter:label2\" content=\"Written by\" \/>\n\t<meta name=\"twitter:data2\" content=\"Sergio Vel\u00e1zquez\" \/>\n<script type=\"application\/ld+json\" class=\"yoast-schema-graph\">{\"@context\":\"https:\/\/schema.org\",\"@graph\":[{\"@type\":\"WebPage\",\"@id\":\"https:\/\/encartes.mx\/en\/ensayos-fotograficos\/convocatoria-usos-contradicciones-infraestructura-urbana\/\",\"url\":\"https:\/\/encartes.mx\/en\/ensayos-fotograficos\/convocatoria-usos-contradicciones-infraestructura-urbana\/\",\"name\":\"Usos y contradicciones de la infraestructura urbana &#8211; Encartes\",\"isPartOf\":{\"@id\":\"https:\/\/encartes.mx\/#website\"},\"primaryImageOfPage\":{\"@id\":\"https:\/\/encartes.mx\/en\/ensayos-fotograficos\/convocatoria-usos-contradicciones-infraestructura-urbana\/#primaryimage\"},\"image\":{\"@id\":\"https:\/\/encartes.mx\/en\/ensayos-fotograficos\/convocatoria-usos-contradicciones-infraestructura-urbana\/#primaryimage\"},\"thumbnailUrl\":\"https:\/\/encartes.mx\/wp-content\/uploads\/2022\/09\/convocatoria-jimenez_cabrera-01.jpg\",\"datePublished\":\"2022-09-21T21:16:00+00:00\",\"dateModified\":\"2022-09-21T21:28:57+00:00\",\"description\":\"Los espacios p\u00fablicos y la infraestructura p\u00fablica que habitamos y transitamos como escenarios de disputa territoriales y simb\u00f3licas.\",\"breadcrumb\":{\"@id\":\"https:\/\/encartes.mx\/en\/ensayos-fotograficos\/convocatoria-usos-contradicciones-infraestructura-urbana\/#breadcrumb\"},\"inLanguage\":\"fr-FR\",\"potentialAction\":[{\"@type\":\"ReadAction\",\"target\":[\"https:\/\/encartes.mx\/en\/ensayos-fotograficos\/convocatoria-usos-contradicciones-infraestructura-urbana\/\"]}]},{\"@type\":\"ImageObject\",\"inLanguage\":\"fr-FR\",\"@id\":\"https:\/\/encartes.mx\/en\/ensayos-fotograficos\/convocatoria-usos-contradicciones-infraestructura-urbana\/#primaryimage\",\"url\":\"https:\/\/encartes.mx\/wp-content\/uploads\/2022\/09\/convocatoria-jimenez_cabrera-01.jpg\",\"contentUrl\":\"https:\/\/encartes.mx\/wp-content\/uploads\/2022\/09\/convocatoria-jimenez_cabrera-01.jpg\",\"width\":1778,\"height\":1190},{\"@type\":\"BreadcrumbList\",\"@id\":\"https:\/\/encartes.mx\/en\/ensayos-fotograficos\/convocatoria-usos-contradicciones-infraestructura-urbana\/#breadcrumb\",\"itemListElement\":[{\"@type\":\"ListItem\",\"position\":1,\"name\":\"Home\",\"item\":\"https:\/\/encartes.mx\/\"},{\"@type\":\"ListItem\",\"position\":2,\"name\":\"Ensayos fotogr\u00e1ficos\",\"item\":\"https:\/\/encartes.mx\/ensayos-fotograficos\/\"},{\"@type\":\"ListItem\",\"position\":3,\"name\":\"Usos y contradicciones de la infraestructura urbana\"}]},{\"@type\":\"WebSite\",\"@id\":\"https:\/\/encartes.mx\/#website\",\"url\":\"https:\/\/encartes.mx\/\",\"name\":\"Encartes\",\"description\":\"Revista digital multimedia\",\"publisher\":{\"@id\":\"https:\/\/encartes.mx\/#organization\"},\"potentialAction\":[{\"@type\":\"SearchAction\",\"target\":{\"@type\":\"EntryPoint\",\"urlTemplate\":\"https:\/\/encartes.mx\/?s={search_term_string}\"},\"query-input\":\"required name=search_term_string\"}],\"inLanguage\":\"fr-FR\"},{\"@type\":\"Organization\",\"@id\":\"https:\/\/encartes.mx\/#organization\",\"name\":\"Encartes Antropol\u00f3gicos\",\"url\":\"https:\/\/encartes.mx\/\",\"logo\":{\"@type\":\"ImageObject\",\"inLanguage\":\"fr-FR\",\"@id\":\"https:\/\/encartes.mx\/#\/schema\/logo\/image\/\",\"url\":\"https:\/\/encartes.mx\/wp-content\/uploads\/2017\/04\/Logo-04.png\",\"contentUrl\":\"https:\/\/encartes.mx\/wp-content\/uploads\/2017\/04\/Logo-04.png\",\"width\":338,\"height\":306,\"caption\":\"Encartes Antropol\u00f3gicos\"},\"image\":{\"@id\":\"https:\/\/encartes.mx\/#\/schema\/logo\/image\/\"}}]}<\/script>\n<!-- \/ Yoast SEO plugin. -->","yoast_head_json":{"title":"Usos y contradicciones de la infraestructura urbana &#8211; Encartes","description":"Les espaces publics et les infrastructures publiques que nous habitons et traversons sont des sc\u00e9narios de conflits territoriaux et symboliques.","robots":{"index":"index","follow":"follow","max-snippet":"max-snippet:-1","max-image-preview":"max-image-preview:large","max-video-preview":"max-video-preview:-1"},"canonical":"https:\/\/encartes.mx\/fr\/ensayos-fotograficos\/convocatoria-usos-contradicciones-infraestructura-urbana\/","og_locale":"fr_FR","og_type":"article","og_title":"Usos y contradicciones de la infraestructura urbana &#8211; Encartes","og_description":"Los espacios p\u00fablicos y la infraestructura p\u00fablica que habitamos y transitamos como escenarios de disputa territoriales y simb\u00f3licas.","og_url":"https:\/\/encartes.mx\/fr\/ensayos-fotograficos\/convocatoria-usos-contradicciones-infraestructura-urbana\/","og_site_name":"Encartes","article_modified_time":"2022-09-21T21:28:57+00:00","og_image":[{"width":1778,"height":1190,"url":"https:\/\/encartes.mx\/wp-content\/uploads\/2022\/09\/convocatoria-jimenez_cabrera-01.jpg","type":"image\/jpeg"}],"twitter_card":"summary_large_image","twitter_misc":{"Dur\u00e9e de lecture estim\u00e9e":"9 minutes","Written by":"Sergio Vel\u00e1zquez"},"schema":{"@context":"https:\/\/schema.org","@graph":[{"@type":"WebPage","@id":"https:\/\/encartes.mx\/en\/ensayos-fotograficos\/convocatoria-usos-contradicciones-infraestructura-urbana\/","url":"https:\/\/encartes.mx\/en\/ensayos-fotograficos\/convocatoria-usos-contradicciones-infraestructura-urbana\/","name":"Usos y contradicciones de la infraestructura urbana &#8211; Encartes","isPartOf":{"@id":"https:\/\/encartes.mx\/#website"},"primaryImageOfPage":{"@id":"https:\/\/encartes.mx\/en\/ensayos-fotograficos\/convocatoria-usos-contradicciones-infraestructura-urbana\/#primaryimage"},"image":{"@id":"https:\/\/encartes.mx\/en\/ensayos-fotograficos\/convocatoria-usos-contradicciones-infraestructura-urbana\/#primaryimage"},"thumbnailUrl":"https:\/\/encartes.mx\/wp-content\/uploads\/2022\/09\/convocatoria-jimenez_cabrera-01.jpg","datePublished":"2022-09-21T21:16:00+00:00","dateModified":"2022-09-21T21:28:57+00:00","description":"Les espaces publics et les infrastructures publiques que nous habitons et traversons sont des sc\u00e9narios de conflits territoriaux et symboliques.","breadcrumb":{"@id":"https:\/\/encartes.mx\/en\/ensayos-fotograficos\/convocatoria-usos-contradicciones-infraestructura-urbana\/#breadcrumb"},"inLanguage":"fr-FR","potentialAction":[{"@type":"ReadAction","target":["https:\/\/encartes.mx\/en\/ensayos-fotograficos\/convocatoria-usos-contradicciones-infraestructura-urbana\/"]}]},{"@type":"ImageObject","inLanguage":"fr-FR","@id":"https:\/\/encartes.mx\/en\/ensayos-fotograficos\/convocatoria-usos-contradicciones-infraestructura-urbana\/#primaryimage","url":"https:\/\/encartes.mx\/wp-content\/uploads\/2022\/09\/convocatoria-jimenez_cabrera-01.jpg","contentUrl":"https:\/\/encartes.mx\/wp-content\/uploads\/2022\/09\/convocatoria-jimenez_cabrera-01.jpg","width":1778,"height":1190},{"@type":"BreadcrumbList","@id":"https:\/\/encartes.mx\/en\/ensayos-fotograficos\/convocatoria-usos-contradicciones-infraestructura-urbana\/#breadcrumb","itemListElement":[{"@type":"ListItem","position":1,"name":"Home","item":"https:\/\/encartes.mx\/"},{"@type":"ListItem","position":2,"name":"Ensayos fotogr\u00e1ficos","item":"https:\/\/encartes.mx\/ensayos-fotograficos\/"},{"@type":"ListItem","position":3,"name":"Usos y contradicciones de la infraestructura urbana"}]},{"@type":"WebSite","@id":"https:\/\/encartes.mx\/#website","url":"https:\/\/encartes.mx\/","name":"Encartes","description":"Magazine num\u00e9rique multim\u00e9dia","publisher":{"@id":"https:\/\/encartes.mx\/#organization"},"potentialAction":[{"@type":"SearchAction","target":{"@type":"EntryPoint","urlTemplate":"https:\/\/encartes.mx\/?s={search_term_string}"},"query-input":"required name=search_term_string"}],"inLanguage":"fr-FR"},{"@type":"Organization","@id":"https:\/\/encartes.mx\/#organization","name":"Insertions anthropologiques","url":"https:\/\/encartes.mx\/","logo":{"@type":"ImageObject","inLanguage":"fr-FR","@id":"https:\/\/encartes.mx\/#\/schema\/logo\/image\/","url":"https:\/\/encartes.mx\/wp-content\/uploads\/2017\/04\/Logo-04.png","contentUrl":"https:\/\/encartes.mx\/wp-content\/uploads\/2017\/04\/Logo-04.png","width":338,"height":306,"caption":"Encartes Antropol\u00f3gicos"},"image":{"@id":"https:\/\/encartes.mx\/#\/schema\/logo\/image\/"}}]}},"jetpack_sharing_enabled":true,"_links":{"self":[{"href":"https:\/\/encartes.mx\/fr\/wp-json\/wp\/v2\/ensayos-fotograficos\/36149","targetHints":{"allow":["GET"]}}],"collection":[{"href":"https:\/\/encartes.mx\/fr\/wp-json\/wp\/v2\/ensayos-fotograficos"}],"about":[{"href":"https:\/\/encartes.mx\/fr\/wp-json\/wp\/v2\/types\/ensayos-fotograficos"}],"replies":[{"embeddable":true,"href":"https:\/\/encartes.mx\/fr\/wp-json\/wp\/v2\/comments?post=36149"}],"wp:featuredmedia":[{"embeddable":true,"href":"https:\/\/encartes.mx\/fr\/wp-json\/wp\/v2\/media\/36173"}],"wp:attachment":[{"href":"https:\/\/encartes.mx\/fr\/wp-json\/wp\/v2\/media?parent=36149"}],"curies":[{"name":"wp","href":"https:\/\/api.w.org\/{rel}","templated":true}]}}