{"id":35121,"date":"2021-09-11T18:48:23","date_gmt":"2021-09-11T18:48:23","guid":{"rendered":"https:\/\/encartes.mx\/?post_type=ensayos-fotograficos&#038;p=35121"},"modified":"2021-09-22T02:03:46","modified_gmt":"2021-09-22T02:03:46","slug":"frigerio-religion-taxi-etnografia-buenos-aires-imagenes","status":"publish","type":"ensayos-fotograficos","link":"https:\/\/encartes.mx\/fr\/ensayos-fotograficos\/frigerio-religion-taxi-etnografia-buenos-aires-imagenes\/","title":{"rendered":"\"Autels Tachero\" : mini-ethnographies de la vie quotidienne (religieuse) selon Chance"},"content":{"rendered":"<p><strong>Alejandro Frigerio<\/strong><\/p>\n\n\n\n<p class=\"has-small-font-size\"><em>Alejandro Frigerio <\/em>Il est titulaire d'un doctorat en anthropologie de l'universit\u00e9 de Californie \u00e0 Los Angeles. Il avait auparavant obtenu une licence en sociologie \u00e0 l'Universidad Cat\u00f3lica Argentina (1980). Il est actuellement chercheur principal au <span class=\"small-caps\">conicet<\/span> (Consejo Nacional de Investigaciones Cient\u00edficas y T\u00e9cnicas) \u00e0 l'Instituto de Investigaciones de la Facultad de Ciencias Sociales de l'Universidad Cat\u00f3lica Argentina et en tant que charg\u00e9 de cours dans le cadre du master en anthropologie sociale et politique de l'Instituto de Investigaciones de la Facultad de Ciencias Sociales de l'Universidad Cat\u00f3lica Argentina. <span class=\"small-caps\">flacso<\/span>. Coordonne le r\u00e9seau <span class=\"small-caps\">divers<\/span> (Diversit\u00e9 religieuse en Argentine). Il a \u00e9t\u00e9 pr\u00e9sident de l'Association des chercheurs en sciences sociales des religions du Mercosur et organisateur des trois premi\u00e8res conf\u00e9rences sur les alternatives religieuses en Am\u00e9rique latine. Il a \u00e9t\u00e9 <em>Paul Hanly Furfey Ma\u00eetre de conf\u00e9rences<\/em> de la <em>Association pour la sociologie de la religion<\/em> (<span class=\"small-caps\">usa<\/span>).<\/p>\n\n\n\n<p class=\"has-small-font-size\"><span class=\"small-caps\">orcid<\/span>: 0000-0003-0917-3103<\/p>\n\n\n\n<hr class=\"wp-block-separator\"\/>\n\n\n\n<div class=\"wp-block-columns alignwide are-vertically-aligned-center is-layout-flex wp-container-core-columns-is-layout-1 wp-block-columns-is-layout-flex\" id=\"img-1\">\n<div class=\"wp-block-column is-vertically-aligned-center is-layout-flow wp-block-column-is-layout-flow\" style=\"flex-basis:66.66%\">\n<figure class=\"wp-block-image size-large\"><img decoding=\"async\" src=\"https:\/\/archive.org\/download\/enc-8-multimedia\/frigerio-altares_tacheros-img-01.jpg\" alt=\"\"\/><\/figure>\n<\/div>\n\n\n\n<div class=\"wp-block-column is-vertically-aligned-center is-layout-flow wp-block-column-is-layout-flow\">\n<p style=\"font-size:15px\">image 1<\/p>\n\n\n\n<p style=\"font-size:15px\"><em><em>Alejandro Frigerio<\/em>Buenos Aires. 25 f\u00e9vrier 2015 (\u00e0 gauche) et 20 juillet 2017 (\u00e0 droite).<\/em><\/p>\n\n\n\n<p>Rubans rouges et chapelets.<\/p>\n<\/div>\n<\/div>\n\n\n\n<hr class=\"wp-block-separator\"\/>\n\n\n\n<div class=\"wp-block-columns alignwide is-layout-flex wp-container-core-columns-is-layout-2 wp-block-columns-is-layout-flex\" id=\"img-2\">\n<div class=\"wp-block-column is-vertically-aligned-center is-layout-flow wp-block-column-is-layout-flow\">\n<p style=\"font-size:15px\">image 2<\/p>\n\n\n\n<p style=\"font-size:15px\"><em><em>Alejandro Frigerio<\/em>Buenos Aires. 9 avril 2019.<\/em><\/p>\n\n\n\n<p>M\u00e9daille de Notre-Dame (de la M\u00e9daille Miraculeuse), chapelet, cornes napolitaines rouges et amulette turque contre le mauvais \u0153il.<\/p>\n<\/div>\n\n\n\n<div class=\"wp-block-column is-layout-flow wp-block-column-is-layout-flow\" style=\"flex-basis:66.66%\">\n<figure class=\"wp-block-image size-large\"><img decoding=\"async\" src=\"https:\/\/archive.org\/download\/enc-8-multimedia\/frigerio-altares_tacheros-img-02.JPG\" alt=\"\"\/><\/figure>\n<\/div>\n<\/div>\n\n\n\n<hr class=\"wp-block-separator\"\/>\n\n\n\n<div class=\"wp-block-columns alignwide are-vertically-aligned-center is-layout-flex wp-container-core-columns-is-layout-3 wp-block-columns-is-layout-flex\" id=\"img-3\">\n<div class=\"wp-block-column is-vertically-aligned-center is-layout-flow wp-block-column-is-layout-flow\" style=\"flex-basis:66.66%\">\n<figure class=\"wp-block-image size-large\"><img decoding=\"async\" src=\"https:\/\/archive.org\/download\/enc-8-multimedia\/frigerio-altares_tacheros-img-03.JPG\" alt=\"\"\/><\/figure>\n<\/div>\n\n\n\n<div class=\"wp-block-column is-vertically-aligned-center is-layout-flow wp-block-column-is-layout-flow\">\n<p style=\"font-size:15px\">image 3<\/p>\n\n\n\n<p style=\"font-size:15px\"><em><em>Alejandro Frigerio<\/em>Buenos Aires. 23 mars 2016.<\/em><\/p>\n\n\n\n<p>Le calendrier du pape Fran\u00e7ois sur le pare-soleil ; un ruban rouge et un ruban violet, un rosaire, une corne napolitaine et un ruban de la Vierge \"Protect my Car\" sont accroch\u00e9s au r\u00e9troviseur.<\/p>\n<\/div>\n<\/div>\n\n\n\n<hr class=\"wp-block-separator\"\/>\n\n\n\n<div class=\"wp-block-columns alignwide is-layout-flex wp-container-core-columns-is-layout-4 wp-block-columns-is-layout-flex\" id=\"img-4\">\n<div class=\"wp-block-column is-vertically-aligned-center is-layout-flow wp-block-column-is-layout-flow\">\n<p style=\"font-size:15px\">image 4<\/p>\n\n\n\n<p style=\"font-size:15px\"><em><em>Alejandro Frigerio<\/em>Buenos Aires. 16 novembre 2018 (\u00e0 gauche) et 5 f\u00e9vrier 2013 (\u00e0 droite).<\/em><\/p>\n\n\n\n<p>A gauche : petites cornes, ruban rouge de Notre-Dame de Luj\u00e1n, chapelet, deux m\u00e9dailles non identifi\u00e9es. \u00c0 droite : ruban de Saint-Georges \"Prot\u00e8ge mon chemin\".<\/p>\n<\/div>\n\n\n\n<div class=\"wp-block-column is-layout-flow wp-block-column-is-layout-flow\" style=\"flex-basis:66.66%\">\n<figure class=\"wp-block-image size-large\"><img decoding=\"async\" src=\"https:\/\/archive.org\/download\/enc-8-multimedia\/frigerio-altares_tacheros-img-04.jpg\" alt=\"\"\/><\/figure>\n<\/div>\n<\/div>\n\n\n\n<hr class=\"wp-block-separator\"\/>\n\n\n\n<div class=\"wp-block-columns alignwide are-vertically-aligned-center is-layout-flex wp-container-core-columns-is-layout-5 wp-block-columns-is-layout-flex\" id=\"img-5\">\n<div class=\"wp-block-column is-vertically-aligned-center is-layout-flow wp-block-column-is-layout-flow\" style=\"flex-basis:66.66%\">\n<figure class=\"wp-block-image size-large\"><img decoding=\"async\" src=\"https:\/\/archive.org\/download\/enc-8-multimedia\/frigerio-altares_tacheros-img-05.JPG\" alt=\"\"\/><\/figure>\n\n\n\n<p><\/p>\n<\/div>\n\n\n\n<div class=\"wp-block-column is-vertically-aligned-center is-layout-flow wp-block-column-is-layout-flow\">\n<p style=\"font-size:15px\">image 5<\/p>\n\n\n\n<p style=\"font-size:15px\"><em><em>Alejandro Frigerio<\/em>Buenos Aires. 23 avril 2014.<\/em><\/p>\n\n\n\n<p>Rubans \"Prot\u00e9gez ma voiture\". Stands sur le trottoir de l'\u00e9glise Saint-Georges \u00e0 l'occasion de la f\u00eate de Saint-Georges.<\/p>\n<\/div>\n<\/div>\n\n\n\n<hr class=\"wp-block-separator\"\/>\n\n\n\n<div class=\"wp-block-columns alignwide is-layout-flex wp-container-core-columns-is-layout-6 wp-block-columns-is-layout-flex\" id=\"img-6\">\n<div class=\"wp-block-column is-vertically-aligned-center is-layout-flow wp-block-column-is-layout-flow\">\n<p style=\"font-size:15px\">image 6<\/p>\n\n\n\n<p style=\"font-size:15px\"><em><em>Alejandro Frigerio<\/em>Buenos Aires. 23 avril 2009.<\/em><\/p>\n\n\n\n<p>Pendentifs de <em>feng<\/em>-<em>shui<\/em> avec des saints catholiques et des rubans rouges. \u00c9talage sur le trottoir de l'\u00e9glise Saint-Georges le jour de sa f\u00eate.<\/p>\n<\/div>\n\n\n\n<div class=\"wp-block-column is-layout-flow wp-block-column-is-layout-flow\" style=\"flex-basis:66.66%\">\n<figure class=\"wp-block-image size-large\"><img decoding=\"async\" src=\"https:\/\/archive.org\/download\/enc-8-multimedia\/frigerio-altares_tacheros-img-06.JPG\" alt=\"\"\/><\/figure>\n<\/div>\n<\/div>\n\n\n\n<hr class=\"wp-block-separator\"\/>\n\n\n\n<div class=\"wp-block-columns alignwide are-vertically-aligned-center is-layout-flex wp-container-core-columns-is-layout-7 wp-block-columns-is-layout-flex\" id=\"img-7\">\n<div class=\"wp-block-column is-vertically-aligned-center is-layout-flow wp-block-column-is-layout-flow\" style=\"flex-basis:66.66%\">\n<figure class=\"wp-block-image size-large\"><img decoding=\"async\" src=\"https:\/\/archive.org\/download\/enc-8-multimedia\/frigerio-altares_tacheros-img-07.JPG\" alt=\"\"\/><\/figure>\n\n\n\n<p><\/p>\n<\/div>\n\n\n\n<div class=\"wp-block-column is-vertically-aligned-center is-layout-flow wp-block-column-is-layout-flow\">\n<p style=\"font-size:15px\">image 7<\/p>\n\n\n\n<p style=\"font-size:15px\"><em><em>Alejandro Frigerio<\/em>Buenos Aires. 3 juin 2013.<\/em><\/p>\n\n\n\n<p>Aimant de Notre-Dame de Schoenstatt, patronne des chauffeurs de taxi, image de Notre-Dame du Rosaire et crucifix.<\/p>\n<\/div>\n<\/div>\n\n\n\n<hr class=\"wp-block-separator\"\/>\n\n\n\n<div class=\"wp-block-columns alignwide is-layout-flex wp-container-core-columns-is-layout-8 wp-block-columns-is-layout-flex\" id=\"img-8\">\n<div class=\"wp-block-column is-vertically-aligned-center is-layout-flow wp-block-column-is-layout-flow\">\n<p style=\"font-size:15px\">image 8<\/p>\n\n\n\n<p style=\"font-size:15px\"><em><em>Alejandro Frigerio<\/em>Buenos Aires. 10 d\u00e9cembre 2015.<\/em><\/p>\n\n\n\n<p>Saint Expeditus <em>feng-shui.<\/em><\/p>\n<\/div>\n\n\n\n<div class=\"wp-block-column is-layout-flow wp-block-column-is-layout-flow\" style=\"flex-basis:66.66%\">\n<figure class=\"wp-block-image size-large\"><img decoding=\"async\" src=\"https:\/\/archive.org\/download\/enc-8-multimedia\/frigerio-altares_tacheros-img-08.JPG\" alt=\"\"\/><\/figure>\n<\/div>\n<\/div>\n\n\n\n<hr class=\"wp-block-separator\"\/>\n\n\n\n<div class=\"wp-block-columns alignwide are-vertically-aligned-center is-layout-flex wp-container-core-columns-is-layout-9 wp-block-columns-is-layout-flex\" id=\"img-9\">\n<div class=\"wp-block-column is-vertically-aligned-center is-layout-flow wp-block-column-is-layout-flow\" style=\"flex-basis:66.66%\">\n<figure class=\"wp-block-image size-large\"><img decoding=\"async\" src=\"https:\/\/archive.org\/download\/enc-8-multimedia\/frigerio-altares_tacheros-img-07.JPG\" alt=\"\"\/><\/figure>\n\n\n\n<p><\/p>\n<\/div>\n\n\n\n<div class=\"wp-block-column is-vertically-aligned-center is-layout-flow wp-block-column-is-layout-flow\">\n<p style=\"font-size:15px\">image 9<\/p>\n\n\n\n<p style=\"font-size:15px\"><em><em>Alejandro Frigerio<\/em>Buenos Aires. 7 ao\u00fbt 2017.<\/em><\/p>\n\n\n\n<p>Pendentifs <em>feng-shui<\/em> dans un \u00e9tal sur le trottoir de l'\u00e9glise de San Cayetano, le jour de la f\u00eate de ce saint.<\/p>\n<\/div>\n<\/div>\n\n\n\n<hr class=\"wp-block-separator\"\/>\n\n\n\n<div class=\"wp-block-columns alignwide is-layout-flex wp-container-core-columns-is-layout-10 wp-block-columns-is-layout-flex\" id=\"img-10\">\n<div class=\"wp-block-column is-vertically-aligned-center is-layout-flow wp-block-column-is-layout-flow\">\n<p style=\"font-size:15px\">image 10<\/p>\n\n\n\n<p style=\"font-size:15px\"><em><em>Alejandro Frigerio<\/em>Buenos Aires. 8 avril 2013.<\/em><\/p>\n\n\n\n<p>Vierge de Huachana et Seigneur (Christ) de Mail\u00edn.<\/p>\n<\/div>\n\n\n\n<div class=\"wp-block-column is-layout-flow wp-block-column-is-layout-flow\" style=\"flex-basis:66.66%\">\n<figure class=\"wp-block-image size-large\"><img decoding=\"async\" src=\"https:\/\/archive.org\/download\/enc-8-multimedia\/frigerio-altares_tacheros-img-10.jpg\" alt=\"\"\/><\/figure>\n<\/div>\n<\/div>\n\n\n\n<hr class=\"wp-block-separator\"\/>\n\n\n\n<div class=\"wp-block-columns alignwide are-vertically-aligned-center is-layout-flex wp-container-core-columns-is-layout-11 wp-block-columns-is-layout-flex\" id=\"img-11\">\n<div class=\"wp-block-column is-vertically-aligned-center is-layout-flow wp-block-column-is-layout-flow\" style=\"flex-basis:66.66%\">\n<figure class=\"wp-block-image size-large\"><img decoding=\"async\" src=\"https:\/\/archive.org\/download\/enc-8-multimedia\/frigerio-altares_tacheros-img-11.JPG\" alt=\"\"\/><\/figure>\n\n\n\n<p><\/p>\n<\/div>\n\n\n\n<div class=\"wp-block-column is-vertically-aligned-center is-layout-flow wp-block-column-is-layout-flow\">\n<p style=\"font-size:15px\">image 11<\/p>\n\n\n\n<p style=\"font-size:15px\"><em><em>Alejandro Frigerio<\/em>Buenos Aires. 27 mars 2017.<\/em><\/p>\n\n\n\n<p>Sur le miroir : ruban et image sainte du Gauchito Gil, deux m\u00e9dailles non identifi\u00e9es, chapelet, aimant disant \"bon voyage\" avec deux figures religieuses et photo du fils (coin sup\u00e9rieur gauche). Au centre, l'ours en peluche de River Plate et, en dessous, deux images pieuses (San Expedito, qui se refl\u00e8te dans la vitre, et un saint non identifi\u00e9). \u00c0 l'ext\u00e9rieur de l'image, il y avait \u00e9galement quatre autres images saintes (illustr\u00e9es dans la figure 16) et un pendentif. <em>feng-shui<\/em> avec un saint non identifi\u00e9.<\/p>\n<\/div>\n<\/div>\n\n\n\n<hr class=\"wp-block-separator\"\/>\n\n\n\n<div class=\"wp-block-columns alignwide is-layout-flex wp-container-core-columns-is-layout-12 wp-block-columns-is-layout-flex\" id=\"img-12\">\n<div class=\"wp-block-column is-vertically-aligned-center is-layout-flow wp-block-column-is-layout-flow\" style=\"flex-basis:50%\">\n<p style=\"font-size:15px\">image 12<\/p>\n\n\n\n<p style=\"font-size:15px\"><em><em>Alejandro Frigerio<\/em>Buenos Aires. 25 octobre 2018.<\/em><\/p>\n\n\n\n<p>Accroch\u00e9 au miroir : Gauchito Gil <em>feng-shui<\/em>Il y a aussi un ruban de la Vierge de Luj\u00e1n avec les armoiries de River Plate et, au dos, un ruban de San La Muerte (photo ci-dessous). Il y a des cartes saintes \u00e0 au moins trois endroits dans la voiture : San Cayetano et San Expedito (porte gauche), Sagrado Coraz\u00f3n de Jes\u00fas et Virgen de la Paz de Medjugorje sur le compteur de vitesse, Virgen de Luj\u00e1n et Virgen Desatanudos sur l'air conditionn\u00e9.<\/p>\n<\/div>\n\n\n\n<div class=\"wp-block-column is-layout-flow wp-block-column-is-layout-flow\" style=\"flex-basis:66.66%\">\n<figure class=\"wp-block-image size-large\"><img decoding=\"async\" src=\"https:\/\/archive.org\/download\/enc-8-multimedia\/frigerio-altares_tacheros-img-12.jpg\" alt=\"\"\/><\/figure>\n<\/div>\n<\/div>\n\n\n\n<hr class=\"wp-block-separator\"\/>\n\n\n\n<div class=\"wp-block-columns alignwide are-vertically-aligned-center is-layout-flex wp-container-core-columns-is-layout-13 wp-block-columns-is-layout-flex\" id=\"img-13\">\n<div class=\"wp-block-column is-vertically-aligned-center is-layout-flow wp-block-column-is-layout-flow\" style=\"flex-basis:66.66%\">\n<figure class=\"wp-block-image size-large\"><img decoding=\"async\" src=\"https:\/\/archive.org\/download\/enc-8-multimedia\/frigerio-altares_tacheros-img-13.jpg\" alt=\"\"\/><\/figure>\n\n\n\n<p><\/p>\n<\/div>\n\n\n\n<div class=\"wp-block-column is-vertically-aligned-center is-layout-flow wp-block-column-is-layout-flow\">\n<p style=\"font-size:15px\">image 13<\/p>\n\n\n\n<p style=\"font-size:15px\"><em><em>Alejandro Frigerio<\/em>Buenos Aires. 27 f\u00e9vrier 2018.<\/em><\/p>\n\n\n\n<p>Cajetan sur le pare-soleil. Accroch\u00e9s au r\u00e9troviseur : ruban rouge \"Bless my car\", m\u00e9daille de l'Ordre du M\u00e9rite, m\u00e9daille de l'Ordre du M\u00e9rite. <em>Yin Yang<\/em>La m\u00e9daille de Cura Brochero au dos (peu visible sur la photo) et la m\u00e9daille de Notre-Dame de la M\u00e9daille Miraculeuse.<\/p>\n<\/div>\n<\/div>\n\n\n\n<hr class=\"wp-block-separator\"\/>\n\n\n\n<div class=\"wp-block-columns alignwide is-layout-flex wp-container-core-columns-is-layout-14 wp-block-columns-is-layout-flex\" id=\"img-14\">\n<div class=\"wp-block-column is-vertically-aligned-center is-layout-flow wp-block-column-is-layout-flow\" style=\"flex-basis:50%\">\n<p style=\"font-size:15px\">image 14<\/p>\n\n\n\n<p style=\"font-size:15px\"><em><em>Alejandro Frigerio<\/em>Buenos Aires. 23 f\u00e9vrier 2015.<\/em><\/p>\n\n\n\n<p>Bande \"Recuerdo de Luj\u00e1n\" avec la Vierge de Luj\u00e1n et Gauchito Gil<\/p>\n<\/div>\n\n\n\n<div class=\"wp-block-column is-layout-flow wp-block-column-is-layout-flow\" style=\"flex-basis:66.66%\">\n<figure class=\"wp-block-image size-large\"><img decoding=\"async\" src=\"https:\/\/archive.org\/download\/enc-8-multimedia\/frigerio-altares_tacheros-img-14.JPG\" alt=\"\"\/><\/figure>\n<\/div>\n<\/div>\n\n\n\n<hr class=\"wp-block-separator\"\/>\n\n\n\n<div class=\"wp-block-columns alignwide are-vertically-aligned-center is-layout-flex wp-container-core-columns-is-layout-15 wp-block-columns-is-layout-flex\" id=\"img-15\">\n<div class=\"wp-block-column is-vertically-aligned-center is-layout-flow wp-block-column-is-layout-flow\" style=\"flex-basis:66.66%\">\n<figure class=\"wp-block-image size-large\"><img decoding=\"async\" src=\"https:\/\/archive.org\/download\/enc-8-multimedia\/frigerio-altares_tacheros-img-15.jpg\" alt=\"\"\/><\/figure>\n\n\n\n<p><\/p>\n<\/div>\n\n\n\n<div class=\"wp-block-column is-vertically-aligned-center is-layout-flow wp-block-column-is-layout-flow\">\n<p style=\"font-size:15px\">image 15<\/p>\n\n\n\n<p style=\"font-size:15px\"><em><em>Alejandro Frigerio<\/em>Buenos Aires. 21 mars 2020.<\/em><\/p>\n\n\n\n<p>Timbres de J\u00e9sus et de Saint Cajetan ; deux chapelets et un Saint Expedito <em>feng-shui<\/em> sont accroch\u00e9s au miroir. \u00c0 gauche, l'affiche de la mini-s\u00e9rie avec l'acteur Robert Powell dans le r\u00f4le de J\u00e9sus.<\/p>\n<\/div>\n<\/div>\n\n\n\n<hr class=\"wp-block-separator\"\/>\n\n\n\n<div class=\"wp-block-columns alignwide is-layout-flex wp-container-core-columns-is-layout-16 wp-block-columns-is-layout-flex\" id=\"img-16\">\n<div class=\"wp-block-column is-vertically-aligned-center is-layout-flow wp-block-column-is-layout-flow\">\n<p style=\"font-size:15px\">image 16<\/p>\n\n\n\n<p style=\"font-size:15px\"><em><em>Alejandro Frigerio<\/em>Buenos Aires. 2 juin 2014.<\/em><\/p>\n\n\n\n<p>Expeditus, des cartes saintes de J\u00e9sus (Robert Powell) et du Pape Fran\u00e7ois et des d\u00e9s g\u00e9ants.<\/p>\n<\/div>\n\n\n\n<div class=\"wp-block-column is-layout-flow wp-block-column-is-layout-flow\" style=\"flex-basis:66.66%\">\n<figure class=\"wp-block-image size-large\"><img decoding=\"async\" src=\"https:\/\/archive.org\/download\/enc-8-multimedia\/frigerio-altares_tacheros-img-16.jpg\" alt=\"\"\/><\/figure>\n<\/div>\n<\/div>\n\n\n\n<hr class=\"wp-block-separator\"\/>\n\n\n\n<div class=\"wp-block-columns alignwide are-vertically-aligned-center is-layout-flex wp-container-core-columns-is-layout-17 wp-block-columns-is-layout-flex\" id=\"img-17\">\n<div class=\"wp-block-column is-vertically-aligned-center is-layout-flow wp-block-column-is-layout-flow\" style=\"flex-basis:66.66%\">\n<figure class=\"wp-block-image size-large\"><img decoding=\"async\" src=\"https:\/\/archive.org\/download\/enc-8-multimedia\/frigerio-altares_tacheros-img-17.JPG\" alt=\"\"\/><\/figure>\n\n\n\n<p><\/p>\n<\/div>\n\n\n\n<div class=\"wp-block-column is-vertically-aligned-center is-layout-flow wp-block-column-is-layout-flow\">\n<p style=\"font-size:15px\">image 17<\/p>\n\n\n\n<p style=\"font-size:15px\"><em><em>Alejandro Frigerio<\/em>Buenos Aires. 27 mars 2017.<\/em><\/p>\n\n\n\n<p>Des timbres de J\u00e9sus (inspir\u00e9s par l'acteur Robert Powell), du pape Fran\u00e7ois, de saint Exp\u00e9dit et de saint Georges sont accroch\u00e9s au-dessus de la porte.<\/p>\n<\/div>\n<\/div>\n\n\n\n<hr class=\"wp-block-separator\"\/>\n\n\n\n<div class=\"wp-block-columns alignwide is-layout-flex wp-container-core-columns-is-layout-18 wp-block-columns-is-layout-flex\" id=\"img-18\">\n<div class=\"wp-block-column is-vertically-aligned-center is-layout-flow wp-block-column-is-layout-flow\">\n<p style=\"font-size:15px\">image 18<\/p>\n\n\n\n<p style=\"font-size:15px\"><em><em>Alejandro Frigerio<\/em>Buenos Aires. 23 octobre 2015.<\/em><\/p>\n\n\n\n<p>Cahier de San Expedito, cartes saintes de J\u00e9sus, du Pape Fran\u00e7ois et de la Vierge du Mont Carmel.<\/p>\n<\/div>\n\n\n\n<div class=\"wp-block-column is-layout-flow wp-block-column-is-layout-flow\" style=\"flex-basis:66.66%\">\n<figure class=\"wp-block-image size-large\"><img decoding=\"async\" src=\"https:\/\/archive.org\/download\/enc-8-multimedia\/frigerio-altares_tacheros-img-18.jpg\" alt=\"\"\/><\/figure>\n<\/div>\n<\/div>\n\n\n\n<hr class=\"wp-block-separator\"\/>\n\n\n\n<div class=\"wp-block-columns alignwide are-vertically-aligned-center is-layout-flex wp-container-core-columns-is-layout-19 wp-block-columns-is-layout-flex\" id=\"img-19\">\n<div class=\"wp-block-column is-vertically-aligned-center is-layout-flow wp-block-column-is-layout-flow\" style=\"flex-basis:66.66%\">\n<figure class=\"wp-block-image size-large\"><img decoding=\"async\" src=\"https:\/\/archive.org\/download\/enc-8-multimedia\/frigerio-altares_tacheros-img-19.jpg\" alt=\"\"\/><\/figure>\n\n\n\n<p><\/p>\n<\/div>\n\n\n\n<div class=\"wp-block-column is-vertically-aligned-center is-layout-flow wp-block-column-is-layout-flow\">\n<p style=\"font-size:15px\">image 19<\/p>\n\n\n\n<p style=\"font-size:15px\"><em><em>Alejandro Frigerio<\/em>Buenos Aires. 29 septembre 2015.<\/em><\/p>\n\n\n\n<p>Encadrant la fen\u00eatre, le pape Fran\u00e7ois entre huit images de saints et de vierges. Au-dessus du miroir, les images du pape Fran\u00e7ois, de Notre-Dame de Luj\u00e1n et de saint Cajetan. \u00c0 l'ext\u00e9rieur de la photo, suspendu au miroir, un pendentif de saint Exp\u00e9dit. <em>feng-shui<\/em>.&nbsp;<\/p>\n<\/div>\n<\/div>\n\n\n\n<hr class=\"wp-block-separator\"\/>\n\n\n\n<div class=\"wp-block-columns alignwide is-layout-flex wp-container-core-columns-is-layout-20 wp-block-columns-is-layout-flex\" id=\"img-20\">\n<div class=\"wp-block-column is-vertically-aligned-center is-layout-flow wp-block-column-is-layout-flow\" style=\"flex-basis:50%\">\n<p style=\"font-size:15px\">image 20<\/p>\n\n\n\n<p style=\"font-size:15px\"><em><em>Alejandro Frigerio<\/em>Buenos Aires. 11 mars 2015.<\/em><\/p>\n\n\n\n<p>Timbres de Saint Expeditus, Saint Cajetan, Pape Fran\u00e7ois, Notre Dame et trois enfants. Dans le miroir, pendentif <em>feng-shui<\/em> de la Vierge de Luj\u00e1n. Sur le c\u00f4t\u00e9, au-dessus de la porte, une image sainte du Gauchito Gil (pas sur la photo).<\/p>\n<\/div>\n\n\n\n<div class=\"wp-block-column is-layout-flow wp-block-column-is-layout-flow\" style=\"flex-basis:66.66%\">\n<figure class=\"wp-block-image size-large\"><img decoding=\"async\" src=\"https:\/\/archive.org\/download\/enc-8-multimedia\/frigerio-altares_tacheros-img-20.jpg\" alt=\"\"\/><\/figure>\n<\/div>\n<\/div>\n\n\n\n<hr class=\"wp-block-separator\"\/>\n\n\n\n<div class=\"wp-block-columns alignwide are-vertically-aligned-center is-layout-flex wp-container-core-columns-is-layout-21 wp-block-columns-is-layout-flex\" id=\"img-21\">\n<div class=\"wp-block-column is-vertically-aligned-center is-layout-flow wp-block-column-is-layout-flow\" style=\"flex-basis:66.66%\">\n<figure class=\"wp-block-image size-large\"><img decoding=\"async\" src=\"https:\/\/archive.org\/download\/enc-8-multimedia\/frigerio-altares_tacheros-img-21.JPG\" alt=\"\"\/><\/figure>\n\n\n\n<p><\/p>\n<\/div>\n\n\n\n<div class=\"wp-block-column is-vertically-aligned-center is-layout-flow wp-block-column-is-layout-flow\">\n<p style=\"font-size:15px\">image 21<\/p>\n\n\n\n<p style=\"font-size:15px\"><em><em>Alejandro Frigerio<\/em>Buenos Aires. 5 novembre 2011.<\/em><\/p>\n\n\n\n<p>Pendentifs <em>feng-shui<\/em> de la Vierge de Luj\u00e1n et de San Cayetano. Chuspa (petit sac) avec des billets de banque (probablement d'Alasitas ?) et un petit ange suspendu au plafond. Des landaus, des images d'enfants parmi des cartes saintes catholiques (et une du Gauchito Gil).<\/p>\n<\/div>\n<\/div>\n\n\n\n<hr class=\"wp-block-separator\"\/>\n\n\n\n<div class=\"wp-block-columns alignwide is-layout-flex wp-container-core-columns-is-layout-22 wp-block-columns-is-layout-flex\" id=\"img-22\">\n<div class=\"wp-block-column is-vertically-aligned-center is-layout-flow wp-block-column-is-layout-flow\">\n<p style=\"font-size:15px\">image 22<\/p>\n\n\n\n<p style=\"font-size:15px\"><em><em>Alejandro Frigerio<\/em>Buenos Aires. 11 juillet 2017.<\/em><\/p>\n\n\n\n<p>Medjugorje Notre-Dame de la Paix et Saint Cajetan entrelac\u00e9s avec des images d'enfants.<\/p>\n<\/div>\n\n\n\n<div class=\"wp-block-column is-layout-flow wp-block-column-is-layout-flow\" style=\"flex-basis:66.66%\">\n<figure class=\"wp-block-image size-large\"><img decoding=\"async\" src=\"https:\/\/archive.org\/download\/enc-8-multimedia\/frigerio-altares_tacheros-img-22.JPG\" alt=\"\"\/><\/figure>\n<\/div>\n<\/div>\n\n\n\n<hr class=\"wp-block-separator\"\/>\n\n\n\n<div class=\"wp-block-columns alignwide are-vertically-aligned-center is-layout-flex wp-container-core-columns-is-layout-23 wp-block-columns-is-layout-flex\" id=\"img-23\">\n<div class=\"wp-block-column is-vertically-aligned-center is-layout-flow wp-block-column-is-layout-flow\" style=\"flex-basis:66.66%\">\n<figure class=\"wp-block-image size-large\"><img decoding=\"async\" src=\"https:\/\/archive.org\/download\/enc-8-multimedia\/frigerio-altares_tacheros-img-23.JPG\" alt=\"\"\/><\/figure>\n\n\n\n<p><\/p>\n<\/div>\n\n\n\n<div class=\"wp-block-column is-vertically-aligned-center is-layout-flow wp-block-column-is-layout-flow\">\n<p style=\"font-size:15px\">image 23<\/p>\n\n\n\n<p style=\"font-size:15px\"><em><em>Alejandro Frigerio<\/em>, Buenos Aires. 29 d\u00e9cembre 2018.<\/em><\/p>\n\n\n\n<p>Photos d'enfants, cartes saintes se refl\u00e9tant dans le verre et peluches. Suspendus au miroir : ruban rouge \"Recuerdo del Gauchito\", chapelets et m\u00e9dailles non identifi\u00e9es.<\/p>\n<\/div>\n<\/div>\n\n\n\n<hr class=\"wp-block-separator\"\/>\n\n\n\n<div class=\"wp-block-columns alignwide is-layout-flex wp-container-core-columns-is-layout-24 wp-block-columns-is-layout-flex\" id=\"img-24\">\n<div class=\"wp-block-column is-vertically-aligned-center is-layout-flow wp-block-column-is-layout-flow\" style=\"flex-basis:50%\">\n<p style=\"font-size:15px\">image 24<\/p>\n\n\n\n<p style=\"font-size:15px\"><em><em>Alejandro Frigerio<\/em>Buenos Aires. 28 novembre 2014.<\/em><\/p>\n\n\n\n<p>Le Christ des miracles de Lima et le Seigneur de Canchapilca<\/p>\n<\/div>\n\n\n\n<div class=\"wp-block-column is-layout-flow wp-block-column-is-layout-flow\" style=\"flex-basis:66.66%\">\n<figure class=\"wp-block-image size-large\"><img decoding=\"async\" src=\"https:\/\/archive.org\/download\/enc-8-multimedia\/frigerio-altares_tacheros-img-24.JPG\" alt=\"\"\/><\/figure>\n<\/div>\n<\/div>\n\n\n\n<hr class=\"wp-block-separator\"\/>\n\n\n\n<div class=\"wp-block-columns alignwide are-vertically-aligned-center is-layout-flex wp-container-core-columns-is-layout-25 wp-block-columns-is-layout-flex\" id=\"img-25\">\n<div class=\"wp-block-column is-vertically-aligned-center is-layout-flow wp-block-column-is-layout-flow\" style=\"flex-basis:66.66%\">\n<figure class=\"wp-block-image size-large\"><img decoding=\"async\" src=\"https:\/\/archive.org\/download\/enc-8-multimedia\/frigerio-altares_tacheros-img-25.jpg\" alt=\"\"\/><\/figure>\n\n\n\n<p><\/p>\n<\/div>\n\n\n\n<div class=\"wp-block-column is-vertically-aligned-center is-layout-flow wp-block-column-is-layout-flow\">\n<p style=\"font-size:15px\">image 25<\/p>\n\n\n\n<p style=\"font-size:15px\"><em><em>Alejandro Frigerio<\/em>Buenos Aires. 8 juin 2014.<\/em><\/p>\n\n\n\n<p>Lord of Luren avec la \"pri\u00e8re du chauffeur\".<\/p>\n<\/div>\n<\/div>\n\n\n\n<hr class=\"wp-block-separator\"\/>\n\n\n\n<div class=\"wp-block-columns alignwide is-layout-flex wp-container-core-columns-is-layout-26 wp-block-columns-is-layout-flex\" id=\"img-26\">\n<div class=\"wp-block-column is-vertically-aligned-center is-layout-flow wp-block-column-is-layout-flow\">\n<p style=\"font-size:15px\">image 26<\/p>\n\n\n\n<p style=\"font-size:15px\"><em><em>Alejandro Frigerio<\/em>Buenos Aires. 18 ao\u00fbt 2013.<\/em><\/p>\n\n\n\n<p>Pendentif p\u00e9ruvien de la Vierge de la Puerta, chapelet et photo de l'image tr\u00f4nant dans la cath\u00e9drale de La Plata, Argentine.<\/p>\n<\/div>\n\n\n\n<div class=\"wp-block-column is-layout-flow wp-block-column-is-layout-flow\" style=\"flex-basis:66.66%\">\n<figure class=\"wp-block-image size-large\"><img decoding=\"async\" src=\"https:\/\/archive.org\/download\/enc-8-multimedia\/frigerio-altares_tacheros-img-26.jpg\" alt=\"\"\/><\/figure>\n<\/div>\n<\/div>\n\n\n\n<hr class=\"wp-block-separator\"\/>\n\n\n\n<div class=\"wp-block-columns alignwide are-vertically-aligned-center is-layout-flex wp-container-core-columns-is-layout-27 wp-block-columns-is-layout-flex\" id=\"img-27\">\n<div class=\"wp-block-column is-vertically-aligned-center is-layout-flow wp-block-column-is-layout-flow\" style=\"flex-basis:66.66%\">\n<figure class=\"wp-block-image size-large\"><img decoding=\"async\" src=\"https:\/\/archive.org\/download\/enc-8-multimedia\/frigerio-altares_tacheros-img-27.jpg\" alt=\"\"\/><\/figure>\n\n\n\n<p><\/p>\n<\/div>\n\n\n\n<div class=\"wp-block-column is-vertically-aligned-center is-layout-flow wp-block-column-is-layout-flow\">\n<p style=\"font-size:15px\">image 27<\/p>\n\n\n\n<p style=\"font-size:15px\"><em><em>Alejandro Frigerio<\/em>Buenos Aires. 25 mars 2015.<\/em><\/p>\n\n\n\n<p>Symboles catholiques et \u00e9l\u00e9phants Alasitas en vue.<\/p>\n<\/div>\n<\/div>\n\n\n\n<hr class=\"wp-block-separator\"\/>\n\n\n\n<div class=\"wp-block-columns alignwide is-layout-flex wp-container-core-columns-is-layout-28 wp-block-columns-is-layout-flex\" id=\"img-28\">\n<div class=\"wp-block-column is-vertically-aligned-center is-layout-flow wp-block-column-is-layout-flow\">\n<p style=\"font-size:15px\">image 28<\/p>\n\n\n\n<p style=\"font-size:15px\"><em><em>Alejandro Frigerio<\/em>Buenos Aires. 19 juillet 2013.<\/em><\/p>\n\n\n\n<p>Attrape-r\u00eaves, ruban de Saint Expeditus et \u0153il turc contre le mauvais \u0153il.<\/p>\n<\/div>\n\n\n\n<div class=\"wp-block-column is-layout-flow wp-block-column-is-layout-flow\" style=\"flex-basis:50%\">\n<figure class=\"wp-block-image size-large\"><img decoding=\"async\" src=\"https:\/\/archive.org\/download\/enc-8-multimedia\/frigerio-altares_tacheros-img-28.JPG\" alt=\"\"\/><\/figure>\n<\/div>\n<\/div>\n\n\n\n<hr class=\"wp-block-separator\"\/>\n\n\n\n<div class=\"wp-block-columns alignwide are-vertically-aligned-center is-layout-flex wp-container-core-columns-is-layout-29 wp-block-columns-is-layout-flex\" id=\"img-29\">\n<div class=\"wp-block-column is-vertically-aligned-center is-layout-flow wp-block-column-is-layout-flow\" style=\"flex-basis:66.66%\">\n<figure class=\"wp-block-image size-large\"><img decoding=\"async\" src=\"https:\/\/archive.org\/download\/enc-8-multimedia\/frigerio-altares_tacheros-img-29.JPG\" alt=\"\"\/><\/figure>\n\n\n\n<p><\/p>\n<\/div>\n\n\n\n<div class=\"wp-block-column is-vertically-aligned-center is-layout-flow wp-block-column-is-layout-flow\">\n<p style=\"font-size:15px\">image 29<\/p>\n\n\n\n<p style=\"font-size:15px\"><em><em>Alejandro Frigerio<\/em>Buenos Aires. 26 octobre 2015.<\/em><\/p>\n\n\n\n<p>Accroch\u00e9 au miroir, un \u0153il turc contre le mauvais \u0153il. A gauche, un pendentif avec un symbole de la <em>feng-shui<\/em>. \u00c0 droite, \u00e0 travers le pare-soleil, une image de la Vierge de Luj\u00e1n. Un pendentif est suspendu au bord du pare-soleil gauche. <em>feng-shui<\/em> avec des pi\u00e8ces de monnaie chinoises.<\/p>\n<\/div>\n<\/div>\n\n\n\n<hr class=\"wp-block-separator\"\/>\n\n\n\n<div class=\"wp-block-columns alignwide is-layout-flex wp-container-core-columns-is-layout-30 wp-block-columns-is-layout-flex\" id=\"img-30\">\n<div class=\"wp-block-column is-vertically-aligned-center is-layout-flow wp-block-column-is-layout-flow\">\n<p style=\"font-size:15px\">image 30<\/p>\n\n\n\n<p style=\"font-size:15px\"><em><em>Alejandro Frigerio<\/em>Buenos Aires. 19 octobre 2015.<\/em><\/p>\n\n\n\n<p>Ruban rouge et hexagramme.<\/p>\n<\/div>\n\n\n\n<div class=\"wp-block-column is-layout-flow wp-block-column-is-layout-flow\" style=\"flex-basis:66.66%\">\n<figure class=\"wp-block-image size-large\"><img decoding=\"async\" src=\"https:\/\/archive.org\/download\/enc-8-multimedia\/frigerio-altares_tacheros-img-30.JPG\" alt=\"\"\/><\/figure>\n<\/div>\n<\/div>\n\n\n\n<hr class=\"wp-block-separator\"\/>\n\n\n\n<div class=\"wp-block-columns alignwide are-vertically-aligned-center is-layout-flex wp-container-core-columns-is-layout-31 wp-block-columns-is-layout-flex\" id=\"img-31\">\n<div class=\"wp-block-column is-vertically-aligned-center is-layout-flow wp-block-column-is-layout-flow\" style=\"flex-basis:66.66%\">\n<figure class=\"wp-block-image size-large\"><img decoding=\"async\" src=\"https:\/\/archive.org\/download\/enc-8-multimedia\/frigerio-altares_tacheros-img-31.JPG\" alt=\"\"\/><\/figure>\n\n\n\n<p><\/p>\n<\/div>\n\n\n\n<div class=\"wp-block-column is-vertically-aligned-center is-layout-flow wp-block-column-is-layout-flow\">\n<p style=\"font-size:15px\">image 31<\/p>\n\n\n\n<p style=\"font-size:15px\"><em><em>Alejandro Frigerio<\/em>Buenos Aires. 20 septembre 2014.<\/em><\/p>\n\n\n\n<p>M\u00e9daille non identifi\u00e9e et symbole de la <em>Yin Yang<\/em>.<\/p>\n<\/div>\n<\/div>\n\n\n\n<hr class=\"wp-block-separator\"\/>\n\n\n\n<div class=\"wp-block-columns alignwide is-layout-flex wp-container-core-columns-is-layout-32 wp-block-columns-is-layout-flex\" id=\"img-32\">\n<div class=\"wp-block-column is-vertically-aligned-center is-layout-flow wp-block-column-is-layout-flow\">\n<p style=\"font-size:15px\">image 32<\/p>\n\n\n\n<p style=\"font-size:15px\"><em><em>Alejandro Frigerio<\/em>Buenos Aires. 13 ao\u00fbt 2017.<\/em><\/p>\n\n\n\n<p>Ruban rouge et Bouddha de l'abondance <em>feng-shui<\/em>.<\/p>\n<\/div>\n\n\n\n<div class=\"wp-block-column is-layout-flow wp-block-column-is-layout-flow\" style=\"flex-basis:66.66%\">\n<figure class=\"wp-block-image size-large\"><img decoding=\"async\" src=\"https:\/\/archive.org\/download\/enc-8-multimedia\/frigerio-altares_tacheros-img-32.JPG\" alt=\"\"\/><\/figure>\n<\/div>\n<\/div>\n\n\n\n<hr class=\"wp-block-separator\"\/>\n\n\n\n<div class=\"wp-block-columns alignwide are-vertically-aligned-center is-layout-flex wp-container-core-columns-is-layout-33 wp-block-columns-is-layout-flex\" id=\"img-33\">\n<div class=\"wp-block-column is-vertically-aligned-center is-layout-flow wp-block-column-is-layout-flow\" style=\"flex-basis:66.66%\">\n<figure class=\"wp-block-image size-large\"><img decoding=\"async\" src=\"https:\/\/archive.org\/download\/enc-8-multimedia\/frigerio-altares_tacheros-img-33.jpg\" alt=\"\"\/><\/figure>\n\n\n\n<p><\/p>\n<\/div>\n\n\n\n<div class=\"wp-block-column is-vertically-aligned-center is-layout-flow wp-block-column-is-layout-flow\">\n<p style=\"font-size:15px\">image 33<\/p>\n\n\n\n<p style=\"font-size:15px\"><em><em>Alejandro Frigerio<\/em>Buenos Aires. 8 octobre 2014.<\/em><\/p>\n\n\n\n<p>Deux pendentifs <em>feng-shui<\/em> d'animaux, Ganesh en bronze et tatou\u00e9 sur le bras du conducteur.<\/p>\n<\/div>\n<\/div>\n\n\n\n<hr class=\"wp-block-separator\"\/>\n\n\n\n<div class=\"wp-block-columns alignwide is-layout-flex wp-container-core-columns-is-layout-34 wp-block-columns-is-layout-flex\" id=\"img-34\">\n<div class=\"wp-block-column is-vertically-aligned-center is-layout-flow wp-block-column-is-layout-flow\">\n<p style=\"font-size:15px\">image 34<\/p>\n\n\n\n<p style=\"font-size:15px\"><em><em>Alejandro Frigerio<\/em>Buenos Aires. 27 f\u00e9vrier 2014.<\/em><\/p>\n\n\n\n<p>Pendentif de la d\u00e9esse chinoise Kuan Yin avec un symbole non identifi\u00e9.<\/p>\n<\/div>\n\n\n\n<div class=\"wp-block-column is-layout-flow wp-block-column-is-layout-flow\" style=\"flex-basis:66.66%\">\n<figure class=\"wp-block-image size-large\"><img decoding=\"async\" src=\"https:\/\/archive.org\/download\/enc-8-multimedia\/frigerio-altares_tacheros-img-34.jpg\" alt=\"\"\/><\/figure>\n<\/div>\n<\/div>\n\n\n\n<hr class=\"wp-block-separator\"\/>\n\n\n\n<div class=\"wp-block-columns alignwide are-vertically-aligned-center is-layout-flex wp-container-core-columns-is-layout-35 wp-block-columns-is-layout-flex\" id=\"img-35\">\n<div class=\"wp-block-column is-vertically-aligned-center is-layout-flow wp-block-column-is-layout-flow\" style=\"flex-basis:66.66%\">\n<figure class=\"wp-block-image size-large\"><img decoding=\"async\" src=\"https:\/\/archive.org\/download\/enc-8-multimedia\/frigerio-altares_tacheros-img-35.jpg\" alt=\"\"\/><\/figure>\n\n\n\n<p><\/p>\n<\/div>\n\n\n\n<div class=\"wp-block-column is-vertically-aligned-center is-layout-flow wp-block-column-is-layout-flow\">\n<p style=\"font-size:15px\">image 35<\/p>\n\n\n\n<p style=\"font-size:15px\"><em><em>Alejandro Frigerio<\/em>Buenos Aires. 28 mai 2014.<\/em><\/p>\n\n\n\n<p>\u0152il turc (Nazar) avec le mauvais \u0153il et le ruban rouge.<\/p>\n<\/div>\n<\/div>\n\n\n\n<hr class=\"wp-block-separator\"\/>\n\n\n\n<div class=\"wp-block-columns alignwide is-layout-flex wp-container-core-columns-is-layout-36 wp-block-columns-is-layout-flex\" id=\"img-36\">\n<div class=\"wp-block-column is-vertically-aligned-center is-layout-flow wp-block-column-is-layout-flow\">\n<p style=\"font-size:15px\">image 36<\/p>\n\n\n\n<p style=\"font-size:15px\"><em><em>Alejandro Frigerio<\/em>Buenos Aires. 27 ao\u00fbt 2013.<\/em><\/p>\n\n\n\n<p>Des affiches se r\u00e9f\u00e9rant \u00e0 J\u00e9sus et des carnets avec les noms de ceux qui ont pri\u00e9 avec le chauffeur, ou pour qui ils vont prier dans l'\u00e9glise. A l'ext\u00e9rieur de la photo, une banderole qui dit \"mon aide vient de J\u00e9sus\".<\/p>\n<\/div>\n\n\n\n<div class=\"wp-block-column is-layout-flow wp-block-column-is-layout-flow\" style=\"flex-basis:66.66%\">\n<figure class=\"wp-block-image size-large\"><img decoding=\"async\" src=\"https:\/\/archive.org\/download\/enc-8-multimedia\/frigerio-altares_tacheros-img-36.jpg\" alt=\"\"\/><\/figure>\n<\/div>\n<\/div>\n\n\n\n<hr class=\"wp-block-separator\"\/>\n\n\n\n<div class=\"wp-block-columns alignwide are-vertically-aligned-center is-layout-flex wp-container-core-columns-is-layout-37 wp-block-columns-is-layout-flex\" id=\"img-37\">\n<div class=\"wp-block-column is-vertically-aligned-center is-layout-flow wp-block-column-is-layout-flow\" style=\"flex-basis:66.66%\">\n<figure class=\"wp-block-image size-large\"><img decoding=\"async\" src=\"https:\/\/archive.org\/download\/enc-8-multimedia\/frigerio-altares_tacheros-img-37.JPG\" alt=\"\"\/><\/figure>\n\n\n\n<p><\/p>\n<\/div>\n\n\n\n<div class=\"wp-block-column is-vertically-aligned-center is-layout-flow wp-block-column-is-layout-flow\">\n<p style=\"font-size:15px\">image 37<\/p>\n\n\n\n<p style=\"font-size:15px\"><em><em>Alejandro Frigerio<\/em>Buenos Aires. 25 mai 2018.<\/em><\/p>\n\n\n\n<p>Croix accroch\u00e9e au miroir, vid\u00e9o de deux pasteurs \u00e9vang\u00e9liques (probablement p\u00e9ruviens) sur le t\u00e9l\u00e9phone portable.<\/p>\n<\/div>\n<\/div>\n\n\n\n<hr class=\"wp-block-separator\"\/>\n\n\n\n<div class=\"wp-block-columns alignwide is-layout-flex wp-container-core-columns-is-layout-38 wp-block-columns-is-layout-flex\" id=\"img-38\">\n<div class=\"wp-block-column is-vertically-aligned-center is-layout-flow wp-block-column-is-layout-flow\">\n<p style=\"font-size:15px\">image 38<\/p>\n\n\n\n<p style=\"font-size:15px\"><em><em>Alejandro Frigerio<\/em>Buenos Aires. 19 novembre 2019.<\/em><\/p>\n\n\n\n<p>Chapelet, carte sainte de Saint-Georges et rubans aux couleurs d'Ogun.<\/p>\n<\/div>\n\n\n\n<div class=\"wp-block-column is-layout-flow wp-block-column-is-layout-flow\" style=\"flex-basis:50%\">\n<figure class=\"wp-block-image size-large\"><img decoding=\"async\" src=\"https:\/\/archive.org\/download\/enc-8-multimedia\/frigerio-altares_tacheros-img-38.JPG\" alt=\"\"\/><\/figure>\n<\/div>\n<\/div>\n\n\n\n<hr class=\"wp-block-separator\"\/>\n\n\n\n<div class=\"wp-block-columns alignwide are-vertically-aligned-center is-layout-flex wp-container-core-columns-is-layout-39 wp-block-columns-is-layout-flex\" id=\"img-39\">\n<div class=\"wp-block-column is-vertically-aligned-center is-layout-flow wp-block-column-is-layout-flow\" style=\"flex-basis:50%\">\n<figure class=\"wp-block-image size-large\"><img decoding=\"async\" src=\"https:\/\/archive.org\/download\/enc-8-multimedia\/frigerio-altares_tacheros-img-39.JPG\" alt=\"\"\/><\/figure>\n\n\n\n<p><\/p>\n<\/div>\n\n\n\n<div class=\"wp-block-column is-vertically-aligned-center is-layout-flow wp-block-column-is-layout-flow\">\n<p style=\"font-size:15px\">image 39<\/p>\n\n\n\n<p style=\"font-size:15px\"><em><em>Alejandro Frigerio<\/em>Buenos Aires. 25 f\u00e9vrier 2015.<\/em><\/p>\n\n\n\n<p>Ruban avec l'image de Saint-Georges et les couleurs d'Ogun \"donnez-nous votre protection\".<\/p>\n<\/div>\n<\/div>\n\n\n\n<hr class=\"wp-block-separator\"\/>\n\n\n\n<div class=\"wp-block-columns alignwide is-layout-flex wp-container-core-columns-is-layout-40 wp-block-columns-is-layout-flex\" id=\"img-40\">\n<div class=\"wp-block-column is-vertically-aligned-center is-layout-flow wp-block-column-is-layout-flow\">\n<p style=\"font-size:15px\">image 40<\/p>\n\n\n\n<p style=\"font-size:15px\"><em><em>Alejandro Frigerio<\/em>Buenos Aires. 29 avril 2013.<\/em><\/p>\n\n\n\n<p>Collier Ogun\/St. George suspendu au tableau, chapelets et rubans St. Expeditus suspendus au miroir, pendentifs <em>feng-shui <\/em>du m\u00eame saint fix\u00e9 \u00e0 une extr\u00e9mit\u00e9 du pare-soleil droit.<\/p>\n<\/div>\n\n\n\n<div class=\"wp-block-column is-layout-flow wp-block-column-is-layout-flow\" style=\"flex-basis:66.66%\">\n<figure class=\"wp-block-image size-large\"><img decoding=\"async\" src=\"https:\/\/archive.org\/download\/enc-8-multimedia\/frigerio-altares_tacheros-img-40.JPG\" alt=\"\"\/><\/figure>\n<\/div>\n<\/div>\n\n\n\n<hr class=\"wp-block-separator\"\/>\n\n\n\n<div class=\"wp-block-columns alignwide are-vertically-aligned-center is-layout-flex wp-container-core-columns-is-layout-41 wp-block-columns-is-layout-flex\" id=\"img-41\">\n<div class=\"wp-block-column is-vertically-aligned-center is-layout-flow wp-block-column-is-layout-flow\" style=\"flex-basis:66.66%\">\n<figure class=\"wp-block-image size-large\"><img decoding=\"async\" src=\"https:\/\/archive.org\/download\/enc-8-multimedia\/frigerio-altares_tacheros-img-41.JPG\" alt=\"\"\/><\/figure>\n\n\n\n<p><\/p>\n<\/div>\n\n\n\n<div class=\"wp-block-column is-vertically-aligned-center is-layout-flow wp-block-column-is-layout-flow\">\n<p style=\"font-size:15px\">image 41<\/p>\n\n\n\n<p style=\"font-size:15px\"><em><em>Alejandro Frigerio<\/em>Buenos Aires. 11 mars 2014.<\/em><\/p>\n\n\n\n<p>Deux chapelets, une m\u00e9daille et un collier (guide Ogun).<\/p>\n<\/div>\n<\/div>\n\n\n\n<hr class=\"wp-block-separator\"\/>\n\n\n\n<div class=\"wp-block-columns alignwide is-layout-flex wp-container-core-columns-is-layout-42 wp-block-columns-is-layout-flex\" id=\"img-42\">\n<div class=\"wp-block-column is-vertically-aligned-center is-layout-flow wp-block-column-is-layout-flow\">\n<p style=\"font-size:15px\">image 42<\/p>\n\n\n\n<p style=\"font-size:15px\"><em><em>Alejandro Frigerio<\/em>Buenos Aires. 1er novembre 2011.<\/em><\/p>\n\n\n\n<p>Pendentif de San La Muerte, colliers d'Ex\u00fa (\u00e0 gauche). Timbres d'Ex\u00fa, de Pomba Gira, du Sacr\u00e9-C\u0153ur de J\u00e9sus, d'Oi\u00e1 et d'Og\u00fan (\u00e0 droite).<\/p>\n<\/div>\n\n\n\n<div class=\"wp-block-column is-layout-flow wp-block-column-is-layout-flow\" style=\"flex-basis:66.66%\">\n<figure class=\"wp-block-image size-large\"><img decoding=\"async\" src=\"https:\/\/archive.org\/download\/enc-8-multimedia\/frigerio-altares_tacheros-img-42.jpg\" alt=\"\"\/><\/figure>\n<\/div>\n<\/div>\n\n\n\n<hr class=\"wp-block-separator\"\/>\n\n\n\n<div class=\"wp-block-columns alignwide are-vertically-aligned-center is-layout-flex wp-container-core-columns-is-layout-43 wp-block-columns-is-layout-flex\" id=\"img-43\">\n<div class=\"wp-block-column is-vertically-aligned-center is-layout-flow wp-block-column-is-layout-flow\" style=\"flex-basis:66.66%\">\n<figure class=\"wp-block-image size-large\"><img decoding=\"async\" src=\"https:\/\/archive.org\/download\/enc-8-multimedia\/frigerio-altares_tacheros-img-43.jpg\" alt=\"\"\/><\/figure>\n\n\n\n<p><\/p>\n<\/div>\n\n\n\n<div class=\"wp-block-column is-vertically-aligned-center is-layout-flow wp-block-column-is-layout-flow\">\n<p style=\"font-size:15px\">image 43<\/p>\n\n\n\n<p style=\"font-size:15px\"><em><em>Alejandro Frigerio<\/em>Buenos Aires. 22 d\u00e9cembre 2016.<\/em><\/p>\n\n\n\n<p>Timbres de la Vierge, Juan Diego, San Jorge, San Cayetano, Virgen del Rosario, Virgen de Luj\u00e1n, San Crist\u00f3bal et Virgen de Salta.<\/p>\n<\/div>\n<\/div>\n\n\n\n<hr class=\"wp-block-separator\"\/>\n\n\n\n<div class=\"wp-block-columns alignwide is-layout-flex wp-container-core-columns-is-layout-44 wp-block-columns-is-layout-flex\" id=\"img-44\">\n<div class=\"wp-block-column is-vertically-aligned-center is-layout-flow wp-block-column-is-layout-flow\">\n<p style=\"font-size:15px\">image 44<\/p>\n\n\n\n<p style=\"font-size:15px\"><em><em>Alejandro Frigerio<\/em>Buenos Aires. 17 juillet 2015.<\/em><\/p>\n\n\n\n<p>Timbre du pape Fran\u00e7ois.<\/p>\n<\/div>\n\n\n\n<div class=\"wp-block-column is-layout-flow wp-block-column-is-layout-flow\" style=\"flex-basis:66.66%\">\n<div class=\"wp-block-image\"><figure class=\"aligncenter size-large\"><img decoding=\"async\" src=\"https:\/\/archive.org\/download\/enc-8-multimedia\/frigerio-altares_tacheros-img-44.jpg\" alt=\"\"\/><\/figure><\/div>\n<\/div>\n<\/div>\n\n\n\n<hr class=\"wp-block-separator\"\/>\n\n\n\n<div class=\"wp-block-columns alignwide are-vertically-aligned-center is-layout-flex wp-container-core-columns-is-layout-45 wp-block-columns-is-layout-flex\" id=\"img-45\">\n<div class=\"wp-block-column is-vertically-aligned-center is-layout-flow wp-block-column-is-layout-flow\" style=\"flex-basis:66.66%\">\n<figure class=\"wp-block-image size-large\"><img decoding=\"async\" src=\"https:\/\/archive.org\/download\/enc-8-multimedia\/frigerio-altares_tacheros-img-45.jpg\" alt=\"\"\/><\/figure>\n\n\n\n<p><\/p>\n<\/div>\n\n\n\n<div class=\"wp-block-column is-vertically-aligned-center is-layout-flow wp-block-column-is-layout-flow\">\n<p style=\"font-size:15px\">image 45<\/p>\n\n\n\n<p style=\"font-size:15px\"><em><em>Alejandro Frigerio<\/em>Buenos Aires. 15 ao\u00fbt 2013.<\/em><\/p>\n\n\n\n<p>San Expedito en pendentif<em> feng-shui<\/em>La photo montre une image du pape Fran\u00e7ois et de saint Marc de L\u00e9on. \u00c0 l'ext\u00e9rieur de la photo, d'autres images de Saint-Georges, de Saint-Marc et d'une Madone.<\/p>\n<\/div>\n<\/div>","protected":false},"excerpt":{"rendered":"<p>Alejandro Frigerio Alejandro Frigerio es doctor en Antropolog\u00eda por la Universidad de California en Los Angeles. Anteriormente recibi\u00f3 la Licenciatura en Sociolog\u00eda en la Universidad Cat\u00f3lica Argentina (1980). Actualmente se desempe\u00f1a como Investigador Principal del (Consejo Nacional de Investigaciones Cient\u00edficas y T\u00e9cnicas) con sede en el Instituto de Investigaciones de la Facultad de Ciencias Sociales [&hellip;]<\/p>\n","protected":false},"featured_media":35122,"menu_order":0,"comment_status":"open","ping_status":"closed","template":"templates\/template-cover.php","class_list":["post-35121","ensayos-fotograficos","type-ensayos-fotograficos","status-publish","has-post-thumbnail","hentry"],"acf":[],"yoast_head":"<!-- This site is optimized with the Yoast SEO plugin v22.2 - https:\/\/yoast.com\/wordpress\/plugins\/seo\/ -->\n<title>&quot;Altares tacheros&quot;: Minietnografias azarosas de la vida (religiosa) cotidiana &#8211; Encartes<\/title>\n<meta name=\"robots\" content=\"index, follow, max-snippet:-1, max-image-preview:large, max-video-preview:-1\" \/>\n<link rel=\"canonical\" href=\"https:\/\/encartes.mx\/fr\/ensayos-fotograficos\/frigerio-religion-taxi-etnografia-buenos-aires-imagenes\/\" \/>\n<meta property=\"og:locale\" content=\"fr_FR\" \/>\n<meta property=\"og:type\" content=\"article\" \/>\n<meta property=\"og:title\" content=\"&quot;Altares tacheros&quot;: Minietnografias azarosas de la vida (religiosa) cotidiana &#8211; Encartes\" \/>\n<meta property=\"og:description\" content=\"Alejandro Frigerio Alejandro Frigerio es doctor en Antropolog\u00eda por la Universidad de California en Los Angeles. Anteriormente recibi\u00f3 la Licenciatura en Sociolog\u00eda en la Universidad Cat\u00f3lica Argentina (1980). Actualmente se desempe\u00f1a como Investigador Principal del (Consejo Nacional de Investigaciones Cient\u00edficas y T\u00e9cnicas) con sede en el Instituto de Investigaciones de la Facultad de Ciencias Sociales [&hellip;]\" \/>\n<meta property=\"og:url\" content=\"https:\/\/encartes.mx\/fr\/ensayos-fotograficos\/frigerio-religion-taxi-etnografia-buenos-aires-imagenes\/\" \/>\n<meta property=\"og:site_name\" content=\"Encartes\" \/>\n<meta property=\"article:modified_time\" content=\"2021-09-22T02:03:46+00:00\" \/>\n<meta property=\"og:image\" content=\"https:\/\/encartes.mx\/wp-content\/uploads\/2021\/09\/frigerio-altares_tacheros-img-21.jpg\" \/>\n\t<meta property=\"og:image:width\" content=\"1200\" \/>\n\t<meta property=\"og:image:height\" content=\"900\" \/>\n\t<meta property=\"og:image:type\" content=\"image\/jpeg\" \/>\n<meta name=\"twitter:card\" content=\"summary_large_image\" \/>\n<meta name=\"twitter:label1\" content=\"Dur\u00e9e de lecture estim\u00e9e\" \/>\n\t<meta name=\"twitter:data1\" content=\"17 minutes\" \/>\n\t<meta name=\"twitter:label2\" content=\"Written by\" \/>\n\t<meta name=\"twitter:data2\" content=\"Arthur Ventura\" \/>\n<script type=\"application\/ld+json\" class=\"yoast-schema-graph\">{\"@context\":\"https:\/\/schema.org\",\"@graph\":[{\"@type\":\"WebPage\",\"@id\":\"https:\/\/encartes.mx\/fr\/ensayos-fotograficos\/frigerio-religion-taxi-etnografia-buenos-aires-imagenes\/\",\"url\":\"https:\/\/encartes.mx\/fr\/ensayos-fotograficos\/frigerio-religion-taxi-etnografia-buenos-aires-imagenes\/\",\"name\":\"\\\"Altares tacheros\\\": Minietnografias azarosas de la vida (religiosa) cotidiana &#8211; Encartes\",\"isPartOf\":{\"@id\":\"https:\/\/encartes.mx\/#website\"},\"primaryImageOfPage\":{\"@id\":\"https:\/\/encartes.mx\/fr\/ensayos-fotograficos\/frigerio-religion-taxi-etnografia-buenos-aires-imagenes\/#primaryimage\"},\"image\":{\"@id\":\"https:\/\/encartes.mx\/fr\/ensayos-fotograficos\/frigerio-religion-taxi-etnografia-buenos-aires-imagenes\/#primaryimage\"},\"thumbnailUrl\":\"https:\/\/encartes.mx\/wp-content\/uploads\/2021\/09\/frigerio-altares_tacheros-img-21.jpg\",\"datePublished\":\"2021-09-11T18:48:23+00:00\",\"dateModified\":\"2021-09-22T02:03:46+00:00\",\"breadcrumb\":{\"@id\":\"https:\/\/encartes.mx\/fr\/ensayos-fotograficos\/frigerio-religion-taxi-etnografia-buenos-aires-imagenes\/#breadcrumb\"},\"inLanguage\":\"fr-FR\",\"potentialAction\":[{\"@type\":\"ReadAction\",\"target\":[\"https:\/\/encartes.mx\/fr\/ensayos-fotograficos\/frigerio-religion-taxi-etnografia-buenos-aires-imagenes\/\"]}]},{\"@type\":\"ImageObject\",\"inLanguage\":\"fr-FR\",\"@id\":\"https:\/\/encartes.mx\/fr\/ensayos-fotograficos\/frigerio-religion-taxi-etnografia-buenos-aires-imagenes\/#primaryimage\",\"url\":\"https:\/\/encartes.mx\/wp-content\/uploads\/2021\/09\/frigerio-altares_tacheros-img-21.jpg\",\"contentUrl\":\"https:\/\/encartes.mx\/wp-content\/uploads\/2021\/09\/frigerio-altares_tacheros-img-21.jpg\",\"width\":1200,\"height\":900},{\"@type\":\"BreadcrumbList\",\"@id\":\"https:\/\/encartes.mx\/fr\/ensayos-fotograficos\/frigerio-religion-taxi-etnografia-buenos-aires-imagenes\/#breadcrumb\",\"itemListElement\":[{\"@type\":\"ListItem\",\"position\":1,\"name\":\"Home\",\"item\":\"https:\/\/encartes.mx\/\"},{\"@type\":\"ListItem\",\"position\":2,\"name\":\"Ensayos fotogr\u00e1ficos\",\"item\":\"https:\/\/encartes.mx\/ensayos-fotograficos\/\"},{\"@type\":\"ListItem\",\"position\":3,\"name\":\"&#8220;Altares tacheros&#8221;: Minietnografias azarosas de la vida (religiosa) cotidiana\"}]},{\"@type\":\"WebSite\",\"@id\":\"https:\/\/encartes.mx\/#website\",\"url\":\"https:\/\/encartes.mx\/\",\"name\":\"Encartes\",\"description\":\"Revista digital multimedia\",\"publisher\":{\"@id\":\"https:\/\/encartes.mx\/#organization\"},\"potentialAction\":[{\"@type\":\"SearchAction\",\"target\":{\"@type\":\"EntryPoint\",\"urlTemplate\":\"https:\/\/encartes.mx\/?s={search_term_string}\"},\"query-input\":\"required name=search_term_string\"}],\"inLanguage\":\"fr-FR\"},{\"@type\":\"Organization\",\"@id\":\"https:\/\/encartes.mx\/#organization\",\"name\":\"Encartes Antropol\u00f3gicos\",\"url\":\"https:\/\/encartes.mx\/\",\"logo\":{\"@type\":\"ImageObject\",\"inLanguage\":\"fr-FR\",\"@id\":\"https:\/\/encartes.mx\/#\/schema\/logo\/image\/\",\"url\":\"https:\/\/encartes.mx\/wp-content\/uploads\/2017\/04\/Logo-04.png\",\"contentUrl\":\"https:\/\/encartes.mx\/wp-content\/uploads\/2017\/04\/Logo-04.png\",\"width\":338,\"height\":306,\"caption\":\"Encartes Antropol\u00f3gicos\"},\"image\":{\"@id\":\"https:\/\/encartes.mx\/#\/schema\/logo\/image\/\"}}]}<\/script>\n<!-- \/ Yoast SEO plugin. -->","yoast_head_json":{"title":"\"Altares tacheros\": Minietnografias azarosas de la vida (religiosa) cotidiana &#8211; Encartes","robots":{"index":"index","follow":"follow","max-snippet":"max-snippet:-1","max-image-preview":"max-image-preview:large","max-video-preview":"max-video-preview:-1"},"canonical":"https:\/\/encartes.mx\/fr\/ensayos-fotograficos\/frigerio-religion-taxi-etnografia-buenos-aires-imagenes\/","og_locale":"fr_FR","og_type":"article","og_title":"\"Altares tacheros\": Minietnografias azarosas de la vida (religiosa) cotidiana &#8211; Encartes","og_description":"Alejandro Frigerio Alejandro Frigerio es doctor en Antropolog\u00eda por la Universidad de California en Los Angeles. Anteriormente recibi\u00f3 la Licenciatura en Sociolog\u00eda en la Universidad Cat\u00f3lica Argentina (1980). Actualmente se desempe\u00f1a como Investigador Principal del (Consejo Nacional de Investigaciones Cient\u00edficas y T\u00e9cnicas) con sede en el Instituto de Investigaciones de la Facultad de Ciencias Sociales [&hellip;]","og_url":"https:\/\/encartes.mx\/fr\/ensayos-fotograficos\/frigerio-religion-taxi-etnografia-buenos-aires-imagenes\/","og_site_name":"Encartes","article_modified_time":"2021-09-22T02:03:46+00:00","og_image":[{"width":1200,"height":900,"url":"https:\/\/encartes.mx\/wp-content\/uploads\/2021\/09\/frigerio-altares_tacheros-img-21.jpg","type":"image\/jpeg"}],"twitter_card":"summary_large_image","twitter_misc":{"Dur\u00e9e de lecture estim\u00e9e":"17 minutes","Written by":"Arthur Ventura"},"schema":{"@context":"https:\/\/schema.org","@graph":[{"@type":"WebPage","@id":"https:\/\/encartes.mx\/fr\/ensayos-fotograficos\/frigerio-religion-taxi-etnografia-buenos-aires-imagenes\/","url":"https:\/\/encartes.mx\/fr\/ensayos-fotograficos\/frigerio-religion-taxi-etnografia-buenos-aires-imagenes\/","name":"\"Altares tacheros\": Minietnografias azarosas de la vida (religiosa) cotidiana &#8211; Encartes","isPartOf":{"@id":"https:\/\/encartes.mx\/#website"},"primaryImageOfPage":{"@id":"https:\/\/encartes.mx\/fr\/ensayos-fotograficos\/frigerio-religion-taxi-etnografia-buenos-aires-imagenes\/#primaryimage"},"image":{"@id":"https:\/\/encartes.mx\/fr\/ensayos-fotograficos\/frigerio-religion-taxi-etnografia-buenos-aires-imagenes\/#primaryimage"},"thumbnailUrl":"https:\/\/encartes.mx\/wp-content\/uploads\/2021\/09\/frigerio-altares_tacheros-img-21.jpg","datePublished":"2021-09-11T18:48:23+00:00","dateModified":"2021-09-22T02:03:46+00:00","breadcrumb":{"@id":"https:\/\/encartes.mx\/fr\/ensayos-fotograficos\/frigerio-religion-taxi-etnografia-buenos-aires-imagenes\/#breadcrumb"},"inLanguage":"fr-FR","potentialAction":[{"@type":"ReadAction","target":["https:\/\/encartes.mx\/fr\/ensayos-fotograficos\/frigerio-religion-taxi-etnografia-buenos-aires-imagenes\/"]}]},{"@type":"ImageObject","inLanguage":"fr-FR","@id":"https:\/\/encartes.mx\/fr\/ensayos-fotograficos\/frigerio-religion-taxi-etnografia-buenos-aires-imagenes\/#primaryimage","url":"https:\/\/encartes.mx\/wp-content\/uploads\/2021\/09\/frigerio-altares_tacheros-img-21.jpg","contentUrl":"https:\/\/encartes.mx\/wp-content\/uploads\/2021\/09\/frigerio-altares_tacheros-img-21.jpg","width":1200,"height":900},{"@type":"BreadcrumbList","@id":"https:\/\/encartes.mx\/fr\/ensayos-fotograficos\/frigerio-religion-taxi-etnografia-buenos-aires-imagenes\/#breadcrumb","itemListElement":[{"@type":"ListItem","position":1,"name":"Home","item":"https:\/\/encartes.mx\/"},{"@type":"ListItem","position":2,"name":"Ensayos fotogr\u00e1ficos","item":"https:\/\/encartes.mx\/ensayos-fotograficos\/"},{"@type":"ListItem","position":3,"name":"&#8220;Altares tacheros&#8221;: Minietnografias azarosas de la vida (religiosa) cotidiana"}]},{"@type":"WebSite","@id":"https:\/\/encartes.mx\/#website","url":"https:\/\/encartes.mx\/","name":"Encartes","description":"Magazine num\u00e9rique multim\u00e9dia","publisher":{"@id":"https:\/\/encartes.mx\/#organization"},"potentialAction":[{"@type":"SearchAction","target":{"@type":"EntryPoint","urlTemplate":"https:\/\/encartes.mx\/?s={search_term_string}"},"query-input":"required name=search_term_string"}],"inLanguage":"fr-FR"},{"@type":"Organization","@id":"https:\/\/encartes.mx\/#organization","name":"Insertions anthropologiques","url":"https:\/\/encartes.mx\/","logo":{"@type":"ImageObject","inLanguage":"fr-FR","@id":"https:\/\/encartes.mx\/#\/schema\/logo\/image\/","url":"https:\/\/encartes.mx\/wp-content\/uploads\/2017\/04\/Logo-04.png","contentUrl":"https:\/\/encartes.mx\/wp-content\/uploads\/2017\/04\/Logo-04.png","width":338,"height":306,"caption":"Encartes Antropol\u00f3gicos"},"image":{"@id":"https:\/\/encartes.mx\/#\/schema\/logo\/image\/"}}]}},"jetpack_sharing_enabled":true,"_links":{"self":[{"href":"https:\/\/encartes.mx\/fr\/wp-json\/wp\/v2\/ensayos-fotograficos\/35121","targetHints":{"allow":["GET"]}}],"collection":[{"href":"https:\/\/encartes.mx\/fr\/wp-json\/wp\/v2\/ensayos-fotograficos"}],"about":[{"href":"https:\/\/encartes.mx\/fr\/wp-json\/wp\/v2\/types\/ensayos-fotograficos"}],"replies":[{"embeddable":true,"href":"https:\/\/encartes.mx\/fr\/wp-json\/wp\/v2\/comments?post=35121"}],"wp:featuredmedia":[{"embeddable":true,"href":"https:\/\/encartes.mx\/fr\/wp-json\/wp\/v2\/media\/35122"}],"wp:attachment":[{"href":"https:\/\/encartes.mx\/fr\/wp-json\/wp\/v2\/media?parent=35121"}],"curies":[{"name":"wp","href":"https:\/\/api.w.org\/{rel}","templated":true}]}}