{"version":"1.0","provider_name":"Encartes","provider_url":"https:\/\/encartes.mx\/fr\/","author_name":"Arthur Ventura","author_url":"https:\/\/encartes.mx\/fr\/author\/arthur\/","title":"Huir de las violencias: las v\u00edctimas ocultas de la guerra en M\u00e9xico, el caso del desplazamiento interno forzado &#8211; Encartes","type":"rich","width":600,"height":338,"html":"<blockquote class=\"wp-embedded-content\" data-secret=\"rZI7MkzLg5\"><a href=\"https:\/\/encartes.mx\/fr\/mexico-desplazamiento-forzado\/\">Fuir la violence : les victimes cach\u00e9es de la guerre au Mexique : le cas des d\u00e9placements internes forc\u00e9s<\/a><\/blockquote><iframe sandbox=\"allow-scripts\" security=\"restricted\" src=\"https:\/\/encartes.mx\/fr\/mexico-desplazamiento-forzado\/embed\/#?secret=rZI7MkzLg5\" width=\"600\" height=\"338\" title=\"&quot;Fuir la violence : les victimes cach\u00e9es de la guerre au Mexique, le cas des d\u00e9placements internes forc\u00e9s &quot; - Encadr\u00e9s\" data-secret=\"rZI7MkzLg5\" frameborder=\"0\" marginwidth=\"0\" marginheight=\"0\" scrolling=\"no\" class=\"wp-embedded-content\"><\/iframe><script>\n\/*! This file is auto-generated *\/\n!function(d,l){\"use strict\";l.querySelector&&d.addEventListener&&\"undefined\"!=typeof URL&&(d.wp=d.wp||{},d.wp.receiveEmbedMessage||(d.wp.receiveEmbedMessage=function(e){var t=e.data;if((t||t.secret||t.message||t.value)&&!\/[^a-zA-Z0-9]\/.test(t.secret)){for(var s,r,n,a=l.querySelectorAll('iframe[data-secret=\"'+t.secret+'\"]'),o=l.querySelectorAll('blockquote[data-secret=\"'+t.secret+'\"]'),c=new RegExp(\"^https?:$\",\"i\"),i=0;i<o.length;i++)o[i].style.display=\"none\";for(i=0;i<a.length;i++)s=a[i],e.source===s.contentWindow&&(s.removeAttribute(\"style\"),\"height\"===t.message?(1e3<(r=parseInt(t.value,10))?r=1e3:~~r<200&&(r=200),s.height=r):\"link\"===t.message&&(r=new URL(s.getAttribute(\"src\")),n=new URL(t.value),c.test(n.protocol))&&n.host===r.host&&l.activeElement===s&&(d.top.location.href=t.value))}},d.addEventListener(\"message\",d.wp.receiveEmbedMessage,!1),l.addEventListener(\"DOMContentLoaded\",function(){for(var e,t,s=l.querySelectorAll(\"iframe.wp-embedded-content\"),r=0;r<s.length;r++)(t=(e=s[r]).getAttribute(\"data-secret\"))||(t=Math.random().toString(36).substring(2,12),e.src+=\"#?secret=\"+t,e.setAttribute(\"data-secret\",t)),e.contentWindow.postMessage({message:\"ready\",secret:t},\"*\")},!1)))}(window,document);\n<\/script>","description":"Dentro del marco de violencia y crisis de derechos humanos en M\u00e9xico, se han sentado las bases para una nueva ola de desplazamientos internos forzados en el pa\u00eds, dejando a miles de familias mexicanas en extrema vulnerabilidad y en completo abandono. Frente a ello, el Estado mexicano ha sostenido una postura renuente a reconocer la problem\u00e1tica y, en consecuencia, no ha realizado las acciones pertinentes para mejorar la calidad de vida de esta poblaci\u00f3n, haciendo imposible el efectivo ejercicio de sus derechos humanos. El siguiente texto presenta el abordaje de la problem\u00e1tica en M\u00e9xico desde la experiencia de la Comisi\u00f3n Mexicana de Defensa y Promoci\u00f3n de los Derechos Humanos (CMDPDH), organizaci\u00f3n de la sociedad civil que trabaja en la investigaci\u00f3n, an\u00e1lisis, visibilizaci\u00f3n, incidencia y acompa\u00f1amiento integral a v\u00edctimas del fen\u00f3meno."}