{"id":35268,"date":"2021-09-20T21:45:10","date_gmt":"2021-09-20T21:45:10","guid":{"rendered":"https:\/\/encartes.mx\/?post_type=ensayos-fotograficos&#038;p=35268"},"modified":"2022-09-09T21:40:55","modified_gmt":"2022-09-09T21:40:55","slug":"intervenciones-performances-disidencia-espacios-publicos","status":"publish","type":"ensayos-fotograficos","link":"https:\/\/encartes.mx\/en\/ensayos-fotograficos\/intervenciones-performances-disidencia-espacios-publicos\/","title":{"rendered":"Dissident performative interventions in public spaces."},"content":{"rendered":"<p class=\"has-drop-cap abstract\">All human beings have a spatial dimension. This condition is intimately linked to our collective ways of thinking, feeling and acting in the world; it is for this reason that the public spaces we inhabit and transit as part of our daily lives constantly become scenarios in dispute, not only in their territorial dimensions, but also in their symbolic ones. We can well say that the act of intervening a public space is, in turn, a struggle to win a place in the collective thought.<\/p>\n\n\n\n<p>The selection of photographs shown here exemplifies the way in which diverse civil society actors reclaim public space through physical and symbolic interventions that represent dissidence against the established order of modern societies. The tactics employed are multiple and range from graffiti and the painting of murals, to the use of technology to project messages on walls, the representation of the body and the installation of objects in places reappropriated from symbols.<\/p>\n\n\n\n<p>The interventions shown here transform spaces of power into dissident spaces, in some cases in a fleeting manner, such as the intervention with an audiovisual projector at the National Palace in Mexico City; in others, reconfiguring institutionalized uses and meanings in a transcendental way, as in the case of the Glorieta de las y los desaparecidos in Guadalajara. Some other interventions become dissident traces that travel through the city, such as the feminist stencil on a public transportation vehicle, while some become memorials that remain in the streets, emphasizing the need for justice. In any case, such interventions convey the neglected claims of usually stigmatized minorities or invisible groups demanding rights.<\/p>\n\n\n\n<p>Creatively, these actions tend to deconstruct the hegemonic signs of different public spaces, official emblems, buildings that symbolize the power of government forces, and colonial monuments. The images shown below are a brief reminder that, in the face of injustice, inequality and subjugation, social groups will always have symbolic resources to occupy a place in that spatial condition that is inescapable for us.<\/p>\n\n\n\n<p>We dedicate this gallery in memory of Rogelio Marcial\u2020, <a href=\"https:\/\/encartes.mx\/en\/imagenes-del-cuerpo-pandillero\/\">magazine collaborator<\/a>.<\/p>\n\n\n\n<hr class=\"wp-block-separator\"\/>\n\n\n\n<div class=\"wp-block-columns alignwide are-vertically-aligned-center is-layout-flex wp-container-core-columns-is-layout-1 wp-block-columns-is-layout-flex\">\n<div class=\"wp-block-column is-vertically-aligned-center is-layout-flow wp-block-column-is-layout-flow\" style=\"flex-basis:50%\">\n<figure class=\"wp-block-image size-large\"><img decoding=\"async\" src=\"https:\/\/archive.org\/download\/enc-8-multimedia\/con-3-sofia-ron-weigand-noviembre-2019.jpg\" alt=\"\"\/><\/figure>\n<\/div>\n\n\n\n<div class=\"wp-block-column is-vertically-aligned-center is-layout-flow wp-block-column-is-layout-flow\">\n<p><strong>Walls speak<\/strong><\/p>\n\n\n\n<p style=\"font-size:15px\"><em><em>Sofia Ron Weigand<\/em>, Santiago, Chile. November 2019.<\/em><\/p>\n\n\n\n<p>Interventions in Santiago de Chile in the 2019 \"social outburst\" protests.<\/p>\n<\/div>\n<\/div>\n\n\n\n<hr class=\"wp-block-separator\"\/>\n\n\n\n<div class=\"wp-block-columns alignwide is-layout-flex wp-container-core-columns-is-layout-2 wp-block-columns-is-layout-flex\">\n<div class=\"wp-block-column is-vertically-aligned-center is-layout-flow wp-block-column-is-layout-flow\">\n<p><strong>Mother praying for her daughters<\/strong><\/p>\n\n\n\n<p style=\"font-size:15px\"><em><em>Cristofer Yair Uribe Vergara<\/em>Mexico City, Mexico. September 18, 2000.<\/em><\/p>\n\n\n\n<p>Photo taken outside the CNDH on Rep\u00fablica de Cuba street, Colonia Centro.<\/p>\n<\/div>\n\n\n\n<div class=\"wp-block-column is-layout-flow wp-block-column-is-layout-flow\" style=\"flex-basis:66.66%\">\n<figure class=\"wp-block-image size-large\"><img decoding=\"async\" src=\"https:\/\/archive.org\/download\/enc-8-multimedia\/con-3-cristofer_yair_uribe-18_09_2020-cdmx.JPG\" alt=\"\"\/><\/figure>\n<\/div>\n<\/div>\n\n\n\n<hr class=\"wp-block-separator\"\/>\n\n\n\n<div class=\"wp-block-columns alignwide are-vertically-aligned-center is-layout-flex wp-container-core-columns-is-layout-3 wp-block-columns-is-layout-flex\">\n<div class=\"wp-block-column is-vertically-aligned-center is-layout-flow wp-block-column-is-layout-flow\" style=\"flex-basis:50%\">\n<figure class=\"wp-block-image size-large\"><img decoding=\"async\" src=\"https:\/\/archive.org\/download\/enc-8-multimedia\/con-3-benelli-velazquez-02-04-2021.jpg\" alt=\"\"\/><\/figure>\n<\/div>\n\n\n\n<div class=\"wp-block-column is-vertically-aligned-center is-layout-flow wp-block-column-is-layout-flow\">\n<p><\/p>\n\n\n\n<p><strong>Vigil for Victoria from Tijuana<\/strong><\/p>\n\n\n\n<p style=\"font-size:15px\"><em><em>Benelli Vel\u00e1zquez Fern\u00e1ndez<\/em>Tijuana, Mexico. April 2, 2021.<\/em><\/p>\n\n\n\n<p>Victoria Salazar, a woman refugee in Mexico from El Salvador, was murdered by members of the Tulum police in March 2021. After her murder, there were demonstrations by feminist collectives and migrant rights activists, who demanded justice from various points of the Mexican Republic. A vigil was held at the border wall in Playas de Tijuana to commemorate Victoria's life and dignity. During the event, Victoria's face was projected on the obelisk that delimits the border between Mexico and the United States.<\/p>\n<\/div>\n<\/div>\n\n\n\n<hr class=\"wp-block-separator\"\/>\n\n\n\n<div class=\"wp-block-columns alignwide is-layout-flex wp-container-core-columns-is-layout-4 wp-block-columns-is-layout-flex\">\n<div class=\"wp-block-column is-vertically-aligned-center is-layout-flow wp-block-column-is-layout-flow\">\n<p><strong>Pink bike for Isabel<\/strong><\/p>\n\n\n\n<p style=\"font-size:15px\"><em><em>Favia Lineli Lucero Montoya<\/em>Ciudad Juarez, Mexico. January 31, 2020.<\/em><\/p>\n\n\n\n<p>Cycling and feminist collectives placed a pink bicycle at the site where Isabel Cabanillas, artist and activist, was murdered during the early hours of January 18, 2020. Isabel used as a means of transportation a bicycle similar to the one installed; on the day of her feminicide she was being transported on it.<\/p>\n<\/div>\n\n\n\n<div class=\"wp-block-column is-layout-flow wp-block-column-is-layout-flow\" style=\"flex-basis:66.66%\">\n<figure class=\"wp-block-image size-large\"><img decoding=\"async\" src=\"https:\/\/archive.org\/download\/enc-8-multimedia\/con-3-flavia_lucero-2019_2020-ciudad_juarez.jpg\" alt=\"\"\/><\/figure>\n<\/div>\n<\/div>\n\n\n\n<hr class=\"wp-block-separator\"\/>\n\n\n\n<div class=\"wp-block-columns alignwide are-vertically-aligned-center is-layout-flex wp-container-core-columns-is-layout-5 wp-block-columns-is-layout-flex\">\n<div class=\"wp-block-column is-vertically-aligned-center is-layout-flow wp-block-column-is-layout-flow\" style=\"flex-basis:66.66%\">\n<figure class=\"wp-block-image size-large\"><img decoding=\"async\" src=\"https:\/\/archive.org\/download\/enc-8-multimedia\/con-3-karen_muro-2019_2020-oaxaca_cdmx_el_paso.jpg\" alt=\"\"\/><\/figure>\n<\/div>\n\n\n\n<div class=\"wp-block-column is-vertically-aligned-center is-layout-flow wp-block-column-is-layout-flow\">\n<p><\/p>\n\n\n\n<p><strong>Death to the male<\/strong><\/p>\n\n\n\n<p style=\"font-size:15px\"><em><em>Karen Muro Arechiga<\/em>Mexico City, Mexico. February 2020.<\/em><\/p>\n\n\n\n<p>Outside of some classrooms in the <span class=\"small-caps\">unam<\/span> signs and banners were put up with legends addressing illegal and free abortion. One reads that the <span class=\"small-caps\">unam<\/span> does not protect women, but represses them.<\/p>\n<\/div>\n<\/div>\n\n\n\n<hr class=\"wp-block-separator\"\/>\n\n\n\n<div class=\"wp-block-columns alignwide is-layout-flex wp-container-core-columns-is-layout-6 wp-block-columns-is-layout-flex\">\n<div class=\"wp-block-column is-vertically-aligned-center is-layout-flow wp-block-column-is-layout-flow\">\n<p><strong>Respect for the uterus of others...<\/strong><\/p>\n\n\n\n<p style=\"font-size:15px\"><em><em>Adrian Enrique Garcia Mendoza<\/em>Ensenada, Mexico. September 30, 2020.<\/em><\/p>\n\n\n\n<p>Intervention made during the 2020 feminist march in the Plaza de las tres cabezas.<\/p>\n<\/div>\n\n\n\n<div class=\"wp-block-column is-layout-flow wp-block-column-is-layout-flow\" style=\"flex-basis:66.66%\">\n<figure class=\"wp-block-image size-large\"><img decoding=\"async\" src=\"https:\/\/archive.org\/download\/enc-8-multimedia\/con-3-adrian-enrique-garcia-mendoza-30-septiembre-2020.JPG\" alt=\"\"\/><\/figure>\n<\/div>\n<\/div>\n\n\n\n<hr class=\"wp-block-separator\"\/>\n\n\n\n<div class=\"wp-block-columns alignwide are-vertically-aligned-center is-layout-flex wp-container-core-columns-is-layout-7 wp-block-columns-is-layout-flex\">\n<div class=\"wp-block-column is-vertically-aligned-center is-layout-flow wp-block-column-is-layout-flow\" style=\"flex-basis:66.66%\">\n<figure class=\"wp-block-image size-large\"><img decoding=\"async\" src=\"https:\/\/archive.org\/download\/enc-8-multimedia\/con-3-yllich-escamilla-santiago-2021-cdmx-1.jpg\" alt=\"\"\/><\/figure>\n<\/div>\n\n\n\n<div class=\"wp-block-column is-vertically-aligned-center is-layout-flow wp-block-column-is-layout-flow\">\n<p><\/p>\n\n\n\n<p><strong>Genocida: neither forgiven nor forgotten!<\/strong><\/p>\n\n\n\n<p style=\"font-size:15px\"><em><em>Yllich Escamilla Santiago<\/em>Mexico City, Mexico. June 10, 2021.<\/em><\/p>\n\n\n\n<p>In the framework of the 50th anniversary of the massacre of June 10, 1971, also known as Halconazo, the house of former President Luis Echeverr\u00eda was part of the protest to demand justice.<\/p>\n<\/div>\n<\/div>\n\n\n\n<hr class=\"wp-block-separator\"\/>\n\n\n\n<div class=\"wp-block-columns alignwide is-layout-flex wp-container-core-columns-is-layout-8 wp-block-columns-is-layout-flex\">\n<div class=\"wp-block-column is-vertically-aligned-center is-layout-flow wp-block-column-is-layout-flow\">\n<p><strong>Flowers against oblivion<\/strong><\/p>\n\n\n\n<p style=\"font-size:15px\"><em><em>Thania Susana Ochoa Armenta<\/em>Mexico City, Mexico. March 8, 2021.<\/em><\/p>\n\n\n\n<p>As part of the International Women's Day march, the National Palace was covered with metal fences. In response, feminists created a memorial for victims of femicide.<\/p>\n<\/div>\n\n\n\n<div class=\"wp-block-column is-layout-flow wp-block-column-is-layout-flow\" style=\"flex-basis:66.66%\">\n<figure class=\"wp-block-image size-large\"><img decoding=\"async\" src=\"https:\/\/archive.org\/download\/enc-8-multimedia\/con-3-thania_ochoa-cdmx.jpg\" alt=\"\"\/><\/figure>\n<\/div>\n<\/div>\n\n\n\n<hr class=\"wp-block-separator\"\/>\n\n\n\n<div class=\"wp-block-columns alignwide are-vertically-aligned-center is-layout-flex wp-container-core-columns-is-layout-9 wp-block-columns-is-layout-flex\">\n<div class=\"wp-block-column is-vertically-aligned-center is-layout-flow wp-block-column-is-layout-flow\" style=\"flex-basis:66.66%\">\n<figure class=\"wp-block-image size-large\"><img decoding=\"async\" src=\"https:\/\/archive.org\/download\/enc-8-multimedia\/con-3-marcia-cabreira-03-07-21.jpg\" alt=\"\"\/><\/figure>\n<\/div>\n\n\n\n<div class=\"wp-block-column is-vertically-aligned-center is-layout-flow wp-block-column-is-layout-flow\">\n<p><\/p>\n\n\n\n<p><strong>\"Fora Bolsonaro\"<\/strong><\/p>\n\n\n\n<p style=\"font-size:15px\"><em><em>Marcia Cabreira<\/em>S\u00e3o Paulo, Brazil. July 3, 2021.<\/em><\/p>\n\n\n\n<p>Bolsonaro and other politicians of his government represented as convicts in the march for Bolsonaro's impeachment. The broken syringe represents the alleged corrupt practices of the government in the purchase of vaccines against the <span class=\"small-caps\">covid<\/span>-19.<\/p>\n<\/div>\n<\/div>\n\n\n\n<hr class=\"wp-block-separator\"\/>\n\n\n\n<div class=\"wp-block-columns alignwide is-layout-flex wp-container-core-columns-is-layout-10 wp-block-columns-is-layout-flex\">\n<div class=\"wp-block-column is-vertically-aligned-center is-layout-flow wp-block-column-is-layout-flow\">\n<p><strong>We are all immigrants<\/strong><\/p>\n\n\n\n<p style=\"font-size:15px\"><em><em>Ana de la Cueva<\/em>New York, <span class=\"small-caps\">USA<\/span>. January 2017.<\/em><\/p>\n\n\n\n<p>Women's March in New York, part of the women's rights movement and protests against Donald Trump. It was the largest protest since the mobilization against the Vietnam War in the 1960s and 1970s.<\/p>\n<\/div>\n\n\n\n<div class=\"wp-block-column is-layout-flow wp-block-column-is-layout-flow\" style=\"flex-basis:50%\">\n<figure class=\"wp-block-image size-large\"><img decoding=\"async\" src=\"https:\/\/archive.org\/download\/enc-8-multimedia\/con-3-ana_de_lacueva-nueva_york.jpeg\" alt=\"\"\/><\/figure>\n<\/div>\n<\/div>\n\n\n\n<hr class=\"wp-block-separator\"\/>\n\n\n\n<div class=\"wp-block-columns alignwide are-vertically-aligned-center is-layout-flex wp-container-core-columns-is-layout-11 wp-block-columns-is-layout-flex\">\n<div class=\"wp-block-column is-vertically-aligned-center is-layout-flow wp-block-column-is-layout-flow\" style=\"flex-basis:66.66%\">\n<figure class=\"wp-block-image size-large\"><img decoding=\"async\" src=\"https:\/\/archive.org\/download\/enc-8-multimedia\/con-3-jessica_trejo-2020_2021-cdmx.jpg\" alt=\"\"\/><\/figure>\n<\/div>\n\n\n\n<div class=\"wp-block-column is-vertically-aligned-center is-layout-flow wp-block-column-is-layout-flow\">\n<p><\/p>\n\n\n\n<p><strong>Do not forget their names<\/strong><\/p>\n\n\n\n<p style=\"font-size:15px\"><em><em>Jessica Trejo Gomez<\/em>Mexico City, Mexico. March 2021.<\/em><\/p>\n\n\n\n<p>Intervention at the National Palace, venue of the Generation of Equality Forum, to make the names and lives of women visible to the federal government.<\/p>\n<\/div>\n<\/div>\n\n\n\n<hr class=\"wp-block-separator\"\/>\n\n\n\n<div class=\"wp-block-columns alignwide is-layout-flex wp-container-core-columns-is-layout-12 wp-block-columns-is-layout-flex\">\n<div class=\"wp-block-column is-vertically-aligned-center is-layout-flow wp-block-column-is-layout-flow\">\n<p><strong>The human rights of women over the rights to culture<\/strong><\/p>\n\n\n\n<p style=\"font-size:15px\"><em><em>Leonardo Rebollar Ruelas<\/em>Colima, Mexico. August 16, 2021.<\/em><\/p>\n\n\n\n<p>In the center of Colima is located the rehabilitation of a building formerly used as the state government palace. During the 8M protests, a protective wall was erected to demand women's human rights in the face of femicides and cases of disappearances.&nbsp;<\/p>\n<\/div>\n\n\n\n<div class=\"wp-block-column is-layout-flow wp-block-column-is-layout-flow\" style=\"flex-basis:50%\">\n<figure class=\"wp-block-image size-large\"><img decoding=\"async\" src=\"https:\/\/archive.org\/download\/enc-8-multimedia\/con-3-leonardo-rebollar-16-08-2021-colima.jpg\" alt=\"\"\/><\/figure>\n<\/div>\n<\/div>\n\n\n\n<hr class=\"wp-block-separator\"\/>\n\n\n\n<div class=\"wp-block-columns alignwide are-vertically-aligned-center is-layout-flex wp-container-core-columns-is-layout-13 wp-block-columns-is-layout-flex\">\n<div class=\"wp-block-column is-vertically-aligned-center is-layout-flow wp-block-column-is-layout-flow\" style=\"flex-basis:66.66%\">\n<figure class=\"wp-block-image size-large\"><img decoding=\"async\" src=\"https:\/\/archive.org\/download\/enc-8-multimedia\/con-3-juan_antonio_del_monte-julio-2021.jpg\" alt=\"\"\/><\/figure>\n<\/div>\n\n\n\n<div class=\"wp-block-column is-vertically-aligned-center is-layout-flow wp-block-column-is-layout-flow\">\n<p><\/p>\n\n\n\n<p><strong>Deported artists presenting the Playas de Tijuana Mural Project<\/strong><\/p>\n\n\n\n<p style=\"font-size:15px\"><em><em>Juan Antonio del Monte Madrigal<\/em>Tijuana, Mexico. July 2021.<\/em><\/p>\n\n\n\n<p>Deported artists (Chris Cuauhtli, Tania Mendoza, Javier Salazar and Jos\u00e9 \u00c1vila), coordinated by artist-academic Liz Santana, offer a speech in Tijuana after painting on the border wall their faces and QR codes with their deportation stories as a form of visibilization and resistance against the hardening of immigration policies.<\/p>\n<\/div>\n<\/div>\n\n\n\n<hr class=\"wp-block-separator\"\/>\n\n\n\n<div class=\"wp-block-columns alignwide is-layout-flex wp-container-core-columns-is-layout-14 wp-block-columns-is-layout-flex\">\n<div class=\"wp-block-column is-vertically-aligned-center is-layout-flow wp-block-column-is-layout-flow\">\n<p><strong><strong>Ungovernable<\/strong><\/strong><\/p>\n\n\n\n<p style=\"font-size:15px\"><em><em>Malely Linares S\u00e1nchez<\/em>Mexico City, Mexico. March 8, 2019.<\/em><\/p>\n\n\n\n<p>Symbolic act in the march #8M.<br><\/p>\n<\/div>\n\n\n\n<div class=\"wp-block-column is-layout-flow wp-block-column-is-layout-flow\" style=\"flex-basis:66.66%\">\n<figure class=\"wp-block-image size-large\"><img decoding=\"async\" src=\"https:\/\/archive.org\/download\/enc-8-multimedia\/con-3-malely_linares-2019_2020_2021-bogota_cdmx-2.JPG\" alt=\"\"\/><\/figure>\n<\/div>\n<\/div>\n\n\n\n<hr class=\"wp-block-separator\"\/>\n\n\n\n<div class=\"wp-block-columns alignwide are-vertically-aligned-center is-layout-flex wp-container-core-columns-is-layout-15 wp-block-columns-is-layout-flex\">\n<div class=\"wp-block-column is-vertically-aligned-center is-layout-flow wp-block-column-is-layout-flow\" style=\"flex-basis:50%\">\n<figure class=\"wp-block-image size-large\"><img decoding=\"async\" src=\"https:\/\/archive.org\/download\/enc-8-multimedia\/con-3-yllich-escamilla-santiago-2021-cdmx-2.jpg\" alt=\"\"\/><\/figure>\n<\/div>\n\n\n\n<div class=\"wp-block-column is-vertically-aligned-center is-layout-flow wp-block-column-is-layout-flow\">\n<p><\/p>\n\n\n\n<p><strong><strong>Madero under siege<\/strong><\/strong><\/p>\n\n\n\n<p style=\"font-size:15px\"><em><em>Yllich Escamilla Santiago<\/em>Mexico City, Mexico. August 1, 2020.<\/em><\/p>\n\n\n\n<p>The government of Mexico City locked up the statue of Francisco I. Madero, by Javier Mar\u00edn, preventing it from being used in feminist protests against gender violence.<br><\/p>\n<\/div>\n<\/div>\n\n\n\n<hr class=\"wp-block-separator\"\/>\n\n\n\n<div class=\"wp-block-columns alignwide is-layout-flex wp-container-core-columns-is-layout-16 wp-block-columns-is-layout-flex\">\n<div class=\"wp-block-column is-vertically-aligned-center is-layout-flow wp-block-column-is-layout-flow\">\n<p><strong><strong><strong>Memory clothesline<\/strong><\/strong><\/strong><\/p>\n\n\n\n<p style=\"font-size:15px\"><em><em>Reyna Lizeth Hern\u00e1ndez Mill\u00e1n<\/em>Nezahualcoyotl, Mexico. March 8, 2020.<\/em><\/p>\n\n\n\n<p>The collective Vivas en la Memoria installed and marched with a clothesline of embroidered canvases, where the feminicides of localities of the periphery such as Neza, Ecatepec, Chimalhuac\u00e1n were recorded.<br><\/p>\n<\/div>\n\n\n\n<div class=\"wp-block-column is-layout-flow wp-block-column-is-layout-flow\" style=\"flex-basis:66.66%\">\n<figure class=\"wp-block-image size-large\"><img decoding=\"async\" src=\"https:\/\/archive.org\/download\/enc-8-multimedia\/con-3-lizeth_hdez_millan-8_03_2020-cdmx_edomex.jpg\" alt=\"\"\/><\/figure>\n<\/div>\n<\/div>\n\n\n\n<hr class=\"wp-block-separator\"\/>\n\n\n\n<div class=\"wp-block-columns alignwide are-vertically-aligned-center is-layout-flex wp-container-core-columns-is-layout-17 wp-block-columns-is-layout-flex\">\n<div class=\"wp-block-column is-vertically-aligned-center is-layout-flow wp-block-column-is-layout-flow\" style=\"flex-basis:66.66%\">\n<figure class=\"wp-block-image size-large\"><img decoding=\"async\" src=\"https:\/\/archive.org\/download\/enc-8-multimedia\/con-3-santiago_basos-gdl.JPG\" alt=\"\"\/><\/figure>\n<\/div>\n\n\n\n<div class=\"wp-block-column is-vertically-aligned-center is-layout-flow wp-block-column-is-layout-flow\">\n<p><strong><strong>Traffic circle of the missing and the disappeared<\/strong><\/strong><\/p>\n\n\n\n<p style=\"font-size:15px\"><em><em><em><em>Santiago Bastos<\/em><\/em><\/em>, Guadalajara, Mexico. May 5, 2018.<\/em><\/p>\n\n\n\n<p>The Glorieta de Ni\u00f1os H\u00e9roes in Guadalajara is located at the end of the busy Paseo de Chapultepec. When the disappearances began to be an overwhelming issue for many families in Jalisco, this traffic circle was one of the places chosen to end marches and hold rallies. The base of the monument to the motherland was continuously filled with posters, until in 2018 the one you see in the photograph appeared. Since then, that is the Glorieta de las y los Desaparecidos, to all intents and purposes.<\/p>\n<\/div>\n<\/div>\n\n\n\n<hr class=\"wp-block-separator\"\/>\n\n\n\n<div class=\"wp-block-columns alignwide is-layout-flex wp-container-core-columns-is-layout-18 wp-block-columns-is-layout-flex\">\n<div class=\"wp-block-column is-vertically-aligned-center is-layout-flow wp-block-column-is-layout-flow\">\n<p><strong><strong><strong><strong>Monumenta intervened<\/strong><\/strong><\/strong><\/strong><\/p>\n\n\n\n<p style=\"font-size:15px\"><em><em><em><em>Malely Linares S\u00e1nchez<\/em>Mexico City, Mexico. March 8, 2019.<\/em><\/em><\/em><\/p>\n\n\n\n<p>Symbolic act at the #8M March<br><\/p>\n<\/div>\n\n\n\n<div class=\"wp-block-column is-layout-flow wp-block-column-is-layout-flow\" style=\"flex-basis:66.66%\">\n<figure class=\"wp-block-image size-large\"><img decoding=\"async\" src=\"https:\/\/archive.org\/download\/enc-8-multimedia\/con-3-malely_linares-2019_2020_2021-bogota_cdmx-1.JPG\" alt=\"\"\/><\/figure>\n<\/div>\n<\/div>\n\n\n\n<hr class=\"wp-block-separator\"\/>\n\n\n\n<div class=\"wp-block-columns alignwide are-vertically-aligned-center is-layout-flex wp-container-core-columns-is-layout-19 wp-block-columns-is-layout-flex\">\n<div class=\"wp-block-column is-vertically-aligned-center is-layout-flow wp-block-column-is-layout-flow\" style=\"flex-basis:66.66%\">\n<figure class=\"wp-block-image size-large\"><img decoding=\"async\" src=\"https:\/\/archive.org\/download\/enc-8-multimedia\/con-3-alexa_macias-tijuana-29-04-2018-08-03-2021-08-10-2021.jpg\" alt=\"\"\/><\/figure>\n<\/div>\n\n\n\n<div class=\"wp-block-column is-vertically-aligned-center is-layout-flow wp-block-column-is-layout-flow\">\n<p><strong><strong>We want to be free; free and without fear<\/strong><\/strong><\/p>\n\n\n\n<p style=\"font-size:15px\"><em><em><em><em>Priscilla Alexa Macias Mojica<\/em><\/em><\/em>Tijuana, Mexico. August 08, 2021.<\/em><\/p>\n\n\n\n<p>Women in defense of the right to decide gather at Mexico's \"Las Tijeras\" monument to commemorate the arrival of the green tide in Mexico.<\/p>\n<\/div>\n<\/div>","protected":false},"excerpt":{"rendered":"<p>Todos los seres humanos tenemos una dimensi\u00f3n espacial. Dicha condici\u00f3n se encuentra \u00edntimamente ligada a nuestras formas colectivas de pensar, sentir y actuar en el mundo; es por este motivo que los espacios p\u00fablicos que habitamos y transitamos como parte de nuestras vidas cotidianas se convierten constantemente en escenarios en disputa, no solo en sus [&hellip;]<\/p>\n","protected":false},"featured_media":35269,"menu_order":0,"comment_status":"open","ping_status":"closed","template":"templates\/template-cover.php","class_list":["post-35268","ensayos-fotograficos","type-ensayos-fotograficos","status-publish","has-post-thumbnail","hentry"],"acf":[],"yoast_head":"<!-- This site is optimized with the Yoast SEO plugin v22.2 - https:\/\/yoast.com\/wordpress\/plugins\/seo\/ -->\n<title>Intervenciones perform\u00e1ticas disidentes en los espacios p\u00fablicos &#8211; Encartes<\/title>\n<meta name=\"robots\" content=\"index, follow, max-snippet:-1, max-image-preview:large, max-video-preview:-1\" \/>\n<link rel=\"canonical\" href=\"https:\/\/encartes.mx\/en\/ensayos-fotograficos\/intervenciones-performances-disidencia-espacios-publicos\/\" \/>\n<meta property=\"og:locale\" content=\"en_US\" \/>\n<meta property=\"og:type\" content=\"article\" \/>\n<meta property=\"og:title\" content=\"Intervenciones perform\u00e1ticas disidentes en los espacios p\u00fablicos &#8211; Encartes\" \/>\n<meta property=\"og:description\" content=\"Todos los seres humanos tenemos una dimensi\u00f3n espacial. Dicha condici\u00f3n se encuentra \u00edntimamente ligada a nuestras formas colectivas de pensar, sentir y actuar en el mundo; es por este motivo que los espacios p\u00fablicos que habitamos y transitamos como parte de nuestras vidas cotidianas se convierten constantemente en escenarios en disputa, no solo en sus [&hellip;]\" \/>\n<meta property=\"og:url\" content=\"https:\/\/encartes.mx\/en\/ensayos-fotograficos\/intervenciones-performances-disidencia-espacios-publicos\/\" \/>\n<meta property=\"og:site_name\" content=\"Encartes\" \/>\n<meta property=\"article:modified_time\" content=\"2022-09-09T21:40:55+00:00\" \/>\n<meta property=\"og:image\" content=\"https:\/\/encartes.mx\/wp-content\/uploads\/2021\/09\/con-3-thania_ochoa-cdmx.jpg\" \/>\n\t<meta property=\"og:image:width\" content=\"1200\" \/>\n\t<meta property=\"og:image:height\" content=\"800\" \/>\n\t<meta property=\"og:image:type\" content=\"image\/jpeg\" \/>\n<meta name=\"twitter:card\" content=\"summary_large_image\" \/>\n<meta name=\"twitter:label1\" content=\"Est. reading time\" \/>\n\t<meta name=\"twitter:data1\" content=\"10 minutes\" \/>\n\t<meta name=\"twitter:label2\" content=\"Written by\" \/>\n\t<meta name=\"twitter:data2\" content=\"Arthur Ventura\" \/>\n<script type=\"application\/ld+json\" class=\"yoast-schema-graph\">{\"@context\":\"https:\/\/schema.org\",\"@graph\":[{\"@type\":\"WebPage\",\"@id\":\"https:\/\/encartes.mx\/ensayos-fotograficos\/intervenciones-performances-disidencia-espacios-publicos\/\",\"url\":\"https:\/\/encartes.mx\/ensayos-fotograficos\/intervenciones-performances-disidencia-espacios-publicos\/\",\"name\":\"Intervenciones perform\u00e1ticas disidentes en los espacios p\u00fablicos &#8211; Encartes\",\"isPartOf\":{\"@id\":\"https:\/\/encartes.mx\/#website\"},\"primaryImageOfPage\":{\"@id\":\"https:\/\/encartes.mx\/ensayos-fotograficos\/intervenciones-performances-disidencia-espacios-publicos\/#primaryimage\"},\"image\":{\"@id\":\"https:\/\/encartes.mx\/ensayos-fotograficos\/intervenciones-performances-disidencia-espacios-publicos\/#primaryimage\"},\"thumbnailUrl\":\"https:\/\/encartes.mx\/wp-content\/uploads\/2021\/09\/con-3-thania_ochoa-cdmx.jpg\",\"datePublished\":\"2021-09-20T21:45:10+00:00\",\"dateModified\":\"2022-09-09T21:40:55+00:00\",\"breadcrumb\":{\"@id\":\"https:\/\/encartes.mx\/ensayos-fotograficos\/intervenciones-performances-disidencia-espacios-publicos\/#breadcrumb\"},\"inLanguage\":\"en-US\",\"potentialAction\":[{\"@type\":\"ReadAction\",\"target\":[\"https:\/\/encartes.mx\/ensayos-fotograficos\/intervenciones-performances-disidencia-espacios-publicos\/\"]}]},{\"@type\":\"ImageObject\",\"inLanguage\":\"en-US\",\"@id\":\"https:\/\/encartes.mx\/ensayos-fotograficos\/intervenciones-performances-disidencia-espacios-publicos\/#primaryimage\",\"url\":\"https:\/\/encartes.mx\/wp-content\/uploads\/2021\/09\/con-3-thania_ochoa-cdmx.jpg\",\"contentUrl\":\"https:\/\/encartes.mx\/wp-content\/uploads\/2021\/09\/con-3-thania_ochoa-cdmx.jpg\",\"width\":1200,\"height\":800},{\"@type\":\"BreadcrumbList\",\"@id\":\"https:\/\/encartes.mx\/ensayos-fotograficos\/intervenciones-performances-disidencia-espacios-publicos\/#breadcrumb\",\"itemListElement\":[{\"@type\":\"ListItem\",\"position\":1,\"name\":\"Home\",\"item\":\"https:\/\/encartes.mx\/\"},{\"@type\":\"ListItem\",\"position\":2,\"name\":\"Ensayos fotogr\u00e1ficos\",\"item\":\"https:\/\/encartes.mx\/ensayos-fotograficos\/\"},{\"@type\":\"ListItem\",\"position\":3,\"name\":\"Intervenciones perform\u00e1ticas disidentes en los espacios p\u00fablicos\"}]},{\"@type\":\"WebSite\",\"@id\":\"https:\/\/encartes.mx\/#website\",\"url\":\"https:\/\/encartes.mx\/\",\"name\":\"Encartes\",\"description\":\"Revista digital multimedia\",\"publisher\":{\"@id\":\"https:\/\/encartes.mx\/#organization\"},\"potentialAction\":[{\"@type\":\"SearchAction\",\"target\":{\"@type\":\"EntryPoint\",\"urlTemplate\":\"https:\/\/encartes.mx\/?s={search_term_string}\"},\"query-input\":\"required name=search_term_string\"}],\"inLanguage\":\"en-US\"},{\"@type\":\"Organization\",\"@id\":\"https:\/\/encartes.mx\/#organization\",\"name\":\"Encartes Antropol\u00f3gicos\",\"url\":\"https:\/\/encartes.mx\/\",\"logo\":{\"@type\":\"ImageObject\",\"inLanguage\":\"en-US\",\"@id\":\"https:\/\/encartes.mx\/#\/schema\/logo\/image\/\",\"url\":\"https:\/\/encartes.mx\/wp-content\/uploads\/2017\/04\/Logo-04.png\",\"contentUrl\":\"https:\/\/encartes.mx\/wp-content\/uploads\/2017\/04\/Logo-04.png\",\"width\":338,\"height\":306,\"caption\":\"Encartes Antropol\u00f3gicos\"},\"image\":{\"@id\":\"https:\/\/encartes.mx\/#\/schema\/logo\/image\/\"}}]}<\/script>\n<!-- \/ Yoast SEO plugin. -->","yoast_head_json":{"title":"Intervenciones perform\u00e1ticas disidentes en los espacios p\u00fablicos &#8211; Encartes","robots":{"index":"index","follow":"follow","max-snippet":"max-snippet:-1","max-image-preview":"max-image-preview:large","max-video-preview":"max-video-preview:-1"},"canonical":"https:\/\/encartes.mx\/en\/ensayos-fotograficos\/intervenciones-performances-disidencia-espacios-publicos\/","og_locale":"en_US","og_type":"article","og_title":"Intervenciones perform\u00e1ticas disidentes en los espacios p\u00fablicos &#8211; Encartes","og_description":"Todos los seres humanos tenemos una dimensi\u00f3n espacial. Dicha condici\u00f3n se encuentra \u00edntimamente ligada a nuestras formas colectivas de pensar, sentir y actuar en el mundo; es por este motivo que los espacios p\u00fablicos que habitamos y transitamos como parte de nuestras vidas cotidianas se convierten constantemente en escenarios en disputa, no solo en sus [&hellip;]","og_url":"https:\/\/encartes.mx\/en\/ensayos-fotograficos\/intervenciones-performances-disidencia-espacios-publicos\/","og_site_name":"Encartes","article_modified_time":"2022-09-09T21:40:55+00:00","og_image":[{"width":1200,"height":800,"url":"https:\/\/encartes.mx\/wp-content\/uploads\/2021\/09\/con-3-thania_ochoa-cdmx.jpg","type":"image\/jpeg"}],"twitter_card":"summary_large_image","twitter_misc":{"Est. reading time":"10 minutes","Written by":"Arthur Ventura"},"schema":{"@context":"https:\/\/schema.org","@graph":[{"@type":"WebPage","@id":"https:\/\/encartes.mx\/ensayos-fotograficos\/intervenciones-performances-disidencia-espacios-publicos\/","url":"https:\/\/encartes.mx\/ensayos-fotograficos\/intervenciones-performances-disidencia-espacios-publicos\/","name":"Intervenciones perform\u00e1ticas disidentes en los espacios p\u00fablicos &#8211; Encartes","isPartOf":{"@id":"https:\/\/encartes.mx\/#website"},"primaryImageOfPage":{"@id":"https:\/\/encartes.mx\/ensayos-fotograficos\/intervenciones-performances-disidencia-espacios-publicos\/#primaryimage"},"image":{"@id":"https:\/\/encartes.mx\/ensayos-fotograficos\/intervenciones-performances-disidencia-espacios-publicos\/#primaryimage"},"thumbnailUrl":"https:\/\/encartes.mx\/wp-content\/uploads\/2021\/09\/con-3-thania_ochoa-cdmx.jpg","datePublished":"2021-09-20T21:45:10+00:00","dateModified":"2022-09-09T21:40:55+00:00","breadcrumb":{"@id":"https:\/\/encartes.mx\/ensayos-fotograficos\/intervenciones-performances-disidencia-espacios-publicos\/#breadcrumb"},"inLanguage":"en-US","potentialAction":[{"@type":"ReadAction","target":["https:\/\/encartes.mx\/ensayos-fotograficos\/intervenciones-performances-disidencia-espacios-publicos\/"]}]},{"@type":"ImageObject","inLanguage":"en-US","@id":"https:\/\/encartes.mx\/ensayos-fotograficos\/intervenciones-performances-disidencia-espacios-publicos\/#primaryimage","url":"https:\/\/encartes.mx\/wp-content\/uploads\/2021\/09\/con-3-thania_ochoa-cdmx.jpg","contentUrl":"https:\/\/encartes.mx\/wp-content\/uploads\/2021\/09\/con-3-thania_ochoa-cdmx.jpg","width":1200,"height":800},{"@type":"BreadcrumbList","@id":"https:\/\/encartes.mx\/ensayos-fotograficos\/intervenciones-performances-disidencia-espacios-publicos\/#breadcrumb","itemListElement":[{"@type":"ListItem","position":1,"name":"Home","item":"https:\/\/encartes.mx\/"},{"@type":"ListItem","position":2,"name":"Ensayos fotogr\u00e1ficos","item":"https:\/\/encartes.mx\/ensayos-fotograficos\/"},{"@type":"ListItem","position":3,"name":"Intervenciones perform\u00e1ticas disidentes en los espacios p\u00fablicos"}]},{"@type":"WebSite","@id":"https:\/\/encartes.mx\/#website","url":"https:\/\/encartes.mx\/","name":"Encartes","description":"Multimedia digital magazine","publisher":{"@id":"https:\/\/encartes.mx\/#organization"},"potentialAction":[{"@type":"SearchAction","target":{"@type":"EntryPoint","urlTemplate":"https:\/\/encartes.mx\/?s={search_term_string}"},"query-input":"required name=search_term_string"}],"inLanguage":"en-US"},{"@type":"Organization","@id":"https:\/\/encartes.mx\/#organization","name":"Anthropological Inserts","url":"https:\/\/encartes.mx\/","logo":{"@type":"ImageObject","inLanguage":"en-US","@id":"https:\/\/encartes.mx\/#\/schema\/logo\/image\/","url":"https:\/\/encartes.mx\/wp-content\/uploads\/2017\/04\/Logo-04.png","contentUrl":"https:\/\/encartes.mx\/wp-content\/uploads\/2017\/04\/Logo-04.png","width":338,"height":306,"caption":"Encartes Antropol\u00f3gicos"},"image":{"@id":"https:\/\/encartes.mx\/#\/schema\/logo\/image\/"}}]}},"jetpack_sharing_enabled":true,"_links":{"self":[{"href":"https:\/\/encartes.mx\/en\/wp-json\/wp\/v2\/ensayos-fotograficos\/35268","targetHints":{"allow":["GET"]}}],"collection":[{"href":"https:\/\/encartes.mx\/en\/wp-json\/wp\/v2\/ensayos-fotograficos"}],"about":[{"href":"https:\/\/encartes.mx\/en\/wp-json\/wp\/v2\/types\/ensayos-fotograficos"}],"replies":[{"embeddable":true,"href":"https:\/\/encartes.mx\/en\/wp-json\/wp\/v2\/comments?post=35268"}],"wp:featuredmedia":[{"embeddable":true,"href":"https:\/\/encartes.mx\/en\/wp-json\/wp\/v2\/media\/35269"}],"wp:attachment":[{"href":"https:\/\/encartes.mx\/en\/wp-json\/wp\/v2\/media?parent=35268"}],"curies":[{"name":"wp","href":"https:\/\/api.w.org\/{rel}","templated":true}]}}